{"id":782,"date":"2019-04-02T08:19:29","date_gmt":"2019-04-02T08:19:29","guid":{"rendered":"http:\/\/www.impc.fr\/?page_id=782"},"modified":"2025-11-26T15:07:56","modified_gmt":"2025-11-26T15:07:56","slug":"womens-and-childrens-imaging","status":"publish","type":"page","link":"https:\/\/www.impc.fr\/en\/imagerie-femme-et-enfant\/","title":{"rendered":"Women's and Children's Imaging Department"},"content":{"rendered":"<p>[et_pb_section fb_built=\u00a0\u00bb1&Prime; custom_padding_last_edited=\u00a0\u00bbon|phone\u00a0\u00bb _builder_version=\u00a0\u00bb4.27.4&Prime; _module_preset=\u00a0\u00bbdefault\u00a0\u00bb custom_padding=\u00a0\u00bb5px||8px||false|false\u00a0\u00bb custom_padding_tablet=\u00a0\u00bb49px||||false|false\u00a0\u00bb custom_padding_phone=\u00a0\u00bb0px||||false|false\u00a0\u00bb locked=\u00a0\u00bboff\u00a0\u00bb global_colors_info=\u00a0\u00bb{}\u00a0\u00bb][et_pb_row column_structure=\u00a0\u00bb1_2,1_2&Prime; use_custom_gutter=\u00a0\u00bbon\u00a0\u00bb gutter_width=\u00a0\u00bb4&Prime; custom_padding_last_edited=\u00a0\u00bbon|phone\u00a0\u00bb _builder_version=\u00a0\u00bb4.27.4&Prime; _module_preset=\u00a0\u00bbdefault\u00a0\u00bb width=\u00a0\u00bb70%\u00a0\u00bb width_tablet=\u00a0\u00bb92%\u00a0\u00bb width_phone=\u00a0\u00bb95%\u00a0\u00bb width_last_edited=\u00a0\u00bbon|phone\u00a0\u00bb max_width=\u00a0\u00bb100%\u00a0\u00bb custom_margin_tablet=\u00a0\u00bb\u00a0\u00bb custom_margin_phone=\u00a0\u00bb0px||0px||false|false\u00a0\u00bb custom_margin_last_edited=\u00a0\u00bbon|phone\u00a0\u00bb custom_padding=\u00a0\u00bb|||15px|false|false\u00a0\u00bb custom_padding_tablet=\u00a0\u00bb|||15px|false|false\u00a0\u00bb custom_padding_phone=\u00a0\u00bb|||0px|false|false\u00a0\u00bb make_fullwidth=\u00a0\u00bbon\u00a0\u00bb global_colors_info=\u00a0\u00bb{}\u00a0\u00bb][et_pb_column type=\u00a0\u00bb1_2&Prime; _builder_version=\u00a0\u00bb4.27.4&Prime; _module_preset=\u00a0\u00bbdefault\u00a0\u00bb custom_padding=\u00a0\u00bb|0px||0px|false|false\u00a0\u00bb global_colors_info=\u00a0\u00bb{}\u00a0\u00bb custom_padding__hover=\u00a0\u00bb|||\u00a0\u00bb][et_pb_text admin_label=\u00a0\u00bbTitle\u00a0\u00bb _builder_version=\u00a0\u00bb4.27.4&Prime; _module_preset=\u00a0\u00bbdefault\u00a0\u00bb text_font=\u00a0\u00bb&#8211;et_global_body_font||||||||\u00a0\u00bb text_text_color=\u00a0\u00bb#000000&Prime; text_font_size=\u00a0\u00bb20px\u00a0\u00bb header_font=\u00a0\u00bbMontserrat|600|||||||\u00a0\u00bb header_text_color=\u00a0\u00bb#007bff\u00a0\u00bb header_font_size=\u00a0\u00bb36px\u00a0\u00bb header_line_height=\u00a0\u00bb1.1em\u00a0\u00bb header_2_font=\u00a0\u00bbMontserrat||||||||\u00a0\u00bb header_2_text_color=\u00a0\u00bb#ffffff\u00a0\u00bb header_2_font_size=\u00a0\u00bb42px\u00a0\u00bb header_2_letter_spacing=\u00a0\u00bb11px\u00a0\u00bb header_3_font=\u00a0\u00bb||||||||\u00a0\u00bb header_3_text_color=\u00a0\u00bb#ffcc00&Prime; header_3_font_size=\u00a0\u00bb28px\u00a0\u00bb background_layout=\u00a0\u00bbdark\u00a0\u00bb custom_margin=\u00a0\u00bb9px||79px||false|true\u00a0\u00bb custom_margin_tablet=\u00a0\u00bb9px||20px||false|true\u00a0\u00bb custom_margin_phone=\u00a0\u00bb0px|0px|8px|0px|false|true\u00a0\u00bb custom_margin_last_edited=\u00a0\u00bbon|phone\u00a0\u00bb custom_padding=\u00a0\u00bb|0px||0px|false|false\u00a0\u00bb animation_style=\u00a0\u00bbzoom\u00a0\u00bb animation_direction=\u00a0\u00bbleft\u00a0\u00bb animation_intensity_zoom=\u00a0\u00bb10%\u00a0\u00bb hover_enabled=\u00a0\u00bb0&Prime; text_font_size_tablet=\u00a0\u00bb20px\u00a0\u00bb text_font_size_phone=\u00a0\u00bb15px\u00a0\u00bb text_font_size_last_edited=\u00a0\u00bbon|phone\u00a0\u00bb header_font_size_tablet=\u00a0\u00bb\u00a0\u00bb header_font_size_phone=\u00a0\u00bb29px\u00a0\u00bb header_font_size_last_edited=\u00a0\u00bbon|phone\u00a0\u00bb global_colors_info=\u00a0\u00bb{}\u00a0\u00bb sticky_enabled=\u00a0\u00bb0&Prime;]<\/p>\n<h1 style=\"text-align: left;\">Imagerie de la femme et de l&rsquo;enfant<\/h1>\n<p>L&rsquo;imagerie de la femme et de l&rsquo;enfant: un p\u00f4le d&rsquo;excellence IMPC<\/p>\n<p>[\/et_pb_text][et_pb_image src=\u00a0\u00bbhttps:\/\/www.impc.fr\/wp-content\/uploads\/2025\/06\/shutterstock_2312256919-scaled.jpg\u00a0\u00bb alt=\u00a0\u00bbimagerie femme enfant \u00e0 Paris\u00a0\u00bb title_text=\u00a0\u00bbimagerie femme enfant\u00a0\u00bb disabled_on=\u00a0\u00bboff|off|on\u00a0\u00bb _builder_version=\u00a0\u00bb4.27.4&Prime; _module_preset=\u00a0\u00bbdefault\u00a0\u00bb custom_margin=\u00a0\u00bb17px||||false|false\u00a0\u00bb custom_margin_tablet=\u00a0\u00bb29px||||false|false\u00a0\u00bb custom_margin_phone=\u00a0\u00bb0px|||0px|false|false\u00a0\u00bb custom_margin_last_edited=\u00a0\u00bbon|desktop\u00a0\u00bb hover_enabled=\u00a0\u00bb0&Prime; global_colors_info=\u00a0\u00bb{}\u00a0\u00bb sticky_enabled=\u00a0\u00bb0&Prime;][\/et_pb_image][et_pb_blurb title=\u00a0\u00bbRDV en ligne sur Doctolib\u00a0\u00bb use_icon=\u00a0\u00bbon\u00a0\u00bb font_icon=\u00a0\u00bb&#xe023;||divi||400&Prime; icon_color=\u00a0\u00bb#282828&Prime; icon_placement=\u00a0\u00bbleft\u00a0\u00bb image_icon_width=\u00a0\u00bb70px\u00a0\u00bb content_max_width=\u00a0\u00bb105%\u00a0\u00bb icon_placement_tablet=\u00a0\u00bbleft\u00a0\u00bb icon_placement_phone=\u00a0\u00bbleft\u00a0\u00bb icon_placement_last_edited=\u00a0\u00bbon|phone\u00a0\u00bb image_icon_width_tablet=\u00a0\u00bb70px\u00a0\u00bb image_icon_width_phone=\u00a0\u00bb35px\u00a0\u00bb image_icon_width_last_edited=\u00a0\u00bbon|phone\u00a0\u00bb _builder_version=\u00a0\u00bb4.27.4&Prime; _module_preset=\u00a0\u00bbdefault\u00a0\u00bb header_level=\u00a0\u00bbh2&Prime; header_font=\u00a0\u00bb&#8211;et_global_heading_font|700||on|||||\u00a0\u00bb header_text_align=\u00a0\u00bbleft\u00a0\u00bb header_text_color=\u00a0\u00bb#282828&Prime; header_font_size=\u00a0\u00bb24px\u00a0\u00bb body_font=\u00a0\u00bb&#8211;et_global_body_font||||||||\u00a0\u00bb body_text_color=\u00a0\u00bb#424242&Prime; body_font_size=\u00a0\u00bb17px\u00a0\u00bb body_line_height=\u00a0\u00bb1.6em\u00a0\u00bb background_color=\u00a0\u00bbRGBA(255,255,255,0)\u00a0\u00bb image_icon_custom_margin=\u00a0\u00bb-10px||||false|false\u00a0\u00bb image_icon_custom_margin_tablet=\u00a0\u00bb-10px||||false|false\u00a0\u00bb image_icon_custom_margin_phone=\u00a0\u00bb-10px||||false|false\u00a0\u00bb image_icon_custom_margin_last_edited=\u00a0\u00bbon|desktop\u00a0\u00bb width=\u00a0\u00bb100%\u00a0\u00bb width_tablet=\u00a0\u00bb89%\u00a0\u00bb width_phone=\u00a0\u00bb100%\u00a0\u00bb width_last_edited=\u00a0\u00bbon|tablet\u00a0\u00bb module_alignment=\u00a0\u00bbcenter\u00a0\u00bb custom_margin=\u00a0\u00bb0px||35px|0px|false|false\u00a0\u00bb custom_margin_tablet=\u00a0\u00bb-16px||0px||false|false\u00a0\u00bb custom_margin_phone=\u00a0\u00bb0px||0px|0px|false|false\u00a0\u00bb custom_margin_last_edited=\u00a0\u00bbon|desktop\u00a0\u00bb custom_padding=\u00a0\u00bb0px||0px|3px|true|false\u00a0\u00bb custom_padding_tablet=\u00a0\u00bb40px||40px|39px|true|false\u00a0\u00bb custom_padding_phone=\u00a0\u00bb17px||17px|0px|true|false\u00a0\u00bb custom_padding_last_edited=\u00a0\u00bbon|phone\u00a0\u00bb hover_enabled=\u00a0\u00bb0&Prime; header_text_align_tablet=\u00a0\u00bbleft\u00a0\u00bb header_text_align_phone=\u00a0\u00bbleft\u00a0\u00bb header_text_align_last_edited=\u00a0\u00bbon|phone\u00a0\u00bb header_font_size_tablet=\u00a0\u00bb24px\u00a0\u00bb header_font_size_phone=\u00a0\u00bb18px\u00a0\u00bb header_font_size_last_edited=\u00a0\u00bbon|phone\u00a0\u00bb body_font_size_tablet=\u00a0\u00bb17px\u00a0\u00bb body_font_size_phone=\u00a0\u00bb12px\u00a0\u00bb body_font_size_last_edited=\u00a0\u00bbon|phone\u00a0\u00bb border_width_all_image=\u00a0\u00bb0px\u00a0\u00bb locked=\u00a0\u00bboff\u00a0\u00bb global_colors_info=\u00a0\u00bb{}\u00a0\u00bb sticky_enabled=\u00a0\u00bb0&Prime;]<\/p>\n<p>Prenez rendez-vous pour un \u00e9chographie dans nos centres<\/p>\n<p>[\/et_pb_blurb][et_pb_text _builder_version=\u00a0\u00bb4.27.4&Prime; _module_preset=\u00a0\u00bbdefault\u00a0\u00bb text_font=\u00a0\u00bb|700|||||||\u00a0\u00bb text_text_color=\u00a0\u00bb#FFFFFF\u00a0\u00bb text_font_size=\u00a0\u00bb18px\u00a0\u00bb header_text_color=\u00a0\u00bb#FFFFFF\u00a0\u00bb background_color=\u00a0\u00bb#007bff\u00a0\u00bb text_orientation=\u00a0\u00bbcenter\u00a0\u00bb width_tablet=\u00a0\u00bb79%\u00a0\u00bb width_phone=\u00a0\u00bb100%\u00a0\u00bb width_last_edited=\u00a0\u00bbon|tablet\u00a0\u00bb max_width_tablet=\u00a0\u00bb\u00a0\u00bb max_width_phone=\u00a0\u00bb\u00a0\u00bb max_width_last_edited=\u00a0\u00bbon|tablet\u00a0\u00bb custom_margin=\u00a0\u00bb8px||10px||false|false\u00a0\u00bb custom_margin_tablet=\u00a0\u00bb8px||8px||true|false\u00a0\u00bb custom_margin_phone=\u00a0\u00bb8px|0px|6px|0px|false|true\u00a0\u00bb custom_margin_last_edited=\u00a0\u00bbon|phone\u00a0\u00bb custom_padding=\u00a0\u00bb10px|20px|10px|20px|true|true\u00a0\u00bb custom_padding_tablet=\u00a0\u00bb9px|20px|9px|20px|true|true\u00a0\u00bb custom_padding_phone=\u00a0\u00bb8px|20px|8px|20px|true|true\u00a0\u00bb custom_padding_last_edited=\u00a0\u00bbon|phone\u00a0\u00bb link_option_url=\u00a0\u00bbhttps:\/\/www.doctolib.fr\/centre-d-imagerie-medicale\/paris\/pole-sante-bergere-imagerie-medicale\/booking\/motive-categories?specialityId=11&#038;telehealth=false&#038;placeId=establishment-1785&#038;pid=establishment-1785&#038;speciality_ids%5B%5D=11&#038;bookingFunnelSource=profile\u00a0\u00bb hover_enabled=\u00a0\u00bb0&Prime; text_font_size_tablet=\u00a0\u00bb18px\u00a0\u00bb text_font_size_phone=\u00a0\u00bb15px\u00a0\u00bb text_font_size_last_edited=\u00a0\u00bbon|phone\u00a0\u00bb border_radii=\u00a0\u00bbon|12px|12px|12px|12px\u00a0\u00bb locked=\u00a0\u00bboff\u00a0\u00bb global_colors_info=\u00a0\u00bb{}\u00a0\u00bb text_text_color__hover_enabled=\u00a0\u00bbon|hover\u00a0\u00bb text_text_color__hover=\u00a0\u00bb#FFFFFF\u00a0\u00bb background_color__hover=\u00a0\u00bb#004D77&Prime; background_enable_color__hover=\u00a0\u00bbon\u00a0\u00bb background__hover_enabled=\u00a0\u00bbon|hover\u00a0\u00bb sticky_enabled=\u00a0\u00bb0&Prime;]<\/p>\n<p>Prise de rendez-vous &#8211; Paris 75009<\/p>\n<p>[\/et_pb_text][et_pb_text _builder_version=\u00a0\u00bb4.27.4&Prime; _module_preset=\u00a0\u00bbdefault\u00a0\u00bb text_font=\u00a0\u00bb|700|||||||\u00a0\u00bb text_text_color=\u00a0\u00bb#FFFFFF\u00a0\u00bb text_font_size=\u00a0\u00bb18px\u00a0\u00bb header_text_color=\u00a0\u00bb#FFFFFF\u00a0\u00bb background_color=\u00a0\u00bb#007bff\u00a0\u00bb text_orientation=\u00a0\u00bbcenter\u00a0\u00bb width_tablet=\u00a0\u00bb79%\u00a0\u00bb width_phone=\u00a0\u00bb100%\u00a0\u00bb width_last_edited=\u00a0\u00bbon|tablet\u00a0\u00bb max_width_tablet=\u00a0\u00bb\u00a0\u00bb max_width_phone=\u00a0\u00bb\u00a0\u00bb max_width_last_edited=\u00a0\u00bbon|tablet\u00a0\u00bb custom_margin=\u00a0\u00bb8px||10px||false|false\u00a0\u00bb custom_margin_tablet=\u00a0\u00bb8px||8px||true|false\u00a0\u00bb custom_margin_phone=\u00a0\u00bb8px|0px|6px|0px|false|true\u00a0\u00bb custom_margin_last_edited=\u00a0\u00bbon|phone\u00a0\u00bb custom_padding=\u00a0\u00bb10px|20px|10px|20px|true|true\u00a0\u00bb custom_padding_tablet=\u00a0\u00bb9px|20px|9px|20px|true|true\u00a0\u00bb custom_padding_phone=\u00a0\u00bb8px|20px|8px|20px|true|true\u00a0\u00bb custom_padding_last_edited=\u00a0\u00bbon|phone\u00a0\u00bb link_option_url=\u00a0\u00bbhttps:\/\/www.doctolib.fr\/centre-d-imagerie-medicale\/paris\/centre-de-radiologie-blomet\u00a0\u00bb hover_enabled=\u00a0\u00bb0&Prime; text_font_size_tablet=\u00a0\u00bb18px\u00a0\u00bb text_font_size_phone=\u00a0\u00bb15px\u00a0\u00bb text_font_size_last_edited=\u00a0\u00bbon|phone\u00a0\u00bb border_radii=\u00a0\u00bbon|12px|12px|12px|12px\u00a0\u00bb locked=\u00a0\u00bboff\u00a0\u00bb global_colors_info=\u00a0\u00bb{}\u00a0\u00bb text_text_color__hover_enabled=\u00a0\u00bbon|hover\u00a0\u00bb text_text_color__hover=\u00a0\u00bb#FFFFFF\u00a0\u00bb background_color__hover=\u00a0\u00bb#004D77&Prime; background_enable_color__hover=\u00a0\u00bbon\u00a0\u00bb background__hover_enabled=\u00a0\u00bbon|hover\u00a0\u00bb sticky_enabled=\u00a0\u00bb0&Prime;]<\/p>\n<p>Prise de rendez-vous &#8211; Paris 75015<\/p>\n<p>[\/et_pb_text][et_pb_text _builder_version=\u00a0\u00bb4.27.4&Prime; _module_preset=\u00a0\u00bbdefault\u00a0\u00bb text_font=\u00a0\u00bb|700|||||||\u00a0\u00bb text_text_color=\u00a0\u00bb#FFFFFF\u00a0\u00bb text_font_size=\u00a0\u00bb18px\u00a0\u00bb header_text_color=\u00a0\u00bb#FFFFFF\u00a0\u00bb background_color=\u00a0\u00bb#007bff\u00a0\u00bb text_orientation=\u00a0\u00bbcenter\u00a0\u00bb width_tablet=\u00a0\u00bb79%\u00a0\u00bb width_phone=\u00a0\u00bb100%\u00a0\u00bb width_last_edited=\u00a0\u00bbon|tablet\u00a0\u00bb max_width_tablet=\u00a0\u00bb\u00a0\u00bb max_width_phone=\u00a0\u00bb\u00a0\u00bb max_width_last_edited=\u00a0\u00bbon|tablet\u00a0\u00bb custom_margin=\u00a0\u00bb8px||10px||false|false\u00a0\u00bb custom_margin_tablet=\u00a0\u00bb8px||8px||true|false\u00a0\u00bb custom_margin_phone=\u00a0\u00bb8px|0px|6px|0px|false|true\u00a0\u00bb custom_margin_last_edited=\u00a0\u00bbon|phone\u00a0\u00bb custom_padding=\u00a0\u00bb10px|20px|10px|20px|true|true\u00a0\u00bb custom_padding_tablet=\u00a0\u00bb9px|20px|9px|20px|true|true\u00a0\u00bb custom_padding_phone=\u00a0\u00bb8px|20px|8px|20px|true|true\u00a0\u00bb custom_padding_last_edited=\u00a0\u00bbon|phone\u00a0\u00bb link_option_url=\u00a0\u00bbhttps:\/\/www.doctolib.fr\/centre-d-imagerie-medicale\/paris\/irm-drouot\u00a0\u00bb hover_enabled=\u00a0\u00bb0&Prime; text_font_size_tablet=\u00a0\u00bb18px\u00a0\u00bb text_font_size_phone=\u00a0\u00bb15px\u00a0\u00bb text_font_size_last_edited=\u00a0\u00bbon|phone\u00a0\u00bb border_radii=\u00a0\u00bbon|12px|12px|12px|12px\u00a0\u00bb locked=\u00a0\u00bboff\u00a0\u00bb global_colors_info=\u00a0\u00bb{}\u00a0\u00bb text_text_color__hover_enabled=\u00a0\u00bbon|hover\u00a0\u00bb text_text_color__hover=\u00a0\u00bb#FFFFFF\u00a0\u00bb background_color__hover=\u00a0\u00bb#004D77&Prime; background_enable_color__hover=\u00a0\u00bbon\u00a0\u00bb background__hover_enabled=\u00a0\u00bbon|hover\u00a0\u00bb sticky_enabled=\u00a0\u00bb0&Prime;]<\/p>\n<p>Prise de rendez-vous &#8211; Paris 75009 Drouot<\/p>\n<p>[\/et_pb_text][\/et_pb_column][et_pb_column type=\u00a0\u00bb1_2&Prime; _builder_version=\u00a0\u00bb4.16&Prime; _module_preset=\u00a0\u00bbdefault\u00a0\u00bb custom_padding=\u00a0\u00bb80px|||\u00a0\u00bb global_colors_info=\u00a0\u00bb{}\u00a0\u00bb custom_padding__hover=\u00a0\u00bb|||\u00a0\u00bb][et_pb_image src=\u00a0\u00bbhttps:\/\/www.impc.fr\/wp-content\/uploads\/2025\/06\/shutterstock_2312256919-scaled.jpg\u00a0\u00bb alt=\u00a0\u00bbimagerie femme enfant \u00e0 Paris\u00a0\u00bb title_text=\u00a0\u00bbimagerie femme enfant\u00a0\u00bb disabled_on=\u00a0\u00bbon|on|off\u00a0\u00bb _builder_version=\u00a0\u00bb4.27.4&Prime; _module_preset=\u00a0\u00bbdefault\u00a0\u00bb width=\u00a0\u00bb100%\u00a0\u00bb custom_margin=\u00a0\u00bb-61px||||false|false\u00a0\u00bb custom_margin_tablet=\u00a0\u00bb110px||||false|false\u00a0\u00bb custom_margin_phone=\u00a0\u00bb0px||||false|false\u00a0\u00bb custom_margin_last_edited=\u00a0\u00bbon|desktop\u00a0\u00bb hover_enabled=\u00a0\u00bb0&Prime; global_colors_info=\u00a0\u00bb{}\u00a0\u00bb sticky_enabled=\u00a0\u00bb0&Prime;][\/et_pb_image][\/et_pb_column][\/et_pb_row][\/et_pb_section][et_pb_section fb_built=\u00a0\u00bb1&Prime; custom_padding_last_edited=\u00a0\u00bbon|phone\u00a0\u00bb _builder_version=\u00a0\u00bb4.27.4&Prime; _module_preset=\u00a0\u00bbdefault\u00a0\u00bb custom_padding=\u00a0\u00bb5px||8px||false|false\u00a0\u00bb custom_padding_tablet=\u00a0\u00bb49px||||false|false\u00a0\u00bb custom_padding_phone=\u00a0\u00bb0px||||false|false\u00a0\u00bb global_colors_info=\u00a0\u00bb{}\u00a0\u00bb][et_pb_row column_structure=\u00a0\u00bb1_2,1_2&Prime; use_custom_gutter=\u00a0\u00bbon\u00a0\u00bb gutter_width=\u00a0\u00bb2&Prime; custom_padding_last_edited=\u00a0\u00bbon|phone\u00a0\u00bb _builder_version=\u00a0\u00bb4.27.4&Prime; _module_preset=\u00a0\u00bbdefault\u00a0\u00bb width=\u00a0\u00bb70%\u00a0\u00bb width_tablet=\u00a0\u00bb92%\u00a0\u00bb width_phone=\u00a0\u00bb94%\u00a0\u00bb width_last_edited=\u00a0\u00bbon|phone\u00a0\u00bb max_width=\u00a0\u00bb100%\u00a0\u00bb custom_margin_tablet=\u00a0\u00bb\u00a0\u00bb custom_margin_phone=\u00a0\u00bb-40px||0px||false|false\u00a0\u00bb custom_margin_last_edited=\u00a0\u00bbon|phone\u00a0\u00bb custom_padding=\u00a0\u00bb|||15px|false|false\u00a0\u00bb custom_padding_tablet=\u00a0\u00bb|||15px|false|false\u00a0\u00bb custom_padding_phone=\u00a0\u00bb|||0px|false|false\u00a0\u00bb make_fullwidth=\u00a0\u00bbon\u00a0\u00bb global_colors_info=\u00a0\u00bb{}\u00a0\u00bb][et_pb_column type=\u00a0\u00bb1_2&Prime; _builder_version=\u00a0\u00bb4.27.4&Prime; _module_preset=\u00a0\u00bbdefault\u00a0\u00bb custom_padding=\u00a0\u00bb|0px||0px|false|false\u00a0\u00bb global_colors_info=\u00a0\u00bb{}\u00a0\u00bb custom_padding__hover=\u00a0\u00bb|||\u00a0\u00bb][et_pb_text _builder_version=\u00a0\u00bb4.27.4&Prime; _module_preset=\u00a0\u00bbdefault\u00a0\u00bb text_font=\u00a0\u00bb&#8211;et_global_body_font||||||||\u00a0\u00bb text_text_color=\u00a0\u00bb#000000&Prime; text_font_size=\u00a0\u00bb15px\u00a0\u00bb header_2_font=\u00a0\u00bb&#8211;et_global_heading_font|600|||||||\u00a0\u00bb header_2_font_size=\u00a0\u00bb21px\u00a0\u00bb header_2_line_height=\u00a0\u00bb1.4em\u00a0\u00bb header_3_font=\u00a0\u00bb&#8211;et_global_heading_font|600|||on|||#007BFF|\u00a0\u00bb header_3_text_color=\u00a0\u00bb#007BFF\u00a0\u00bb header_3_font_size=\u00a0\u00bb17px\u00a0\u00bb background_color=\u00a0\u00bb#fcfcfc\u00a0\u00bb min_height=\u00a0\u00bb104px\u00a0\u00bb custom_margin=\u00a0\u00bb||3px|||\u00a0\u00bb custom_padding=\u00a0\u00bb14px|18px|14px|18px|true|true\u00a0\u00bb hover_enabled=\u00a0\u00bb0&Prime; header_2_font_size_tablet=\u00a0\u00bb21px\u00a0\u00bb header_2_font_size_phone=\u00a0\u00bb19px\u00a0\u00bb header_2_font_size_last_edited=\u00a0\u00bbon|phone\u00a0\u00bb border_radii=\u00a0\u00bbon|12px|12px|12px|12px\u00a0\u00bb border_color_right=\u00a0\u00bb#a3a3a3&Prime; box_shadow_style=\u00a0\u00bbpreset1&Prime; box_shadow_vertical=\u00a0\u00bb1px\u00a0\u00bb box_shadow_blur=\u00a0\u00bb10px\u00a0\u00bb global_colors_info=\u00a0\u00bb{}\u00a0\u00bb sticky_enabled=\u00a0\u00bb0&Prime;]<\/p>\n<h2>Le p\u00f4le d&rsquo;imagerie pour femme et enfant<\/h2>\n<p>Le souci d\u2019unicit\u00e9 a motiv\u00e9 le d\u00e9veloppement du centre d\u2019imagerie de la femme-m\u00e8re-enfant. Ce centre offre les comp\u00e9tences de plusieurs radiologues-sp\u00e9cialistes, pouvant intervenir en tant qu\u2019experts\u00a0:<\/p>\n<ul class=\"ul1\">\n<li>sur le plan de l\u2019imagerie gyn\u00e9cologique depuis l\u2019adolescence jusqu\u2019apr\u00e8s la m\u00e9nopause\u00a0: tant pour l\u2019expertise de kystes, de saignements, de troubles des r\u00e8gles, d\u2019endom\u00e9triose, l\u2019exploration de la fertilit\u00e9, le suivi m\u00e9nopausique, que ce soit en <strong>\u00e9chographie<\/strong>, hyst\u00e9rographie et\/ou <strong>IRM\u00a0<\/strong>;<\/li>\n<li>sur le plan s\u00e9nologique, tant pour le d\u00e9pistage mammographique ou l\u2019expertise de masses mammaires, douleurs mammaires, que ce soit en mammographie, tomosynth\u00e8se, IRM mammaire\u00a0;<\/li>\n<li>sur le plan obst\u00e9trical\u00a0: suivi de grossesse, avis r\u00e9f\u00e9rent, l\u2019ensemble des radiologues praticiens dans ce domaine, faisant partie int\u00e9grante de centres Parisiens de Diagnostic Pr\u00e9natal Hospitalier (Necker \u2013 Port Royal \u2013 Robert Debr\u00e9) et\/ou affil\u00e9s \u00e0 un r\u00e9seau d\u2019imagerie obst\u00e9tricale<\/li>\n<li>sur le plan p\u00e9diatrique\u00a0: tant pour le suivi de nouveaux-n\u00e9s, concernant les <strong>radiographies p\u00e9diatriques<\/strong> standards de poumon, bassin, abdomen sans pr\u00e9paration, les <strong>\u00e9chographies<\/strong> de hanche, \u00e9chographies m\u00e9dullaires, r\u00e9nales, trans-frontanellaires.<\/li>\n<\/ul>\n<p>Chaque patiente aura la possibilit\u00e9 d\u2019avoir regroup\u00e9, sous un m\u00eame dossier informatique, l\u2019ensemble des ses examens, m\u00eame s\u2019ils sont r\u00e9alis\u00e9s dans diff\u00e9rentes localisations g\u00e9ographiques de notre centre, archiv\u00e9s sur plusieurs dizaines d\u2019ann\u00e9es.<\/p>\n<h3>Une \u00e9quipe qualifi\u00e9e pour la radiologie p\u00e9diatrique<\/h3>\n<p>Notre service de <strong>radiologie p\u00e9diatrique<\/strong> est con\u00e7u pour les enfants, qu&rsquo;il s&rsquo;agisse de notre technologie sp\u00e9cifique \u00e0 la <strong>p\u00e9diatrie<\/strong> ou de notre plateau technique adapt\u00e9 aux enfants. Notre \u00e9quipement de pointe permet d&rsquo;am\u00e9liorer la qualit\u00e9 des images tout en utilisant la derni\u00e8re technologie de rayonnement \u00e0 faible dose possible. Nos radiologues sont sp\u00e9cialement form\u00e9s en p\u00e9diatrie et fournissent une interpr\u00e9tation et un diagnostic experts.<\/p>\n<p>Imagerie p\u00e9diatrique : une technologie de pointe pour assurer un examen fiable<\/p>\n<p>En outre, nous sommes \u00e9quip\u00e9s pour ajouter la s\u00e9quence BLADE \u00e0 nos protocoles d&rsquo;IRM. Cette nouvelle technique d&rsquo;acc\u00e9l\u00e9ration et de correction du mouvement par RM permet de r\u00e9aliser des IRM abdominales en respiration libre chez les enfants, de r\u00e9duire les artefacts de mouvement dans les scanners par RM et de diminuer la dur\u00e9e des scanners par RM et les besoins en s\u00e9dation.<span>\u00a0<\/span><\/p>\n<h3><\/h3>\n<p>[\/et_pb_text][et_pb_text _builder_version=\u00a0\u00bb4.27.4&Prime; _module_preset=\u00a0\u00bbdefault\u00a0\u00bb text_font=\u00a0\u00bb&#8211;et_global_body_font||||||||\u00a0\u00bb text_text_color=\u00a0\u00bb#000000&Prime; text_font_size=\u00a0\u00bb15px\u00a0\u00bb header_2_font=\u00a0\u00bb&#8211;et_global_heading_font|600|||||||\u00a0\u00bb header_2_font_size=\u00a0\u00bb21px\u00a0\u00bb header_2_line_height=\u00a0\u00bb1.4em\u00a0\u00bb header_3_font=\u00a0\u00bb&#8211;et_global_heading_font|600|||on|||#007BFF|\u00a0\u00bb header_3_text_color=\u00a0\u00bb#007BFF\u00a0\u00bb header_3_font_size=\u00a0\u00bb17px\u00a0\u00bb background_color=\u00a0\u00bb#fcfcfc\u00a0\u00bb min_height=\u00a0\u00bb104px\u00a0\u00bb custom_margin=\u00a0\u00bb22px||0px||false|false\u00a0\u00bb custom_padding=\u00a0\u00bb14px|18px|14px|18px|true|true\u00a0\u00bb header_2_font_size_tablet=\u00a0\u00bb21px\u00a0\u00bb header_2_font_size_phone=\u00a0\u00bb19px\u00a0\u00bb header_2_font_size_last_edited=\u00a0\u00bbon|phone\u00a0\u00bb border_radii=\u00a0\u00bbon|12px|12px|12px|12px\u00a0\u00bb border_color_right=\u00a0\u00bb#a3a3a3&Prime; box_shadow_style=\u00a0\u00bbpreset1&Prime; box_shadow_vertical=\u00a0\u00bb1px\u00a0\u00bb box_shadow_blur=\u00a0\u00bb10px\u00a0\u00bb global_colors_info=\u00a0\u00bb{}\u00a0\u00bb]<\/p>\n<h3>Le centre d&rsquo;imagerie pour la femme<\/h3>\n<p>Notre centre d&rsquo;imagerie pour la femme permet de faire un suivi et un diagnostic personnalis\u00e9 pour chacune de nos patientes. C&rsquo;est en effet par l&rsquo;interm\u00e9diaire d&rsquo;une large famille d&rsquo;examens dont certains sont mentionn\u00e9s ci-dessous.<\/p>\n<h4>L&rsquo;\u00e9chographie obst\u00e9tricale<\/h4>\n<p>L&rsquo;<a href=\"https:\/\/www.impc.fr\/echographie-grossesse-ou-echographie-obstetricale\/\" title=\"\u00e9chographie obst\u00e9tricale\"><strong>\u00e9chographie obst\u00e9tricale<\/strong><\/a> utilise des ondes sonores pour produire des<strong> images du b\u00e9b\u00e9<\/strong> (embryon ou f\u0153tus) au sein de la femme enceinte, ainsi que de l&rsquo;ut\u00e9rus et des ovaires de la m\u00e8re. Elle<strong> n&rsquo;utilise pas de rayonnements ionisants<\/strong>,<strong> n&rsquo;a pas d&rsquo;effets nocifs connus<\/strong> et constitue la m\u00e9thode privil\u00e9gi\u00e9e pour le suivi des<strong> femmes enceintes<\/strong> et de leur b\u00e9b\u00e9 \u00e0 na\u00eetre.<\/p>\n<p>L&rsquo;<strong>\u00e9chographie obst\u00e9tricale<\/strong> est un examen clinique utile pour :<\/p>\n<ul>\n<li>\u00e9tablir la pr\u00e9sence d&rsquo;un embryon\/f\u0153tus vivant<\/li>\n<li>estimer l&rsquo;\u00e2ge de la grossesse<\/li>\n<li>diagnostiquer les anomalies cong\u00e9nitales du f\u0153tus<\/li>\n<li>\u00e9valuer la position du f\u0153tus<\/li>\n<li>\u00e9valuer la position du placenta<\/li>\n<li>d\u00e9terminer s&rsquo;il y a des grossesses multiples<\/li>\n<li>d\u00e9terminer la quantit\u00e9 de liquide amniotique autour du b\u00e9b\u00e9<\/li>\n<li>v\u00e9rifier <strong>l&rsquo;ouverture ou le raccourcissement du col de l&rsquo;ut\u00e9rus<\/strong><\/li>\n<li>\u00e9valuer la croissance du f\u0153tus<\/li>\n<li>\u00e9valuer le bien-\u00eatre du f\u0153tus<\/li>\n<\/ul>\n<p>[\/et_pb_text][\/et_pb_column][et_pb_column type=\u00a0\u00bb1_2&Prime; _builder_version=\u00a0\u00bb4.16&Prime; _module_preset=\u00a0\u00bbdefault\u00a0\u00bb custom_padding=\u00a0\u00bb80px|||\u00a0\u00bb global_colors_info=\u00a0\u00bb{}\u00a0\u00bb custom_padding__hover=\u00a0\u00bb|||\u00a0\u00bb][et_pb_text _builder_version=\u00a0\u00bb4.27.4&Prime; _module_preset=\u00a0\u00bbdefault\u00a0\u00bb text_font=\u00a0\u00bb&#8211;et_global_body_font||||||||\u00a0\u00bb text_text_color=\u00a0\u00bb#000000&Prime; text_font_size=\u00a0\u00bb15px\u00a0\u00bb header_2_font=\u00a0\u00bb&#8211;et_global_heading_font|600|||||||\u00a0\u00bb header_2_font_size=\u00a0\u00bb21px\u00a0\u00bb header_2_line_height=\u00a0\u00bb1.4em\u00a0\u00bb header_3_font=\u00a0\u00bb&#8211;et_global_heading_font|600|||on|||#007BFF|\u00a0\u00bb header_3_text_color=\u00a0\u00bb#007BFF\u00a0\u00bb header_3_font_size=\u00a0\u00bb17px\u00a0\u00bb background_enable_color=\u00a0\u00bboff\u00a0\u00bb min_height=\u00a0\u00bb104px\u00a0\u00bb custom_margin=\u00a0\u00bb-80px||3px||false|false\u00a0\u00bb custom_margin_tablet=\u00a0\u00bb-80px||3px||false|false\u00a0\u00bb custom_margin_phone=\u00a0\u00bb-80px||3px||false|false\u00a0\u00bb custom_margin_last_edited=\u00a0\u00bbon|desktop\u00a0\u00bb custom_padding=\u00a0\u00bb14px|18px|14px|18px|true|true\u00a0\u00bb hover_enabled=\u00a0\u00bb0&Prime; header_2_font_size_tablet=\u00a0\u00bb21px\u00a0\u00bb header_2_font_size_phone=\u00a0\u00bb19px\u00a0\u00bb header_2_font_size_last_edited=\u00a0\u00bbon|phone\u00a0\u00bb border_radii=\u00a0\u00bbon|12px|12px|12px|12px\u00a0\u00bb border_color_right=\u00a0\u00bb#a3a3a3&Prime; box_shadow_style=\u00a0\u00bbpreset1&Prime; box_shadow_vertical=\u00a0\u00bb1px\u00a0\u00bb box_shadow_blur=\u00a0\u00bb10px\u00a0\u00bb global_colors_info=\u00a0\u00bb{}\u00a0\u00bb sticky_enabled=\u00a0\u00bb0&Prime;]<\/p>\n<h4>L&rsquo;IRM pelvienne<\/h4>\n<p>L&rsquo;<a href=\"https:\/\/www.impc.fr\/irm-pelvienne\/\"><strong>IRM pelvienne<\/strong><\/a> cr\u00e9e des images de la zone situ\u00e9e entre vos hanches. Elle permet de d\u00e9tecter des probl\u00e8mes au niveau des os pelviens, des intestins, de la vessie, des organes reproducteurs, des ganglions lymphatiques, &#8230;<\/p>\n<p>Des r\u00e9sultats anormaux suite \u00e0 une <a href=\"https:\/\/www.impc.fr\/irm-pelvienne\/\"><strong>IRM pelvienne<\/strong> <\/a>pour les femmes peuvent sugg\u00e9rer :<\/p>\n<p><span style=\"font-size: 16px;\">Un <\/span><strong style=\"font-size: 16px;\">cancer du col de l&rsquo;ut\u00e9rus<\/strong><span style=\"font-size: 16px;\">, de l&rsquo;endom\u00e8tre ou des ovaires.<\/span><\/p>\n<ul>\n<li>Une ad\u00e9nomyose, lorsque des tissus similaires \u00e0 la<strong> muqueuse ut\u00e9rine<\/strong> s&rsquo;attachent \u00e0 la paroi musculaire de l&rsquo;ut\u00e9rus.<\/li>\n<li>Des anomalies cong\u00e9nitales des organes reproducteurs<\/li>\n<li>Une <strong>endom\u00e9triose<\/strong>, lorsque des tissus similaires \u00e0 la muqueuse ut\u00e9rine se d\u00e9veloppent \u00e0 l&rsquo;ext\u00e9rieur de l&rsquo;ut\u00e9rus dans des zones telles que les<strong> trompes de Fallope<\/strong> et les ovaires.<\/li>\n<li>Des <strong>excroissances ovariennes<\/strong><\/li>\n<li>Des probl\u00e8mes structurels des organes reproducteurs<\/li>\n<li>Des fibromes ut\u00e9rins qui consiste en une excroissances non canc\u00e9reuses qui apparaissent sur votre ut\u00e9rus.<\/li>\n<\/ul>\n<p>[\/et_pb_text][et_pb_text _builder_version=\u00a0\u00bb4.27.4&Prime; _module_preset=\u00a0\u00bbdefault\u00a0\u00bb text_font=\u00a0\u00bb&#8211;et_global_body_font||||||||\u00a0\u00bb text_text_color=\u00a0\u00bb#000000&Prime; text_font_size=\u00a0\u00bb15px\u00a0\u00bb header_2_font=\u00a0\u00bb&#8211;et_global_heading_font|600|||||||\u00a0\u00bb header_2_font_size=\u00a0\u00bb21px\u00a0\u00bb header_2_line_height=\u00a0\u00bb1.4em\u00a0\u00bb header_3_font=\u00a0\u00bb&#8211;et_global_heading_font|600|||on|||#007BFF|\u00a0\u00bb header_3_text_color=\u00a0\u00bb#007BFF\u00a0\u00bb header_3_font_size=\u00a0\u00bb17px\u00a0\u00bb background_color=\u00a0\u00bb#fcfcfc\u00a0\u00bb min_height=\u00a0\u00bb104px\u00a0\u00bb custom_margin=\u00a0\u00bb22px||0px||false|false\u00a0\u00bb custom_padding=\u00a0\u00bb14px|18px|14px|18px|true|true\u00a0\u00bb hover_enabled=\u00a0\u00bb0&Prime; header_2_font_size_tablet=\u00a0\u00bb21px\u00a0\u00bb header_2_font_size_phone=\u00a0\u00bb19px\u00a0\u00bb header_2_font_size_last_edited=\u00a0\u00bbon|phone\u00a0\u00bb border_radii=\u00a0\u00bbon|12px|12px|12px|12px\u00a0\u00bb border_color_right=\u00a0\u00bb#a3a3a3&Prime; box_shadow_style=\u00a0\u00bbpreset1&Prime; box_shadow_vertical=\u00a0\u00bb1px\u00a0\u00bb box_shadow_blur=\u00a0\u00bb10px\u00a0\u00bb global_colors_info=\u00a0\u00bb{}\u00a0\u00bb sticky_enabled=\u00a0\u00bb0&Prime;]<\/p>\n<h4>L&rsquo;\u00e9chographie pelvienne<\/h4>\n<p>Une<a href=\"https:\/\/www.impc.fr\/echographie-pelvienne\/\" title=\"\u00e9chographie pelvienne\"><strong> \u00e9chographie pelvienne<\/strong><\/a> est un examen qui utilise des ondes sonores pour obtenir des images des organes situ\u00e9s dans votre bassin. Votre m\u00e9decin peut demander cet examen pour diagnostiquer une maladie ou pour v\u00e9rifier la sant\u00e9 de votre b\u00e9b\u00e9 lorsqu&rsquo;il est encore dans l&rsquo;ut\u00e9rus.<\/p>\n<p>Chez les femmes, l&rsquo;<strong>\u00e9chographie pelvienne<\/strong> est utilis\u00e9e pour visualiser les \u00e9l\u00e9ments suivants :<\/p>\n<ul>\n<li>le <strong>col de l&rsquo;ut\u00e9rus<\/strong><\/li>\n<li>les <strong>trompes de Fallope<\/strong><\/li>\n<li>les ovaires<\/li>\n<li>l&rsquo;ut\u00e9rus<\/li>\n<li>le Vagin<\/li>\n<li>ou encore la Vessie<\/li>\n<\/ul>\n<p>[\/et_pb_text][\/et_pb_column][\/et_pb_row][et_pb_row use_custom_gutter=\u00a0\u00bbon\u00a0\u00bb module_class=\u00a0\u00bb et_pb_row_fullwidth\u00a0\u00bb _builder_version=\u00a0\u00bb4.16&Prime; width=\u00a0\u00bb70%\u00a0\u00bb width_tablet=\u00a0\u00bb92%\u00a0\u00bb width_phone=\u00a0\u00bb94%\u00a0\u00bb width_last_edited=\u00a0\u00bbon|phone\u00a0\u00bb max_width=\u00a0\u00bb100%\u00a0\u00bb make_fullwidth=\u00a0\u00bbon\u00a0\u00bb locked=\u00a0\u00bboff\u00a0\u00bb global_colors_info=\u00a0\u00bb{}\u00a0\u00bb][et_pb_column type=\u00a0\u00bb4_4&Prime; _builder_version=\u00a0\u00bb4.16&Prime; custom_padding=\u00a0\u00bb|||\u00a0\u00bb global_colors_info=\u00a0\u00bb{}\u00a0\u00bb custom_padding__hover=\u00a0\u00bb|||\u00a0\u00bb][et_pb_text _builder_version=\u00a0\u00bb4.16&Prime; text_font=\u00a0\u00bb&#8211;et_global_body_font||||||||\u00a0\u00bb text_text_color=\u00a0\u00bb#000000&Prime; text_font_size=\u00a0\u00bb15px\u00a0\u00bb header_2_font=\u00a0\u00bb&#8211;et_global_heading_font|600|||||||\u00a0\u00bb header_2_font_size=\u00a0\u00bb23px\u00a0\u00bb header_2_line_height=\u00a0\u00bb1.4em\u00a0\u00bb header_3_font=\u00a0\u00bb&#8211;et_global_heading_font||||||||\u00a0\u00bb header_3_text_color=\u00a0\u00bb#004D77&Prime; min_height=\u00a0\u00bb104px\u00a0\u00bb custom_margin=\u00a0\u00bb||3px|||\u00a0\u00bb custom_padding=\u00a0\u00bb|10px|0px|0px|false|false\u00a0\u00bb border_width_right=\u00a0\u00bb1px\u00a0\u00bb border_color_right=\u00a0\u00bb#a3a3a3&Prime; border_width_right_tablet=\u00a0\u00bb1px\u00a0\u00bb border_width_right_phone=\u00a0\u00bb0px\u00a0\u00bb border_width_right_last_edited=\u00a0\u00bbon|phone\u00a0\u00bb global_colors_info=\u00a0\u00bb{}\u00a0\u00bb]<\/p>\n<h2 style=\"text-align: left;\">Les centres de la femme<\/h2>\n<p>[\/et_pb_text][\/et_pb_column][\/et_pb_row][et_pb_row column_structure=\u00a0\u00bb1_2,1_2&Prime; use_custom_gutter=\u00a0\u00bbon\u00a0\u00bb module_class=\u00a0\u00bb et_pb_row_fullwidth\u00a0\u00bb _builder_version=\u00a0\u00bb4.16&Prime; width=\u00a0\u00bb70%\u00a0\u00bb width_tablet=\u00a0\u00bb92%\u00a0\u00bb width_phone=\u00a0\u00bb94%\u00a0\u00bb width_last_edited=\u00a0\u00bbon|phone\u00a0\u00bb max_width=\u00a0\u00bb100%\u00a0\u00bb make_fullwidth=\u00a0\u00bbon\u00a0\u00bb global_colors_info=\u00a0\u00bb{}\u00a0\u00bb][et_pb_column type=\u00a0\u00bb1_2&Prime; _builder_version=\u00a0\u00bb4.16&Prime; custom_padding=\u00a0\u00bb|20px||0px\u00a0\u00bb global_colors_info=\u00a0\u00bb{}\u00a0\u00bb custom_padding__hover=\u00a0\u00bb|||\u00a0\u00bb][et_pb_blurb title=\u00a0\u00bbP\u00d4LE IMAGERIE FEMME-M\u00c8RE-ENFANT\u00a0\u00bb image=\u00a0\u00bbhttps:\/\/www.impc.fr\/wp-content\/uploads\/2019\/03\/impcife.jpg\u00a0\u00bb _builder_version=\u00a0\u00bb4.16&Prime; header_font=\u00a0\u00bb|700|||||||\u00a0\u00bb header_text_align=\u00a0\u00bbcenter\u00a0\u00bb header_text_color=\u00a0\u00bbrgba(0,0,0,0.58)\u00a0\u00bb header_font_size=\u00a0\u00bb14px\u00a0\u00bb header_line_height=\u00a0\u00bb1.3em\u00a0\u00bb max_width=\u00a0\u00bb28%\u00a0\u00bb max_width_tablet=\u00a0\u00bb\u00a0\u00bb max_width_phone=\u00a0\u00bb44%\u00a0\u00bb max_width_last_edited=\u00a0\u00bbon|desktop\u00a0\u00bb module_alignment=\u00a0\u00bbcenter\u00a0\u00bb global_colors_info=\u00a0\u00bb{}\u00a0\u00bb][\/et_pb_blurb][et_pb_text _builder_version=\u00a0\u00bb4.16&Prime; global_colors_info=\u00a0\u00bb{}\u00a0\u00bb]<\/p>\n<p><span>Le centre d\u2019imagerie de la femme-m\u00e8re-enfant s\u2019est construit dans l\u2019id\u00e9e d\u2019un continuum entre ces diff\u00e9rentes \u00e9tapes que peut rencontrer une femme.\u00a0Notre centre regroupe diff\u00e9rents radiologues-sp\u00e9cialistes capables d\u2019intervenir, de mani\u00e8re sp\u00e9cifique, \u00e0 chacune de ces \u00e9tapes\u00a0: radiologue sp\u00e9cialis\u00e9 dans l\u2019imagerie gyn\u00e9cologique et s\u00e9nologique de la femme, radiologue sp\u00e9cialis\u00e9 dans les \u00e9chographies obst\u00e9tricales, radiop\u00e9diatre sp\u00e9cialis\u00e9 dans l\u2019imagerie p\u00e9diatrique depuis la p\u00e9riode n\u00e9onatale jusqu\u2019\u00e0 l\u2019adolescence.<\/span><\/p>\n<p><span><\/span><\/p>\n<p>[\/et_pb_text][et_pb_text _builder_version=\u00a0\u00bb4.16&Prime; global_colors_info=\u00a0\u00bb{}\u00a0\u00bb]<\/p>\n<p style=\"text-align: center;\">Pour plus d&rsquo;information, visiter le site internet d\u00e9di\u00e9 \u00e0 ce p\u00f4le:<\/p>\n<p style=\"text-align: center;\"><span style=\"color: #fc6a9a;\"><a href=\"http:\/\/www.cife.impc.fr\" target=\"_blank\" rel=\"noopener noreferrer\" style=\"color: #fc6a9a;\"><strong>www.cife.impc.fr<\/strong><\/a><\/span><\/p>\n<p>[\/et_pb_text][\/et_pb_column][et_pb_column type=\u00a0\u00bb1_2&Prime; _builder_version=\u00a0\u00bb4.16&Prime; custom_padding=\u00a0\u00bb|0px||80px\u00a0\u00bb custom_padding_tablet=\u00a0\u00bb|0px||80px\u00a0\u00bb custom_padding_phone=\u00a0\u00bb|||0px\u00a0\u00bb custom_padding_last_edited=\u00a0\u00bbon|desktop\u00a0\u00bb global_colors_info=\u00a0\u00bb{}\u00a0\u00bb custom_padding__hover=\u00a0\u00bb|||\u00a0\u00bb][et_pb_blurb title=\u00a0\u00bbP\u00d4LE CANCEROLOGIE FIBROMES UT\u00c9RINS\u00a0\u00bb image=\u00a0\u00bbhttps:\/\/www.impc.fr\/wp-content\/uploads\/2019\/04\/Logofibrome2.png\u00a0\u00bb content_max_width=\u00a0\u00bb212px\u00a0\u00bb _builder_version=\u00a0\u00bb4.16&Prime; header_font=\u00a0\u00bb|700|||||||\u00a0\u00bb header_text_align=\u00a0\u00bbcenter\u00a0\u00bb header_text_color=\u00a0\u00bbrgba(0,0,0,0.58)\u00a0\u00bb header_font_size=\u00a0\u00bb14px\u00a0\u00bb header_line_height=\u00a0\u00bb1.3em\u00a0\u00bb max_width=\u00a0\u00bb32%\u00a0\u00bb max_width_tablet=\u00a0\u00bb\u00a0\u00bb max_width_phone=\u00a0\u00bb\u00a0\u00bb max_width_last_edited=\u00a0\u00bbon|desktop\u00a0\u00bb module_alignment=\u00a0\u00bbcenter\u00a0\u00bb global_colors_info=\u00a0\u00bb{}\u00a0\u00bb][\/et_pb_blurb][et_pb_text _builder_version=\u00a0\u00bb4.16&Prime; custom_margin=\u00a0\u00bb||21px\u00a0\u00bb custom_padding=\u00a0\u00bb||0px\u00a0\u00bb global_colors_info=\u00a0\u00bb{}\u00a0\u00bb]<\/p>\n<p><span>Le centre du fibrome s\u2019est construit avec un objectif double:<\/span><\/p>\n<ul>\n<li>Informer les patients et professionnels sur\u00a0<span>les solutions m\u00e9dicales et th\u00e9rapeutiques les plus moderne, les moins invasives et les plus adapt\u00e9es \u00e0 chaque situation.<\/span><\/li>\n<li><span>Soignez les fibromes ut\u00e9rins et d&rsquo;autre pathologie par Embolisation, avec une \u00e9quipe sp\u00e9cialis\u00e9 dans le domaine. Nos radiologues interventionnel pratique l&#8217;embolisation\u00a0depuis des ann\u00e9es maintenant.<\/span><span><\/span><\/li>\n<\/ul>\n<p>[\/et_pb_text][et_pb_text _builder_version=\u00a0\u00bb4.16&Prime; global_colors_info=\u00a0\u00bb{}\u00a0\u00bb]<\/p>\n<p style=\"text-align: center;\">Pour plus d&rsquo;information, visiter le site internet d\u00e9di\u00e9 \u00e0 ce p\u00f4le:<\/p>\n<p style=\"text-align: center;\"><span style=\"color: #f700ad;\"><a href=\"http:\/\/www.fibrome-paris.com\" target=\"_blank\" rel=\"noopener noreferrer\" style=\"color: #f700ad;\"><strong>www.fibrome-paris.com<\/strong><\/a><\/span><\/p>\n<p>[\/et_pb_text][\/et_pb_column][\/et_pb_row][\/et_pb_section]<\/p>\n","protected":false},"excerpt":{"rendered":"<p>Imagerie de la femme et de l&rsquo;enfant L&rsquo;imagerie de la femme et de l&rsquo;enfant: un p\u00f4le d&rsquo;excellence IMPCPrenez rendez-vous pour un \u00e9chographie dans nos centresPrise de rendez-vous &#8211; Paris 75009Prise de rendez-vous &#8211; Paris 75015Prise de rendez-vous &#8211; Paris 75009 DrouotLe p\u00f4le d&rsquo;imagerie pour femme et enfant Le souci d\u2019unicit\u00e9 a motiv\u00e9 le d\u00e9veloppement du [&hellip;]<\/p>\n","protected":false},"author":1,"featured_media":0,"parent":0,"menu_order":0,"comment_status":"closed","ping_status":"closed","template":"","meta":{"_et_pb_use_builder":"on","_et_pb_old_content":"","_et_gb_content_width":"","footnotes":""},"class_list":["post-782","page","type-page","status-publish","hentry"],"yoast_head":"<!-- This site is optimized with the Yoast SEO plugin v27.5 - https:\/\/yoast.com\/product\/yoast-seo-wordpress\/ -->\n<title>Imagerie de la femme et imagerie p\u00e9diatrique - IMPC Paris -<\/title>\n<meta name=\"description\" content=\"Le centre d&#039;imagerie de la femme et p\u00e9diatrique, un diagnostic couvrant diff\u00e9rents aspects telle que douleurs pelviennes, femmes enceintes ...\" \/>\n<meta name=\"robots\" content=\"index, follow, max-snippet:-1, max-image-preview:large, max-video-preview:-1\" \/>\n<link rel=\"canonical\" href=\"https:\/\/www.impc.fr\/en\/womens-and-childrens-imaging\/\" \/>\n<meta property=\"og:locale\" content=\"en_US\" \/>\n<meta property=\"og:type\" content=\"article\" \/>\n<meta property=\"og:title\" content=\"Imagerie de la femme et imagerie p\u00e9diatrique - IMPC Paris -\" \/>\n<meta property=\"og:description\" content=\"Le centre d&#039;imagerie de la femme et p\u00e9diatrique, un diagnostic couvrant diff\u00e9rents aspects telle que douleurs pelviennes, femmes enceintes ...\" \/>\n<meta property=\"og:url\" content=\"https:\/\/www.impc.fr\/en\/womens-and-childrens-imaging\/\" \/>\n<meta property=\"og:site_name\" content=\"Groupe IMPC - Imagerie M\u00e9dicale\" \/>\n<meta property=\"article:modified_time\" content=\"2025-11-26T15:07:56+00:00\" \/>\n<meta name=\"twitter:card\" content=\"summary_large_image\" \/>\n<meta name=\"twitter:label1\" content=\"Est. reading time\" \/>\n\t<meta name=\"twitter:data1\" content=\"7 minutes\" \/>\n<script type=\"application\/ld+json\" class=\"yoast-schema-graph\">{\"@context\":\"https:\\\/\\\/schema.org\",\"@graph\":[{\"@type\":\"WebPage\",\"@id\":\"https:\\\/\\\/www.impc.fr\\\/imagerie-femme-et-enfant\\\/\",\"url\":\"https:\\\/\\\/www.impc.fr\\\/imagerie-femme-et-enfant\\\/\",\"name\":\"Imagerie de la femme et imagerie p\u00e9diatrique - IMPC Paris -\",\"isPartOf\":{\"@id\":\"https:\\\/\\\/www.impc.fr\\\/#website\"},\"datePublished\":\"2019-04-02T08:19:29+00:00\",\"dateModified\":\"2025-11-26T15:07:56+00:00\",\"description\":\"Le centre d'imagerie de la femme et p\u00e9diatrique, un diagnostic couvrant diff\u00e9rents aspects telle que douleurs pelviennes, femmes enceintes ...\",\"breadcrumb\":{\"@id\":\"https:\\\/\\\/www.impc.fr\\\/imagerie-femme-et-enfant\\\/#breadcrumb\"},\"inLanguage\":\"en-US\",\"potentialAction\":[{\"@type\":\"ReadAction\",\"target\":[\"https:\\\/\\\/www.impc.fr\\\/imagerie-femme-et-enfant\\\/\"]}]},{\"@type\":\"BreadcrumbList\",\"@id\":\"https:\\\/\\\/www.impc.fr\\\/imagerie-femme-et-enfant\\\/#breadcrumb\",\"itemListElement\":[{\"@type\":\"ListItem\",\"position\":1,\"name\":\"Home\",\"item\":\"https:\\\/\\\/www.impc.fr\\\/\"},{\"@type\":\"ListItem\",\"position\":2,\"name\":\"P\u00f4le Imagerie Femme et Enfant\"}]},{\"@type\":\"WebSite\",\"@id\":\"https:\\\/\\\/www.impc.fr\\\/#website\",\"url\":\"https:\\\/\\\/www.impc.fr\\\/\",\"name\":\"Groupe IMPC - Imagerie M\u00e9dicale\",\"description\":\"Centre de radiologie sur Paris\",\"publisher\":{\"@id\":\"https:\\\/\\\/www.impc.fr\\\/#organization\"},\"potentialAction\":[{\"@type\":\"SearchAction\",\"target\":{\"@type\":\"EntryPoint\",\"urlTemplate\":\"https:\\\/\\\/www.impc.fr\\\/?s={search_term_string}\"},\"query-input\":{\"@type\":\"PropertyValueSpecification\",\"valueRequired\":true,\"valueName\":\"search_term_string\"}}],\"inLanguage\":\"en-US\"},{\"@type\":\"Organization\",\"@id\":\"https:\\\/\\\/www.impc.fr\\\/#organization\",\"name\":\"Imagerie M\u00e9dicale Paris\",\"url\":\"https:\\\/\\\/www.impc.fr\\\/\",\"logo\":{\"@type\":\"ImageObject\",\"inLanguage\":\"en-US\",\"@id\":\"https:\\\/\\\/www.impc.fr\\\/#\\\/schema\\\/logo\\\/image\\\/\",\"url\":\"https:\\\/\\\/www.impc.fr\\\/wp-content\\\/uploads\\\/2018\\\/05\\\/IMPClogo.png\",\"contentUrl\":\"https:\\\/\\\/www.impc.fr\\\/wp-content\\\/uploads\\\/2018\\\/05\\\/IMPClogo.png\",\"width\":203,\"height\":186,\"caption\":\"Imagerie M\u00e9dicale Paris\"},\"image\":{\"@id\":\"https:\\\/\\\/www.impc.fr\\\/#\\\/schema\\\/logo\\\/image\\\/\"}}]}<\/script>\n<!-- \/ Yoast SEO plugin. -->","yoast_head_json":{"title":"Women's imaging and pediatric imaging - IMPC Paris -","description":"The women's and pediatric imaging center, a diagnosis covering different aspects such as pelvic pain, pregnant women ...","robots":{"index":"index","follow":"follow","max-snippet":"max-snippet:-1","max-image-preview":"max-image-preview:large","max-video-preview":"max-video-preview:-1"},"canonical":"https:\/\/www.impc.fr\/en\/womens-and-childrens-imaging\/","og_locale":"en_US","og_type":"article","og_title":"Imagerie de la femme et imagerie p\u00e9diatrique - IMPC Paris -","og_description":"Le centre d'imagerie de la femme et p\u00e9diatrique, un diagnostic couvrant diff\u00e9rents aspects telle que douleurs pelviennes, femmes enceintes ...","og_url":"https:\/\/www.impc.fr\/en\/womens-and-childrens-imaging\/","og_site_name":"Groupe IMPC - Imagerie M\u00e9dicale","article_modified_time":"2025-11-26T15:07:56+00:00","twitter_card":"summary_large_image","twitter_misc":{"Est. reading time":"7 minutes"},"schema":{"@context":"https:\/\/schema.org","@graph":[{"@type":"WebPage","@id":"https:\/\/www.impc.fr\/imagerie-femme-et-enfant\/","url":"https:\/\/www.impc.fr\/imagerie-femme-et-enfant\/","name":"Women's imaging and pediatric imaging - IMPC Paris -","isPartOf":{"@id":"https:\/\/www.impc.fr\/#website"},"datePublished":"2019-04-02T08:19:29+00:00","dateModified":"2025-11-26T15:07:56+00:00","description":"The women's and pediatric imaging center, a diagnosis covering different aspects such as pelvic pain, pregnant women ...","breadcrumb":{"@id":"https:\/\/www.impc.fr\/imagerie-femme-et-enfant\/#breadcrumb"},"inLanguage":"en-US","potentialAction":[{"@type":"ReadAction","target":["https:\/\/www.impc.fr\/imagerie-femme-et-enfant\/"]}]},{"@type":"BreadcrumbList","@id":"https:\/\/www.impc.fr\/imagerie-femme-et-enfant\/#breadcrumb","itemListElement":[{"@type":"ListItem","position":1,"name":"Home","item":"https:\/\/www.impc.fr\/"},{"@type":"ListItem","position":2,"name":"P\u00f4le Imagerie Femme et Enfant"}]},{"@type":"WebSite","@id":"https:\/\/www.impc.fr\/#website","url":"https:\/\/www.impc.fr\/","name":"Groupe IMPC - Imagerie M\u00e9dicale","description":"Centre de radiologie sur Paris","publisher":{"@id":"https:\/\/www.impc.fr\/#organization"},"potentialAction":[{"@type":"SearchAction","target":{"@type":"EntryPoint","urlTemplate":"https:\/\/www.impc.fr\/?s={search_term_string}"},"query-input":{"@type":"PropertyValueSpecification","valueRequired":true,"valueName":"search_term_string"}}],"inLanguage":"en-US"},{"@type":"Organization","@id":"https:\/\/www.impc.fr\/#organization","name":"Medical Imaging Paris","url":"https:\/\/www.impc.fr\/","logo":{"@type":"ImageObject","inLanguage":"en-US","@id":"https:\/\/www.impc.fr\/#\/schema\/logo\/image\/","url":"https:\/\/www.impc.fr\/wp-content\/uploads\/2018\/05\/IMPClogo.png","contentUrl":"https:\/\/www.impc.fr\/wp-content\/uploads\/2018\/05\/IMPClogo.png","width":203,"height":186,"caption":"Imagerie M\u00e9dicale Paris"},"image":{"@id":"https:\/\/www.impc.fr\/#\/schema\/logo\/image\/"}}]}},"_links":{"self":[{"href":"https:\/\/www.impc.fr\/en\/wp-json\/wp\/v2\/pages\/782","targetHints":{"allow":["GET"]}}],"collection":[{"href":"https:\/\/www.impc.fr\/en\/wp-json\/wp\/v2\/pages"}],"about":[{"href":"https:\/\/www.impc.fr\/en\/wp-json\/wp\/v2\/types\/page"}],"author":[{"embeddable":true,"href":"https:\/\/www.impc.fr\/en\/wp-json\/wp\/v2\/users\/1"}],"replies":[{"embeddable":true,"href":"https:\/\/www.impc.fr\/en\/wp-json\/wp\/v2\/comments?post=782"}],"version-history":[{"count":0,"href":"https:\/\/www.impc.fr\/en\/wp-json\/wp\/v2\/pages\/782\/revisions"}],"wp:attachment":[{"href":"https:\/\/www.impc.fr\/en\/wp-json\/wp\/v2\/media?parent=782"}],"curies":[{"name":"wp","href":"https:\/\/api.w.org\/{rel}","templated":true}]}}