{"id":738,"date":"2019-04-02T08:11:48","date_gmt":"2019-04-02T08:11:48","guid":{"rendered":"http:\/\/www.impc.fr\/?page_id=738"},"modified":"2026-02-03T15:04:00","modified_gmt":"2026-02-03T15:04:00","slug":"osteo-articular","status":"publish","type":"page","link":"https:\/\/www.impc.fr\/en\/osteo-articulaire\/","title":{"rendered":"Osteoarticular Division"},"content":{"rendered":"<p>[et_pb_section fb_built=\u00a0\u00bb1&Prime; custom_padding_last_edited=\u00a0\u00bbon|phone\u00a0\u00bb _builder_version=\u00a0\u00bb4.27.4&Prime; _module_preset=\u00a0\u00bbdefault\u00a0\u00bb custom_padding=\u00a0\u00bb5px||8px||false|false\u00a0\u00bb custom_padding_tablet=\u00a0\u00bb49px||||false|false\u00a0\u00bb custom_padding_phone=\u00a0\u00bb0px||||false|false\u00a0\u00bb locked=\u00a0\u00bboff\u00a0\u00bb global_colors_info=\u00a0\u00bb{}\u00a0\u00bb][et_pb_row column_structure=\u00a0\u00bb1_2,1_2&Prime; use_custom_gutter=\u00a0\u00bbon\u00a0\u00bb gutter_width=\u00a0\u00bb4&Prime; custom_padding_last_edited=\u00a0\u00bbon|phone\u00a0\u00bb _builder_version=\u00a0\u00bb4.27.4&Prime; _module_preset=\u00a0\u00bbdefault\u00a0\u00bb width=\u00a0\u00bb70%\u00a0\u00bb width_tablet=\u00a0\u00bb92%\u00a0\u00bb width_phone=\u00a0\u00bb95%\u00a0\u00bb width_last_edited=\u00a0\u00bbon|phone\u00a0\u00bb max_width=\u00a0\u00bb100%\u00a0\u00bb custom_margin_tablet=\u00a0\u00bb\u00a0\u00bb custom_margin_phone=\u00a0\u00bb0px||0px||false|false\u00a0\u00bb custom_margin_last_edited=\u00a0\u00bbon|phone\u00a0\u00bb custom_padding=\u00a0\u00bb|||15px|false|false\u00a0\u00bb custom_padding_tablet=\u00a0\u00bb|||15px|false|false\u00a0\u00bb custom_padding_phone=\u00a0\u00bb|||0px|false|false\u00a0\u00bb make_fullwidth=\u00a0\u00bbon\u00a0\u00bb global_colors_info=\u00a0\u00bb{}\u00a0\u00bb][et_pb_column type=\u00a0\u00bb1_2&Prime; _builder_version=\u00a0\u00bb4.27.4&Prime; _module_preset=\u00a0\u00bbdefault\u00a0\u00bb custom_padding=\u00a0\u00bb|0px||0px|false|false\u00a0\u00bb global_colors_info=\u00a0\u00bb{}\u00a0\u00bb custom_padding__hover=\u00a0\u00bb|||\u00a0\u00bb][et_pb_text admin_label=\u00a0\u00bbTitle\u00a0\u00bb _builder_version=\u00a0\u00bb4.27.4&Prime; _module_preset=\u00a0\u00bbdefault\u00a0\u00bb text_font=\u00a0\u00bb&#8211;et_global_body_font||||||||\u00a0\u00bb text_text_color=\u00a0\u00bb#000000&Prime; text_font_size=\u00a0\u00bb20px\u00a0\u00bb header_font=\u00a0\u00bbMontserrat|600|||||||\u00a0\u00bb header_text_color=\u00a0\u00bb#007bff\u00a0\u00bb header_font_size=\u00a0\u00bb36px\u00a0\u00bb header_line_height=\u00a0\u00bb1.1em\u00a0\u00bb header_2_font=\u00a0\u00bbMontserrat||||||||\u00a0\u00bb header_2_text_color=\u00a0\u00bb#ffffff\u00a0\u00bb header_2_font_size=\u00a0\u00bb42px\u00a0\u00bb header_2_letter_spacing=\u00a0\u00bb11px\u00a0\u00bb header_3_font=\u00a0\u00bb||||||||\u00a0\u00bb header_3_text_color=\u00a0\u00bb#ffcc00&Prime; header_3_font_size=\u00a0\u00bb28px\u00a0\u00bb background_layout=\u00a0\u00bbdark\u00a0\u00bb custom_margin=\u00a0\u00bb9px||79px||false|true\u00a0\u00bb custom_margin_tablet=\u00a0\u00bb9px||20px||false|true\u00a0\u00bb custom_margin_phone=\u00a0\u00bb0px|0px|8px|0px|false|true\u00a0\u00bb custom_margin_last_edited=\u00a0\u00bbon|phone\u00a0\u00bb custom_padding=\u00a0\u00bb|0px||0px|false|false\u00a0\u00bb animation_style=\u00a0\u00bbzoom\u00a0\u00bb animation_direction=\u00a0\u00bbleft\u00a0\u00bb animation_intensity_zoom=\u00a0\u00bb10%\u00a0\u00bb text_font_size_tablet=\u00a0\u00bb20px\u00a0\u00bb text_font_size_phone=\u00a0\u00bb33px\u00a0\u00bb text_font_size_last_edited=\u00a0\u00bbon|phone\u00a0\u00bb header_font_size_tablet=\u00a0\u00bb\u00a0\u00bb header_font_size_phone=\u00a0\u00bb29px\u00a0\u00bb header_font_size_last_edited=\u00a0\u00bbon|phone\u00a0\u00bb global_colors_info=\u00a0\u00bb{}\u00a0\u00bb]<\/p>\n<h1 style=\"text-align: left;\"><strong>Imagerie ost\u00e9o-articulaire : Infiltrations, biopsie<\/strong><\/h1>\n<p>[\/et_pb_text][et_pb_image src=\u00a0\u00bbhttps:\/\/www.impc.fr\/wp-content\/uploads\/2025\/06\/shutterstock_2495111199-scaled.jpg\u00a0\u00bb alt=\u00a0\u00bbirm cereblare \u00e0 Paris chez l&rsquo;IMPC\u00a0\u00bb title_text=\u00a0\u00bbdouleur ost\u00e9o articulaire\u00a0\u00bb disabled_on=\u00a0\u00bboff|off|on\u00a0\u00bb _builder_version=\u00a0\u00bb4.27.4&Prime; _module_preset=\u00a0\u00bbdefault\u00a0\u00bb custom_margin=\u00a0\u00bb17px||||false|false\u00a0\u00bb custom_margin_tablet=\u00a0\u00bb29px||||false|false\u00a0\u00bb custom_margin_phone=\u00a0\u00bb0px|||0px|false|false\u00a0\u00bb custom_margin_last_edited=\u00a0\u00bbon|desktop\u00a0\u00bb global_colors_info=\u00a0\u00bb{}\u00a0\u00bb][\/et_pb_image][et_pb_blurb title=\u00a0\u00bbRDV IRM en ligne sur Doctolib\u00a0\u00bb use_icon=\u00a0\u00bbon\u00a0\u00bb font_icon=\u00a0\u00bb&#xe023;||divi||400&Prime; icon_color=\u00a0\u00bb#282828&Prime; icon_placement=\u00a0\u00bbleft\u00a0\u00bb image_icon_width=\u00a0\u00bb70px\u00a0\u00bb content_max_width=\u00a0\u00bb105%\u00a0\u00bb icon_placement_tablet=\u00a0\u00bbleft\u00a0\u00bb icon_placement_phone=\u00a0\u00bbleft\u00a0\u00bb icon_placement_last_edited=\u00a0\u00bbon|phone\u00a0\u00bb image_icon_width_tablet=\u00a0\u00bb70px\u00a0\u00bb image_icon_width_phone=\u00a0\u00bb35px\u00a0\u00bb image_icon_width_last_edited=\u00a0\u00bbon|phone\u00a0\u00bb _builder_version=\u00a0\u00bb4.27.4&Prime; _module_preset=\u00a0\u00bbdefault\u00a0\u00bb header_level=\u00a0\u00bbh2&Prime; header_font=\u00a0\u00bb&#8211;et_global_heading_font|700||on|||||\u00a0\u00bb header_text_align=\u00a0\u00bbleft\u00a0\u00bb header_text_color=\u00a0\u00bb#282828&Prime; header_font_size=\u00a0\u00bb24px\u00a0\u00bb body_font=\u00a0\u00bb&#8211;et_global_body_font||||||||\u00a0\u00bb body_text_color=\u00a0\u00bb#424242&Prime; body_font_size=\u00a0\u00bb17px\u00a0\u00bb body_line_height=\u00a0\u00bb1.6em\u00a0\u00bb background_color=\u00a0\u00bbRGBA(255,255,255,0)\u00a0\u00bb image_icon_custom_margin=\u00a0\u00bb-10px||||false|false\u00a0\u00bb image_icon_custom_margin_tablet=\u00a0\u00bb-10px||||false|false\u00a0\u00bb image_icon_custom_margin_phone=\u00a0\u00bb-10px||||false|false\u00a0\u00bb image_icon_custom_margin_last_edited=\u00a0\u00bbon|desktop\u00a0\u00bb width=\u00a0\u00bb100%\u00a0\u00bb width_tablet=\u00a0\u00bb89%\u00a0\u00bb width_phone=\u00a0\u00bb100%\u00a0\u00bb width_last_edited=\u00a0\u00bbon|tablet\u00a0\u00bb module_alignment=\u00a0\u00bbcenter\u00a0\u00bb custom_margin=\u00a0\u00bb0px||35px|0px|false|false\u00a0\u00bb custom_margin_tablet=\u00a0\u00bb-16px||0px||false|false\u00a0\u00bb custom_margin_phone=\u00a0\u00bb0px||0px|0px|false|false\u00a0\u00bb custom_margin_last_edited=\u00a0\u00bbon|desktop\u00a0\u00bb custom_padding=\u00a0\u00bb0px||0px|3px|true|false\u00a0\u00bb custom_padding_tablet=\u00a0\u00bb40px||40px|39px|true|false\u00a0\u00bb custom_padding_phone=\u00a0\u00bb17px||17px|0px|true|false\u00a0\u00bb custom_padding_last_edited=\u00a0\u00bbon|phone\u00a0\u00bb header_text_align_tablet=\u00a0\u00bbleft\u00a0\u00bb header_text_align_phone=\u00a0\u00bbleft\u00a0\u00bb header_text_align_last_edited=\u00a0\u00bbon|phone\u00a0\u00bb header_font_size_tablet=\u00a0\u00bb24px\u00a0\u00bb header_font_size_phone=\u00a0\u00bb18px\u00a0\u00bb header_font_size_last_edited=\u00a0\u00bbon|phone\u00a0\u00bb body_font_size_tablet=\u00a0\u00bb17px\u00a0\u00bb body_font_size_phone=\u00a0\u00bb12px\u00a0\u00bb body_font_size_last_edited=\u00a0\u00bbon|phone\u00a0\u00bb border_width_all_image=\u00a0\u00bb0px\u00a0\u00bb locked=\u00a0\u00bboff\u00a0\u00bb global_colors_info=\u00a0\u00bb{}\u00a0\u00bb]<\/p>\n<p>Prenez rendez-vous pour un IRM dans nos centres<\/p>\n<p>[\/et_pb_blurb][et_pb_text _builder_version=\u00a0\u00bb4.27.4&Prime; _module_preset=\u00a0\u00bbdefault\u00a0\u00bb text_font=\u00a0\u00bb|700|||||||\u00a0\u00bb text_text_color=\u00a0\u00bb#FFFFFF\u00a0\u00bb text_font_size=\u00a0\u00bb18px\u00a0\u00bb header_text_color=\u00a0\u00bb#FFFFFF\u00a0\u00bb background_color=\u00a0\u00bb#007bff\u00a0\u00bb text_orientation=\u00a0\u00bbcenter\u00a0\u00bb width_tablet=\u00a0\u00bb79%\u00a0\u00bb width_phone=\u00a0\u00bb100%\u00a0\u00bb width_last_edited=\u00a0\u00bbon|tablet\u00a0\u00bb max_width_tablet=\u00a0\u00bb\u00a0\u00bb max_width_phone=\u00a0\u00bb\u00a0\u00bb max_width_last_edited=\u00a0\u00bbon|tablet\u00a0\u00bb custom_margin=\u00a0\u00bb8px||10px||false|false\u00a0\u00bb custom_margin_tablet=\u00a0\u00bb8px||8px||true|false\u00a0\u00bb custom_margin_phone=\u00a0\u00bb8px|0px|6px|0px|false|true\u00a0\u00bb custom_margin_last_edited=\u00a0\u00bbon|phone\u00a0\u00bb custom_padding=\u00a0\u00bb10px|20px|10px|20px|true|true\u00a0\u00bb custom_padding_tablet=\u00a0\u00bb9px|20px|9px|20px|true|true\u00a0\u00bb custom_padding_phone=\u00a0\u00bb8px|20px|8px|20px|true|true\u00a0\u00bb custom_padding_last_edited=\u00a0\u00bbon|phone\u00a0\u00bb link_option_url=\u00a0\u00bbhttps:\/\/www.doctolib.fr\/centre-d-imagerie-medicale\/paris\/irm-bachaumont\u00a0\u00bb text_font_size_tablet=\u00a0\u00bb18px\u00a0\u00bb text_font_size_phone=\u00a0\u00bb15px\u00a0\u00bb text_font_size_last_edited=\u00a0\u00bbon|phone\u00a0\u00bb border_radii=\u00a0\u00bbon|12px|12px|12px|12px\u00a0\u00bb locked=\u00a0\u00bboff\u00a0\u00bb global_colors_info=\u00a0\u00bb{}\u00a0\u00bb text_text_color__hover_enabled=\u00a0\u00bbon|hover\u00a0\u00bb text_text_color__hover=\u00a0\u00bb#FFFFFF\u00a0\u00bb background_color__hover=\u00a0\u00bb#004D77&Prime; background_enable_color__hover=\u00a0\u00bbon\u00a0\u00bb background__hover_enabled=\u00a0\u00bbon|hover\u00a0\u00bb]<\/p>\n<p>Prise de rendez-vous IRM &#8211; Paris 75002<\/p>\n<p>[\/et_pb_text][et_pb_text _builder_version=\u00a0\u00bb4.27.4&Prime; _module_preset=\u00a0\u00bbdefault\u00a0\u00bb text_font=\u00a0\u00bb|700|||||||\u00a0\u00bb text_text_color=\u00a0\u00bb#FFFFFF\u00a0\u00bb text_font_size=\u00a0\u00bb18px\u00a0\u00bb header_text_color=\u00a0\u00bb#FFFFFF\u00a0\u00bb background_color=\u00a0\u00bb#007bff\u00a0\u00bb text_orientation=\u00a0\u00bbcenter\u00a0\u00bb width_tablet=\u00a0\u00bb79%\u00a0\u00bb width_phone=\u00a0\u00bb100%\u00a0\u00bb width_last_edited=\u00a0\u00bbon|tablet\u00a0\u00bb max_width_tablet=\u00a0\u00bb\u00a0\u00bb max_width_phone=\u00a0\u00bb\u00a0\u00bb max_width_last_edited=\u00a0\u00bbon|tablet\u00a0\u00bb custom_margin=\u00a0\u00bb8px||10px||false|false\u00a0\u00bb custom_margin_tablet=\u00a0\u00bb8px||8px||true|false\u00a0\u00bb custom_margin_phone=\u00a0\u00bb8px|0px|6px|0px|false|true\u00a0\u00bb custom_margin_last_edited=\u00a0\u00bbon|phone\u00a0\u00bb custom_padding=\u00a0\u00bb10px|20px|10px|20px|true|true\u00a0\u00bb custom_padding_tablet=\u00a0\u00bb9px|20px|9px|20px|true|true\u00a0\u00bb custom_padding_phone=\u00a0\u00bb8px|20px|8px|20px|true|true\u00a0\u00bb custom_padding_last_edited=\u00a0\u00bbon|phone\u00a0\u00bb link_option_url=\u00a0\u00bbhttps:\/\/www.doctolib.fr\/centre-d-imagerie-medicale\/paris\/centre-de-radiologie-blomet\u00a0\u00bb text_font_size_tablet=\u00a0\u00bb18px\u00a0\u00bb text_font_size_phone=\u00a0\u00bb15px\u00a0\u00bb text_font_size_last_edited=\u00a0\u00bbon|phone\u00a0\u00bb border_radii=\u00a0\u00bbon|12px|12px|12px|12px\u00a0\u00bb locked=\u00a0\u00bboff\u00a0\u00bb global_colors_info=\u00a0\u00bb{}\u00a0\u00bb text_text_color__hover_enabled=\u00a0\u00bbon|hover\u00a0\u00bb text_text_color__hover=\u00a0\u00bb#FFFFFF\u00a0\u00bb background_color__hover=\u00a0\u00bb#004D77&Prime; background_enable_color__hover=\u00a0\u00bbon\u00a0\u00bb background__hover_enabled=\u00a0\u00bbon|hover\u00a0\u00bb]<\/p>\n<p>Prise de rendez-vous IRM &#8211; Paris 75015<\/p>\n<p>[\/et_pb_text][et_pb_text _builder_version=\u00a0\u00bb4.27.4&Prime; _module_preset=\u00a0\u00bbdefault\u00a0\u00bb text_font=\u00a0\u00bb|700|||||||\u00a0\u00bb text_text_color=\u00a0\u00bb#FFFFFF\u00a0\u00bb text_font_size=\u00a0\u00bb18px\u00a0\u00bb header_text_color=\u00a0\u00bb#FFFFFF\u00a0\u00bb background_color=\u00a0\u00bb#007bff\u00a0\u00bb text_orientation=\u00a0\u00bbcenter\u00a0\u00bb width_tablet=\u00a0\u00bb79%\u00a0\u00bb width_phone=\u00a0\u00bb100%\u00a0\u00bb width_last_edited=\u00a0\u00bbon|tablet\u00a0\u00bb max_width_tablet=\u00a0\u00bb\u00a0\u00bb max_width_phone=\u00a0\u00bb\u00a0\u00bb max_width_last_edited=\u00a0\u00bbon|tablet\u00a0\u00bb custom_margin=\u00a0\u00bb8px||10px||false|false\u00a0\u00bb custom_margin_tablet=\u00a0\u00bb8px||8px||true|false\u00a0\u00bb custom_margin_phone=\u00a0\u00bb8px|0px|6px|0px|false|true\u00a0\u00bb custom_margin_last_edited=\u00a0\u00bbon|phone\u00a0\u00bb custom_padding=\u00a0\u00bb10px|20px|10px|20px|true|true\u00a0\u00bb custom_padding_tablet=\u00a0\u00bb9px|20px|9px|20px|true|true\u00a0\u00bb custom_padding_phone=\u00a0\u00bb8px|20px|8px|20px|true|true\u00a0\u00bb custom_padding_last_edited=\u00a0\u00bbon|phone\u00a0\u00bb link_option_url=\u00a0\u00bbhttps:\/\/www.doctolib.fr\/centre-d-imagerie-medicale\/paris\/irm-drouot\u00a0\u00bb text_font_size_tablet=\u00a0\u00bb18px\u00a0\u00bb text_font_size_phone=\u00a0\u00bb15px\u00a0\u00bb text_font_size_last_edited=\u00a0\u00bbon|phone\u00a0\u00bb border_radii=\u00a0\u00bbon|12px|12px|12px|12px\u00a0\u00bb locked=\u00a0\u00bboff\u00a0\u00bb global_colors_info=\u00a0\u00bb{}\u00a0\u00bb text_text_color__hover_enabled=\u00a0\u00bbon|hover\u00a0\u00bb text_text_color__hover=\u00a0\u00bb#FFFFFF\u00a0\u00bb background_color__hover=\u00a0\u00bb#004D77&Prime; background_enable_color__hover=\u00a0\u00bbon\u00a0\u00bb background__hover_enabled=\u00a0\u00bbon|hover\u00a0\u00bb]<\/p>\n<p>Prise de rendez-vous IRM &#8211; Paris 75009 Drouot<\/p>\n<p>[\/et_pb_text][\/et_pb_column][et_pb_column type=\u00a0\u00bb1_2&Prime; _builder_version=\u00a0\u00bb4.16&Prime; _module_preset=\u00a0\u00bbdefault\u00a0\u00bb custom_padding=\u00a0\u00bb80px|||\u00a0\u00bb global_colors_info=\u00a0\u00bb{}\u00a0\u00bb custom_padding__hover=\u00a0\u00bb|||\u00a0\u00bb][et_pb_image src=\u00a0\u00bbhttps:\/\/www.impc.fr\/wp-content\/uploads\/2025\/06\/shutterstock_2495111199-scaled.jpg\u00a0\u00bb alt=\u00a0\u00bbirm cereblare \u00e0 Paris chez l&rsquo;IMPC\u00a0\u00bb title_text=\u00a0\u00bbdouleur ost\u00e9o articulaire\u00a0\u00bb disabled_on=\u00a0\u00bbon|on|off\u00a0\u00bb _builder_version=\u00a0\u00bb4.27.4&Prime; _module_preset=\u00a0\u00bbdefault\u00a0\u00bb width=\u00a0\u00bb100%\u00a0\u00bb custom_margin=\u00a0\u00bb-61px||||false|false\u00a0\u00bb custom_margin_tablet=\u00a0\u00bb110px||||false|false\u00a0\u00bb custom_margin_phone=\u00a0\u00bb0px||||false|false\u00a0\u00bb custom_margin_last_edited=\u00a0\u00bbon|desktop\u00a0\u00bb global_colors_info=\u00a0\u00bb{}\u00a0\u00bb][\/et_pb_image][\/et_pb_column][\/et_pb_row][\/et_pb_section][et_pb_section fb_built=\u00a0\u00bb1&Prime; custom_padding_last_edited=\u00a0\u00bbon|phone\u00a0\u00bb _builder_version=\u00a0\u00bb4.27.4&Prime; _module_preset=\u00a0\u00bbdefault\u00a0\u00bb custom_padding=\u00a0\u00bb5px||8px||false|false\u00a0\u00bb custom_padding_tablet=\u00a0\u00bb49px||||false|false\u00a0\u00bb custom_padding_phone=\u00a0\u00bb0px||||false|false\u00a0\u00bb locked=\u00a0\u00bboff\u00a0\u00bb global_colors_info=\u00a0\u00bb{}\u00a0\u00bb][et_pb_row column_structure=\u00a0\u00bb1_2,1_2&Prime; use_custom_gutter=\u00a0\u00bbon\u00a0\u00bb gutter_width=\u00a0\u00bb2&Prime; custom_padding_last_edited=\u00a0\u00bbon|phone\u00a0\u00bb _builder_version=\u00a0\u00bb4.27.4&Prime; _module_preset=\u00a0\u00bbdefault\u00a0\u00bb width=\u00a0\u00bb70%\u00a0\u00bb width_tablet=\u00a0\u00bb92%\u00a0\u00bb width_phone=\u00a0\u00bb94%\u00a0\u00bb width_last_edited=\u00a0\u00bbon|phone\u00a0\u00bb max_width=\u00a0\u00bb100%\u00a0\u00bb custom_margin_tablet=\u00a0\u00bb\u00a0\u00bb custom_margin_phone=\u00a0\u00bb-40px||0px||false|false\u00a0\u00bb custom_margin_last_edited=\u00a0\u00bbon|phone\u00a0\u00bb custom_padding=\u00a0\u00bb|||15px|false|false\u00a0\u00bb custom_padding_tablet=\u00a0\u00bb|||15px|false|false\u00a0\u00bb custom_padding_phone=\u00a0\u00bb|||0px|false|false\u00a0\u00bb make_fullwidth=\u00a0\u00bbon\u00a0\u00bb global_colors_info=\u00a0\u00bb{}\u00a0\u00bb][et_pb_column type=\u00a0\u00bb1_2&Prime; _builder_version=\u00a0\u00bb4.27.4&Prime; _module_preset=\u00a0\u00bbdefault\u00a0\u00bb custom_padding=\u00a0\u00bb|0px||0px|false|false\u00a0\u00bb global_colors_info=\u00a0\u00bb{}\u00a0\u00bb custom_padding__hover=\u00a0\u00bb|||\u00a0\u00bb][et_pb_text _builder_version=\u00a0\u00bb4.27.4&Prime; _module_preset=\u00a0\u00bbdefault\u00a0\u00bb text_font=\u00a0\u00bb&#8211;et_global_body_font||||||||\u00a0\u00bb text_text_color=\u00a0\u00bb#000000&Prime; text_font_size=\u00a0\u00bb15px\u00a0\u00bb header_2_font=\u00a0\u00bb&#8211;et_global_heading_font|600|||||||\u00a0\u00bb header_2_font_size=\u00a0\u00bb21px\u00a0\u00bb header_2_line_height=\u00a0\u00bb1.4em\u00a0\u00bb header_3_font=\u00a0\u00bb&#8211;et_global_heading_font|600|||on|||#007BFF|\u00a0\u00bb header_3_text_color=\u00a0\u00bb#007BFF\u00a0\u00bb header_3_font_size=\u00a0\u00bb17px\u00a0\u00bb background_color=\u00a0\u00bb#fcfcfc\u00a0\u00bb min_height=\u00a0\u00bb104px\u00a0\u00bb custom_margin=\u00a0\u00bb||3px|||\u00a0\u00bb custom_padding=\u00a0\u00bb14px|18px|14px|18px|true|true\u00a0\u00bb header_2_font_size_tablet=\u00a0\u00bb21px\u00a0\u00bb header_2_font_size_phone=\u00a0\u00bb19px\u00a0\u00bb header_2_font_size_last_edited=\u00a0\u00bbon|phone\u00a0\u00bb border_radii=\u00a0\u00bbon|12px|12px|12px|12px\u00a0\u00bb border_color_right=\u00a0\u00bb#a3a3a3&Prime; box_shadow_style=\u00a0\u00bbpreset1&Prime; box_shadow_vertical=\u00a0\u00bb1px\u00a0\u00bb box_shadow_blur=\u00a0\u00bb10px\u00a0\u00bb global_colors_info=\u00a0\u00bb{}\u00a0\u00bb]<\/p>\n<h2>La douleur ost\u00e9o-articulaire : une pathologie qui touche un grand nombre de personnes<\/h2>\n<p>La <strong>douleur ost\u00e9o-articulaire<\/strong> est un probl\u00e8me tr\u00e8s courant dont les causes peuvent \u00eatre multiples, mais elles sont g\u00e9n\u00e9ralement dues \u00e0 une blessure ou \u00e0 l&rsquo;arthrite. Chez les personnes \u00e2g\u00e9es, une douleur articulaire qui s&rsquo;aggrave r\u00e9guli\u00e8rement est g\u00e9n\u00e9ralement un signe d&rsquo;arthrose. Elle peut toucher une seule articulation ou plusieurs.<br \/>L&rsquo;<strong>articulation du genou<\/strong> est probablement l&rsquo;articulation la plus fr\u00e9quemment endommag\u00e9e et elle est particuli\u00e8rement vuln\u00e9rable car elle supporte tout le poids du corps.<br \/>Le poignet est aussi une grande cible des traumastimes ost\u00e9o-articulaires. Les articulations les plus fr\u00e9quemment touch\u00e9es sont <strong>le genou, la hanche et les articulations de la main<\/strong>. Ce sont des\u00a0 \u00e9l\u00e9ments majeurs de l&rsquo;appareil locomoteur et ils constituent rapidement un handicap pour les personnes atteintes.<\/p>\n<h3>L&rsquo;articulation du genou<\/h3>\n<h4>Les pathologies<\/h4>\n<p>Les causes les plus courantes de la <strong>douleur<\/strong> <strong>au genou<\/strong> sont li\u00e9es au vieillissement, \u00e0 une blessure ou \u00e0 un stress r\u00e9p\u00e9t\u00e9 sur le genou. Les probl\u00e8mes de genou les plus courants sont les<a href=\"https:\/\/www.impc.fr\/irm-du-genou\/\" title=\"Les entorses du genou expliqu\u00e9es dans le cadre de l'IRM du genou\"> entorses<\/a> ou les foulures des ligaments, les d\u00e9chirures du cartilage, les <a href=\"https:\/\/www.impc.fr\/irm-du-genou\/\" target=\"_blank\" rel=\"noopener\" title=\"Les tendinites du genou expliqu\u00e9es dans le cadre de l'IRM du genou\">tendinites<\/a> et l&rsquo;arthrite.<\/p>\n<h4>Le Diagnostic<\/h4>\n<p>Le diagnostic d&rsquo;une blessure ou d&rsquo;un probl\u00e8me de genou comprend un examen m\u00e9dical et, en g\u00e9n\u00e9ral, le recours \u00e0 une ou plusieurs proc\u00e9dures de diagnostic telles qu&rsquo;une<a href=\"https:\/\/www.impc.fr\/irm-du-genou\/\" title=\"L'IRM du genou\"><strong> IRM du genou<\/strong><\/a>, une radiographie du genou ou encore un <a href=\"https:\/\/www.impc.fr\/arthroscanner\/\" target=\"_blank\" rel=\"noopener\" title=\"L'arthroscanner pour d\u00e9tecter la raison des douleurs articulaires\">arthroscanner<\/a>.<\/p>\n<p>[\/et_pb_text][et_pb_text _builder_version=\u00a0\u00bb4.27.4&Prime; _module_preset=\u00a0\u00bbdefault\u00a0\u00bb text_font=\u00a0\u00bb&#8211;et_global_body_font||||||||\u00a0\u00bb text_text_color=\u00a0\u00bb#000000&Prime; text_font_size=\u00a0\u00bb15px\u00a0\u00bb header_2_font=\u00a0\u00bb&#8211;et_global_heading_font|600|||||||\u00a0\u00bb header_2_font_size=\u00a0\u00bb21px\u00a0\u00bb header_2_line_height=\u00a0\u00bb1.4em\u00a0\u00bb header_3_font=\u00a0\u00bb&#8211;et_global_heading_font|600|||on|||#007BFF|\u00a0\u00bb header_3_text_color=\u00a0\u00bb#007BFF\u00a0\u00bb header_3_font_size=\u00a0\u00bb17px\u00a0\u00bb background_color=\u00a0\u00bb#fcfcfc\u00a0\u00bb min_height=\u00a0\u00bb104px\u00a0\u00bb custom_margin=\u00a0\u00bb22px||0px||false|false\u00a0\u00bb custom_padding=\u00a0\u00bb14px|18px|14px|18px|true|true\u00a0\u00bb header_2_font_size_tablet=\u00a0\u00bb21px\u00a0\u00bb header_2_font_size_phone=\u00a0\u00bb19px\u00a0\u00bb header_2_font_size_last_edited=\u00a0\u00bbon|phone\u00a0\u00bb border_radii=\u00a0\u00bbon|12px|12px|12px|12px\u00a0\u00bb border_color_right=\u00a0\u00bb#a3a3a3&Prime; box_shadow_style=\u00a0\u00bbpreset1&Prime; box_shadow_vertical=\u00a0\u00bb1px\u00a0\u00bb box_shadow_blur=\u00a0\u00bb10px\u00a0\u00bb global_colors_info=\u00a0\u00bb{}\u00a0\u00bb]<\/p>\n<h3>L&rsquo;articulation du poignet<\/h3>\n<h4>Les pathologies<\/h4>\n<p>Les <strong>douleurs au poignet<\/strong> sont souvent caus\u00e9es par des entorses ou des fractures r\u00e9sultant de blessures soudaines. Mais les douleurs au poignet peuvent \u00e9galement r\u00e9sulter de probl\u00e8mes \u00e0 long terme, tels que le stress r\u00e9p\u00e9titif, l&rsquo;arthrite et le syndrome du canal carpien.<br \/>La douleur au poignet peut varier en fonction de sa cause. Par exemple, la douleur de l&rsquo;arthrose est souvent d\u00e9crite comme \u00e9tant similaire \u00e0 un mal de dents sourd, tandis que le <a href=\"https:\/\/centrecanalcarpien.com\" title=\"Le centre du canal carpien\">syndrome du canal carpien<\/a> provoque g\u00e9n\u00e9ralement une sensation d&rsquo;aiguilles ou de picotements, surtout la nuit.<\/p>\n<h4>Le Diagnostic<\/h4>\n<p>\u00c9tant donn\u00e9 que de nombreux facteurs peuvent entra\u00eener des douleurs au poignet, il peut \u00eatre difficile d&rsquo;en diagnostiquer la cause exacte, mais un diagnostic pr\u00e9cis est essentiel pour un traitement et une gu\u00e9rison appropri\u00e9s. Nos sp\u00e9cialistes dans le p\u00f4le <strong>ost\u00e9o-articulaire<\/strong> vous accompagne gr\u00e2ce \u00e0 la pratique d&rsquo;examen sur les <strong>articulations<\/strong> concern\u00e9es tels qu&rsquo;un <a href=\"https:\/\/www.impc.fr\/arthroscanner\/\" target=\"_blank\" rel=\"noopener\" title=\"L'arthroscanner exploit\u00e9s par nos sp\u00e9cialistes pour identifier les causes potentielles des douleurs articulaires au niveau du poignet\">arthroscanner<\/a>, une <a href=\"https:\/\/www.impc.fr\/irm-paris\/\" title=\"IRM \u00e0 Paris\">IRM<\/a> ou une <a href=\"https:\/\/www.impc.fr\/radiographie-paris-ile-de-france\/\" title=\"radiographie \u00e0 Paris et en \u00eele-de-France\">radiographie<\/a>.<\/p>\n<p>[\/et_pb_text][et_pb_text _builder_version=\u00a0\u00bb4.27.5&Prime; _module_preset=\u00a0\u00bbdefault\u00a0\u00bb text_font=\u00a0\u00bb&#8211;et_global_body_font||||||||\u00a0\u00bb text_text_color=\u00a0\u00bb#000000&Prime; text_font_size=\u00a0\u00bb15px\u00a0\u00bb header_2_font=\u00a0\u00bb&#8211;et_global_heading_font|600|||||||\u00a0\u00bb header_2_font_size=\u00a0\u00bb23px\u00a0\u00bb header_2_line_height=\u00a0\u00bb1.4em\u00a0\u00bb header_3_font=\u00a0\u00bb&#8211;et_global_heading_font|600|||||||\u00a0\u00bb header_3_text_color=\u00a0\u00bb#007BFF\u00a0\u00bb header_3_font_size=\u00a0\u00bb30px\u00a0\u00bb header_3_line_height=\u00a0\u00bb1.3em\u00a0\u00bb header_4_font=\u00a0\u00bb&#8211;et_global_heading_font|600|||||||\u00a0\u00bb header_4_text_color=\u00a0\u00bbrgba(0,0,0,0.76)\u00a0\u00bb width=\u00a0\u00bb89%\u00a0\u00bb width_tablet=\u00a0\u00bb89%\u00a0\u00bb width_phone=\u00a0\u00bb89%\u00a0\u00bb width_last_edited=\u00a0\u00bbon|desktop\u00a0\u00bb min_height=\u00a0\u00bb65px\u00a0\u00bb custom_margin=\u00a0\u00bb39px||30px|5px|false|false\u00a0\u00bb custom_padding=\u00a0\u00bb||0px|||\u00a0\u00bb hover_enabled=\u00a0\u00bb0&Prime; header_3_font_size_tablet=\u00a0\u00bb30px\u00a0\u00bb header_3_font_size_phone=\u00a0\u00bb23px\u00a0\u00bb header_3_font_size_last_edited=\u00a0\u00bbon|desktop\u00a0\u00bb border_color_right=\u00a0\u00bb#a3a3a3&Prime; global_colors_info=\u00a0\u00bb{}\u00a0\u00bb header_4_text_align=\u00a0\u00bbleft\u00a0\u00bb sticky_enabled=\u00a0\u00bb0&Prime; locked=\u00a0\u00bboff\u00a0\u00bb]<\/p>\n<h4 data-start=\"6035\" data-end=\"6094\"><strong>Nos sp\u00e9cialistes :\u00a0<\/strong><\/h4>\n<ul data-start=\"6096\" data-end=\"6391\">\n<li data-start=\"6096\" data-end=\"6143\">\n<p data-start=\"6098\" data-end=\"6143\"><span style=\"color: #000000;\"><a href=\"https:\/\/www.impc.fr\/docteur-david-petrover\/\" style=\"color: #000000;\"><em>David Petrover<\/em><\/a><\/span><\/p>\n<\/li>\n<li data-start=\"6144\" data-end=\"6207\">\n<p data-start=\"6146\" data-end=\"6207\"><span style=\"color: #000000;\"><a href=\"https:\/\/www.impc.fr\/docteur-jonathan-silvera\/\" style=\"color: #000000;\"><em>Jonathan Silvera<\/em><\/a><\/span><\/p>\n<\/li>\n<li data-start=\"6208\" data-end=\"6276\">\n<p data-start=\"6210\" data-end=\"6276\"><span style=\"color: #000000;\"><a href=\"https:\/\/www.impc.fr\/laurence-bellaiche-2\/\" style=\"color: #000000;\"><em>Laurence Bella\u00efche<\/em><\/a><\/span><\/p>\n<\/li>\n<li data-start=\"6277\" data-end=\"6329\">\n<p data-start=\"6279\" data-end=\"6329\"><span style=\"color: #000000;\"><em>Nabil Jomaah<\/em><\/span><\/p>\n<\/li>\n<\/ul>\n<p>[\/et_pb_text][\/et_pb_column][et_pb_column type=\u00a0\u00bb1_2&Prime; _builder_version=\u00a0\u00bb4.16&Prime; _module_preset=\u00a0\u00bbdefault\u00a0\u00bb custom_padding=\u00a0\u00bb80px|||\u00a0\u00bb global_colors_info=\u00a0\u00bb{}\u00a0\u00bb custom_padding__hover=\u00a0\u00bb|||\u00a0\u00bb][et_pb_text _builder_version=\u00a0\u00bb4.27.4&Prime; _module_preset=\u00a0\u00bbdefault\u00a0\u00bb text_font=\u00a0\u00bb&#8211;et_global_body_font||||||||\u00a0\u00bb text_text_color=\u00a0\u00bb#000000&Prime; text_font_size=\u00a0\u00bb15px\u00a0\u00bb header_2_font=\u00a0\u00bb&#8211;et_global_heading_font|600|||||||\u00a0\u00bb header_2_font_size=\u00a0\u00bb21px\u00a0\u00bb header_2_line_height=\u00a0\u00bb1.4em\u00a0\u00bb header_3_font=\u00a0\u00bb&#8211;et_global_heading_font|600|||on|||#007BFF|\u00a0\u00bb header_3_text_color=\u00a0\u00bb#007BFF\u00a0\u00bb header_3_font_size=\u00a0\u00bb17px\u00a0\u00bb background_enable_color=\u00a0\u00bboff\u00a0\u00bb min_height=\u00a0\u00bb104px\u00a0\u00bb custom_margin=\u00a0\u00bb-80px||3px||false|false\u00a0\u00bb custom_margin_tablet=\u00a0\u00bb-80px||3px||false|false\u00a0\u00bb custom_margin_phone=\u00a0\u00bb-80px||3px||false|false\u00a0\u00bb custom_margin_last_edited=\u00a0\u00bbon|desktop\u00a0\u00bb custom_padding=\u00a0\u00bb14px|18px|14px|18px|true|true\u00a0\u00bb header_2_font_size_tablet=\u00a0\u00bb21px\u00a0\u00bb header_2_font_size_phone=\u00a0\u00bb19px\u00a0\u00bb header_2_font_size_last_edited=\u00a0\u00bbon|phone\u00a0\u00bb border_radii=\u00a0\u00bbon|12px|12px|12px|12px\u00a0\u00bb border_color_right=\u00a0\u00bb#a3a3a3&Prime; box_shadow_style=\u00a0\u00bbpreset1&Prime; box_shadow_vertical=\u00a0\u00bb1px\u00a0\u00bb box_shadow_blur=\u00a0\u00bb10px\u00a0\u00bb global_colors_info=\u00a0\u00bb{}\u00a0\u00bb]<\/p>\n<h3>Les lombaires<\/h3>\n<h4>Les pathologies<\/h4>\n<p>Les affections couramment li\u00e9es aux<strong> lombaires<\/strong> sont les suivantes:<\/p>\n<ul>\n<li><strong>Une tension musculaire ou ligamentaire<\/strong>. Le fait de soulever des charges lourdes de mani\u00e8re r\u00e9p\u00e9t\u00e9e ou de faire un mouvement brusque et maladroit peut entra\u00eener une tension sur les muscles du dos et les ligaments de la colonne vert\u00e9brale. Si vous \u00eates en mauvaise condition physique, une tension constante sur votre dos peut provoquer des spasmes musculaires douloureux.<\/li>\n<li><strong>Disques bomb\u00e9s ou rompus<\/strong>. Les disques agissent comme des coussins entre les os (vert\u00e8bres) de votre colonne vert\u00e9brale. Le mat\u00e9riau mou \u00e0 l&rsquo;int\u00e9rieur d&rsquo;un disque peut se bomber ou se rompre et exercer une pression sur un nerf. Cependant, vous pouvez avoir un disque bomb\u00e9 ou rompu sans avoir mal au dos (lombaire).<\/li>\n<\/ul>\n<h4>Le Diagnostic<\/h4>\n<p>En effet, les pathologies li\u00e9es aux troubles lombaires sont d\u00e9couvertes de mani\u00e8re fortuite lors d&rsquo;une radiographie de la colonne vert\u00e9brale, l&rsquo;<a href=\"https:\/\/www.impc.fr\/irm-lombaire\/\" title=\"L'IRM lombaire\" target=\"_blank\" rel=\"noopener\">IRM lombaire<\/a>, <a href=\"https:\/\/www.impc.fr\/arthroscanner\/\" target=\"_blank\" rel=\"noopener\" title=\"L'arthroscanner pour identifier les causes des douleurs articulaires\">l&rsquo;arthroscanner<\/a> ou encore d&rsquo;autres moyens d&rsquo;imagerie exerc\u00e9s par nos sp\u00e9cialiste du p\u00f4le<strong> ost\u00e9o-articulaire<\/strong>.<\/p>\n<h2 style=\"text-align: left;\">Les caract\u00e9ristiques des troubles ost\u00e9o-articulaires<\/h2>\n<p>Les <strong>troubles ost\u00e9o-articulaires<\/strong> touchent environ 10 % de la population mondiale et peuvent \u00eatre subdivis\u00e9s en formes <strong>inflammatoires<\/strong> et <strong>d\u00e9g\u00e9n\u00e9ratives<\/strong>. Ils se caract\u00e9risent g\u00e9n\u00e9ralement par une \u00e9volution chronique qui, en l&rsquo;absence de traitement, peut entra\u00eener des l\u00e9sions irr\u00e9versibles des structures articulaires et provoquer un handicap et une d\u00e9ficience graves.<\/p>\n<ul class=\"custom-disc\"><\/ul>\n<p>[\/et_pb_text][et_pb_text _builder_version=\u00a0\u00bb4.27.4&Prime; _module_preset=\u00a0\u00bbdefault\u00a0\u00bb text_font=\u00a0\u00bb&#8211;et_global_body_font||||||||\u00a0\u00bb text_text_color=\u00a0\u00bb#000000&Prime; text_font_size=\u00a0\u00bb15px\u00a0\u00bb header_2_font=\u00a0\u00bb&#8211;et_global_heading_font|600|||||||\u00a0\u00bb header_2_font_size=\u00a0\u00bb21px\u00a0\u00bb header_2_line_height=\u00a0\u00bb1.4em\u00a0\u00bb header_3_font=\u00a0\u00bb&#8211;et_global_heading_font|600|||on|||#007BFF|\u00a0\u00bb header_3_text_color=\u00a0\u00bb#007BFF\u00a0\u00bb header_3_font_size=\u00a0\u00bb17px\u00a0\u00bb background_color=\u00a0\u00bb#fcfcfc\u00a0\u00bb min_height=\u00a0\u00bb104px\u00a0\u00bb custom_margin=\u00a0\u00bb22px||0px||false|false\u00a0\u00bb custom_padding=\u00a0\u00bb14px|18px|14px|18px|true|true\u00a0\u00bb header_2_font_size_tablet=\u00a0\u00bb21px\u00a0\u00bb header_2_font_size_phone=\u00a0\u00bb19px\u00a0\u00bb header_2_font_size_last_edited=\u00a0\u00bbon|phone\u00a0\u00bb border_radii=\u00a0\u00bbon|12px|12px|12px|12px\u00a0\u00bb border_color_right=\u00a0\u00bb#a3a3a3&Prime; box_shadow_style=\u00a0\u00bbpreset1&Prime; box_shadow_vertical=\u00a0\u00bb1px\u00a0\u00bb box_shadow_blur=\u00a0\u00bb10px\u00a0\u00bb global_colors_info=\u00a0\u00bb{}\u00a0\u00bb]<\/p>\n<h3>Quels sont les facteurs \u00e0 l&rsquo;origine d&rsquo;une affection ost\u00e9o-articulaire ?<\/h3>\n<p>Ces morbidit\u00e9s ost\u00e9o-articulaires peuvent \u00eatre d\u00fb \u00e0 des atteintes soudaines durant l&rsquo;exercice d&rsquo;activit\u00e9 sportive, ou tout simplement lors d&rsquo;un accident subit dans la vie courante. Selon les derni\u00e8res \u00e9tudes de l&rsquo;Organistaion Mondiale de la Sant\u00e9 (OMS), les facteurs majeurs <span>contribuant<strong> \u00e0 la charge globale des affections ost\u00e9o-articulaires<\/strong> et musculaires sont <strong>les <a href=\"https:\/\/www.impc.fr\/irm-lombaire\/\" target=\"_blank\" rel=\"noopener\" title=\"L'IRM lombaire permet le diagnostic des causes des lombalgies\">lombalgies<\/a>, les fractures et <a href=\"https:\/\/www.impc.fr\/irm-lombaire\/\" target=\"_blank\" rel=\"noopener\" title=\"L'IRM lombaire permet le diagnostic d'une arthrose\">l&rsquo;arthrose<\/a><\/strong>.<\/span><\/p>\n<p><span><\/span><\/p>\n<h3>Les deux grandes familles d&rsquo;alt\u00e9rations ost\u00e9o-articulaires<\/h3>\n<h4>Les formes inflammatoires<\/h4>\n<p>Les maladies rhumatismales sont des affections douloureuses caus\u00e9es par une <strong>inflammation<\/strong>, un gonflement et une <strong>douleur des articulations ou des muscles<\/strong>.<\/p>\n<h4>Les formes d\u00e9g\u00e9n\u00e9ratives<\/h4>\n<p>En raison du vieillissement, de l\u00e9sions et de blessures, d&rsquo;un exc\u00e8s de poids et du manque d&rsquo;exercice, les articulations et les structures connexes, telles que les os, les ligaments et le cartilage, peuvent \u00eatre affect\u00e9es par une s\u00e9rie de <strong>troubles d\u00e9g\u00e9n\u00e9ratifs<\/strong> qui ont une influence n\u00e9gative sur les activit\u00e9s de la vie quotidienne. <strong>L&rsquo;<a href=\"https:\/\/www.impc.fr\/irm-lombaire\/\" target=\"_blank\" rel=\"noopener\" title=\"L'arthrose peut \u00eatre diagnostiqu\u00e9e avec l'IRM lombaire\">arthrose<\/a> (<a href=\"https:\/\/www.impc.fr\/irm-lombaire\/\" title=\"L'IRM lombaire permet le diagnostic des causes d'une lombalgie\" target=\"_blank\" rel=\"noopener\">lombalgie<\/a>)<\/strong> est le <strong>trouble ost\u00e9o-articulaire<\/strong> le plus courant et repr\u00e9sente actuellement l&rsquo;une des principales causes d&rsquo;invalidit\u00e9 dans le monde. En Europe, l&rsquo;arthrose est \u00e0 l&rsquo;origine d&rsquo;un handicap mod\u00e9r\u00e9 \u00e0 s\u00e9v\u00e8re chez environ 40 millions de personnes.<\/p>\n<p>[\/et_pb_text][\/et_pb_column][\/et_pb_row][\/et_pb_section]<\/p>\n","protected":false},"excerpt":{"rendered":"<p>Imagerie ost\u00e9o-articulaire : Infiltrations, biopsiePrenez rendez-vous pour un IRM dans nos centresPrise de rendez-vous IRM &#8211; Paris 75002Prise de rendez-vous IRM &#8211; Paris 75015Prise de rendez-vous IRM &#8211; Paris 75009 DrouotLa douleur ost\u00e9o-articulaire : une pathologie qui touche un grand nombre de personnes La douleur ost\u00e9o-articulaire est un probl\u00e8me tr\u00e8s courant dont les causes peuvent [&hellip;]<\/p>\n","protected":false},"author":1,"featured_media":0,"parent":0,"menu_order":0,"comment_status":"closed","ping_status":"closed","template":"","meta":{"_et_pb_use_builder":"on","_et_pb_old_content":"","_et_gb_content_width":"","footnotes":""},"class_list":["post-738","page","type-page","status-publish","hentry"],"yoast_head":"<!-- This site is optimized with the Yoast SEO plugin v27.5 - https:\/\/yoast.com\/product\/yoast-seo-wordpress\/ -->\n<title>Le P\u00f4le Ost\u00e9o-Articulaire - IMPC - Imagerie M\u00e9dicale Paris<\/title>\n<meta name=\"description\" content=\"Le p\u00f4le d&#039;IMPC Paris sp\u00e9cialis\u00e9 dans l&#039;imagerie m\u00e9dicale vous accompagne dans le diagnostique des affections Ost\u00e9o-Articulaires\" \/>\n<meta name=\"robots\" content=\"index, follow, max-snippet:-1, max-image-preview:large, max-video-preview:-1\" \/>\n<link rel=\"canonical\" href=\"https:\/\/www.impc.fr\/en\/osteo-articular\/\" \/>\n<meta property=\"og:locale\" content=\"en_US\" \/>\n<meta property=\"og:type\" content=\"article\" \/>\n<meta property=\"og:title\" content=\"Le P\u00f4le Ost\u00e9o-Articulaire - IMPC - Imagerie M\u00e9dicale Paris\" \/>\n<meta property=\"og:description\" content=\"Le p\u00f4le d&#039;IMPC Paris sp\u00e9cialis\u00e9 dans l&#039;imagerie m\u00e9dicale vous accompagne dans le diagnostique des affections Ost\u00e9o-Articulaires\" \/>\n<meta property=\"og:url\" content=\"https:\/\/www.impc.fr\/en\/osteo-articular\/\" \/>\n<meta property=\"og:site_name\" content=\"Groupe IMPC - Imagerie M\u00e9dicale\" \/>\n<meta property=\"article:modified_time\" content=\"2026-02-03T15:04:00+00:00\" \/>\n<meta name=\"twitter:card\" content=\"summary_large_image\" \/>\n<meta name=\"twitter:label1\" content=\"Est. reading time\" \/>\n\t<meta name=\"twitter:data1\" content=\"5 minutes\" \/>\n<script type=\"application\/ld+json\" class=\"yoast-schema-graph\">{\"@context\":\"https:\\\/\\\/schema.org\",\"@graph\":[{\"@type\":\"WebPage\",\"@id\":\"https:\\\/\\\/www.impc.fr\\\/osteo-articulaire\\\/\",\"url\":\"https:\\\/\\\/www.impc.fr\\\/osteo-articulaire\\\/\",\"name\":\"Le P\u00f4le Ost\u00e9o-Articulaire - IMPC - Imagerie M\u00e9dicale Paris\",\"isPartOf\":{\"@id\":\"https:\\\/\\\/www.impc.fr\\\/#website\"},\"datePublished\":\"2019-04-02T08:11:48+00:00\",\"dateModified\":\"2026-02-03T15:04:00+00:00\",\"description\":\"Le p\u00f4le d'IMPC Paris sp\u00e9cialis\u00e9 dans l'imagerie m\u00e9dicale vous accompagne dans le diagnostique des affections Ost\u00e9o-Articulaires\",\"breadcrumb\":{\"@id\":\"https:\\\/\\\/www.impc.fr\\\/osteo-articulaire\\\/#breadcrumb\"},\"inLanguage\":\"en-US\",\"potentialAction\":[{\"@type\":\"ReadAction\",\"target\":[\"https:\\\/\\\/www.impc.fr\\\/osteo-articulaire\\\/\"]}]},{\"@type\":\"BreadcrumbList\",\"@id\":\"https:\\\/\\\/www.impc.fr\\\/osteo-articulaire\\\/#breadcrumb\",\"itemListElement\":[{\"@type\":\"ListItem\",\"position\":1,\"name\":\"Home\",\"item\":\"https:\\\/\\\/www.impc.fr\\\/\"},{\"@type\":\"ListItem\",\"position\":2,\"name\":\"P\u00f4le Ost\u00e9o-articulaire\"}]},{\"@type\":\"WebSite\",\"@id\":\"https:\\\/\\\/www.impc.fr\\\/#website\",\"url\":\"https:\\\/\\\/www.impc.fr\\\/\",\"name\":\"Groupe IMPC - Imagerie M\u00e9dicale\",\"description\":\"Centre de radiologie sur Paris\",\"publisher\":{\"@id\":\"https:\\\/\\\/www.impc.fr\\\/#organization\"},\"potentialAction\":[{\"@type\":\"SearchAction\",\"target\":{\"@type\":\"EntryPoint\",\"urlTemplate\":\"https:\\\/\\\/www.impc.fr\\\/?s={search_term_string}\"},\"query-input\":{\"@type\":\"PropertyValueSpecification\",\"valueRequired\":true,\"valueName\":\"search_term_string\"}}],\"inLanguage\":\"en-US\"},{\"@type\":\"Organization\",\"@id\":\"https:\\\/\\\/www.impc.fr\\\/#organization\",\"name\":\"Imagerie M\u00e9dicale Paris\",\"url\":\"https:\\\/\\\/www.impc.fr\\\/\",\"logo\":{\"@type\":\"ImageObject\",\"inLanguage\":\"en-US\",\"@id\":\"https:\\\/\\\/www.impc.fr\\\/#\\\/schema\\\/logo\\\/image\\\/\",\"url\":\"https:\\\/\\\/www.impc.fr\\\/wp-content\\\/uploads\\\/2018\\\/05\\\/IMPClogo.png\",\"contentUrl\":\"https:\\\/\\\/www.impc.fr\\\/wp-content\\\/uploads\\\/2018\\\/05\\\/IMPClogo.png\",\"width\":203,\"height\":186,\"caption\":\"Imagerie M\u00e9dicale Paris\"},\"image\":{\"@id\":\"https:\\\/\\\/www.impc.fr\\\/#\\\/schema\\\/logo\\\/image\\\/\"}}]}<\/script>\n<!-- \/ Yoast SEO plugin. -->","yoast_head_json":{"title":"The Osteoarticular Pole - IMPC - Imagerie M\u00e9dicale Paris","description":"IMPC Paris's medical imaging department can help you diagnose osteoarticular disorders.","robots":{"index":"index","follow":"follow","max-snippet":"max-snippet:-1","max-image-preview":"max-image-preview:large","max-video-preview":"max-video-preview:-1"},"canonical":"https:\/\/www.impc.fr\/en\/osteo-articular\/","og_locale":"en_US","og_type":"article","og_title":"Le P\u00f4le Ost\u00e9o-Articulaire - IMPC - Imagerie M\u00e9dicale Paris","og_description":"Le p\u00f4le d'IMPC Paris sp\u00e9cialis\u00e9 dans l'imagerie m\u00e9dicale vous accompagne dans le diagnostique des affections Ost\u00e9o-Articulaires","og_url":"https:\/\/www.impc.fr\/en\/osteo-articular\/","og_site_name":"Groupe IMPC - Imagerie M\u00e9dicale","article_modified_time":"2026-02-03T15:04:00+00:00","twitter_card":"summary_large_image","twitter_misc":{"Est. reading time":"5 minutes"},"schema":{"@context":"https:\/\/schema.org","@graph":[{"@type":"WebPage","@id":"https:\/\/www.impc.fr\/osteo-articulaire\/","url":"https:\/\/www.impc.fr\/osteo-articulaire\/","name":"The Osteoarticular Pole - IMPC - Imagerie M\u00e9dicale Paris","isPartOf":{"@id":"https:\/\/www.impc.fr\/#website"},"datePublished":"2019-04-02T08:11:48+00:00","dateModified":"2026-02-03T15:04:00+00:00","description":"IMPC Paris's medical imaging department can help you diagnose osteoarticular disorders.","breadcrumb":{"@id":"https:\/\/www.impc.fr\/osteo-articulaire\/#breadcrumb"},"inLanguage":"en-US","potentialAction":[{"@type":"ReadAction","target":["https:\/\/www.impc.fr\/osteo-articulaire\/"]}]},{"@type":"BreadcrumbList","@id":"https:\/\/www.impc.fr\/osteo-articulaire\/#breadcrumb","itemListElement":[{"@type":"ListItem","position":1,"name":"Home","item":"https:\/\/www.impc.fr\/"},{"@type":"ListItem","position":2,"name":"P\u00f4le Ost\u00e9o-articulaire"}]},{"@type":"WebSite","@id":"https:\/\/www.impc.fr\/#website","url":"https:\/\/www.impc.fr\/","name":"Groupe IMPC - Imagerie M\u00e9dicale","description":"Centre de radiologie sur Paris","publisher":{"@id":"https:\/\/www.impc.fr\/#organization"},"potentialAction":[{"@type":"SearchAction","target":{"@type":"EntryPoint","urlTemplate":"https:\/\/www.impc.fr\/?s={search_term_string}"},"query-input":{"@type":"PropertyValueSpecification","valueRequired":true,"valueName":"search_term_string"}}],"inLanguage":"en-US"},{"@type":"Organization","@id":"https:\/\/www.impc.fr\/#organization","name":"Medical Imaging Paris","url":"https:\/\/www.impc.fr\/","logo":{"@type":"ImageObject","inLanguage":"en-US","@id":"https:\/\/www.impc.fr\/#\/schema\/logo\/image\/","url":"https:\/\/www.impc.fr\/wp-content\/uploads\/2018\/05\/IMPClogo.png","contentUrl":"https:\/\/www.impc.fr\/wp-content\/uploads\/2018\/05\/IMPClogo.png","width":203,"height":186,"caption":"Imagerie M\u00e9dicale Paris"},"image":{"@id":"https:\/\/www.impc.fr\/#\/schema\/logo\/image\/"}}]}},"_links":{"self":[{"href":"https:\/\/www.impc.fr\/en\/wp-json\/wp\/v2\/pages\/738","targetHints":{"allow":["GET"]}}],"collection":[{"href":"https:\/\/www.impc.fr\/en\/wp-json\/wp\/v2\/pages"}],"about":[{"href":"https:\/\/www.impc.fr\/en\/wp-json\/wp\/v2\/types\/page"}],"author":[{"embeddable":true,"href":"https:\/\/www.impc.fr\/en\/wp-json\/wp\/v2\/users\/1"}],"replies":[{"embeddable":true,"href":"https:\/\/www.impc.fr\/en\/wp-json\/wp\/v2\/comments?post=738"}],"version-history":[{"count":1,"href":"https:\/\/www.impc.fr\/en\/wp-json\/wp\/v2\/pages\/738\/revisions"}],"predecessor-version":[{"id":5772,"href":"https:\/\/www.impc.fr\/en\/wp-json\/wp\/v2\/pages\/738\/revisions\/5772"}],"wp:attachment":[{"href":"https:\/\/www.impc.fr\/en\/wp-json\/wp\/v2\/media?parent=738"}],"curies":[{"name":"wp","href":"https:\/\/api.w.org\/{rel}","templated":true}]}}