{"id":6067,"date":"2026-09-03T14:50:55","date_gmt":"2026-09-03T14:50:55","guid":{"rendered":"https:\/\/www.impc.fr\/?page_id=6067"},"modified":"2026-09-03T14:53:48","modified_gmt":"2026-09-03T14:53:48","slug":"depistage-du-cancer-du-sein-par-tomosynthese","status":"publish","type":"page","link":"https:\/\/www.impc.fr\/en\/depistage-du-cancer-du-sein-par-tomosynthese\/","title":{"rendered":"D\u00e9pistage du cancer du sein par tomosynth\u00e8se"},"content":{"rendered":"\n[et_pb_section fb_built=\u00a0\u00bb1&Prime; custom_padding_last_edited=\u00a0\u00bbon|phone\u00a0\u00bb _builder_version=\u00a0\u00bb4.27.4&Prime; _module_preset=\u00a0\u00bbdefault\u00a0\u00bb custom_padding=\u00a0\u00bb5px||8px||false|false\u00a0\u00bb custom_padding_tablet=\u00a0\u00bb49px||||false|false\u00a0\u00bb custom_padding_phone=\u00a0\u00bb0px||||false|false\u00a0\u00bb locked=\u00a0\u00bboff\u00a0\u00bb global_colors_info=\u00a0\u00bb{}\u00a0\u00bb][et_pb_row column_structure=\u00a0\u00bb1_2,1_2&Prime; use_custom_gutter=\u00a0\u00bbon\u00a0\u00bb gutter_width=\u00a0\u00bb4&Prime; custom_padding_last_edited=\u00a0\u00bbon|phone\u00a0\u00bb _builder_version=\u00a0\u00bb4.27.4&Prime; _module_preset=\u00a0\u00bbdefault\u00a0\u00bb width=\u00a0\u00bb70%\u00a0\u00bb width_tablet=\u00a0\u00bb92%\u00a0\u00bb width_phone=\u00a0\u00bb95%\u00a0\u00bb width_last_edited=\u00a0\u00bbon|phone\u00a0\u00bb max_width=\u00a0\u00bb100%\u00a0\u00bb custom_margin_tablet=\u00a0\u00bb\u00a0\u00bb custom_margin_phone=\u00a0\u00bb0px||0px||false|false\u00a0\u00bb custom_margin_last_edited=\u00a0\u00bbon|phone\u00a0\u00bb custom_padding=\u00a0\u00bb|||15px|false|false\u00a0\u00bb custom_padding_tablet=\u00a0\u00bb|||15px|false|false\u00a0\u00bb custom_padding_phone=\u00a0\u00bb|||0px|false|false\u00a0\u00bb make_fullwidth=\u00a0\u00bbon\u00a0\u00bb global_colors_info=\u00a0\u00bb{}\u00a0\u00bb][et_pb_column type=\u00a0\u00bb1_2&Prime; _builder_version=\u00a0\u00bb4.27.4&Prime; _module_preset=\u00a0\u00bbdefault\u00a0\u00bb custom_padding=\u00a0\u00bb|0px||0px|false|false\u00a0\u00bb global_colors_info=\u00a0\u00bb{}\u00a0\u00bb custom_padding__hover=\u00a0\u00bb|||\u00a0\u00bb][et_pb_text admin_label=\u00a0\u00bbTitle\u00a0\u00bb _builder_version=\u00a0\u00bb4.27.8&Prime; _module_preset=\u00a0\u00bbdefault\u00a0\u00bb text_font=\u00a0\u00bb&#8211;et_global_body_font||||||||\u00a0\u00bb text_text_color=\u00a0\u00bb#000000&Prime; text_font_size=\u00a0\u00bb20px\u00a0\u00bb header_font=\u00a0\u00bbMontserrat|600|||||||\u00a0\u00bb header_text_color=\u00a0\u00bb#007bff\u00a0\u00bb header_font_size=\u00a0\u00bb36px\u00a0\u00bb header_line_height=\u00a0\u00bb1.1em\u00a0\u00bb header_2_font=\u00a0\u00bbMontserrat||||||||\u00a0\u00bb header_2_text_color=\u00a0\u00bb#ffffff\u00a0\u00bb header_2_font_size=\u00a0\u00bb42px\u00a0\u00bb header_2_letter_spacing=\u00a0\u00bb11px\u00a0\u00bb header_3_font=\u00a0\u00bb||||||||\u00a0\u00bb header_3_text_color=\u00a0\u00bb#ffcc00&Prime; header_3_font_size=\u00a0\u00bb28px\u00a0\u00bb background_layout=\u00a0\u00bbdark\u00a0\u00bb custom_margin=\u00a0\u00bb9px||79px||false|true\u00a0\u00bb custom_margin_tablet=\u00a0\u00bb9px||20px||false|true\u00a0\u00bb custom_margin_phone=\u00a0\u00bb0px|0px|8px|0px|false|true\u00a0\u00bb custom_margin_last_edited=\u00a0\u00bbon|phone\u00a0\u00bb custom_padding=\u00a0\u00bb|0px||0px|false|false\u00a0\u00bb animation_style=\u00a0\u00bbzoom\u00a0\u00bb animation_direction=\u00a0\u00bbleft\u00a0\u00bb animation_intensity_zoom=\u00a0\u00bb10%\u00a0\u00bb hover_enabled=\u00a0\u00bb0&Prime; text_font_size_tablet=\u00a0\u00bb20px\u00a0\u00bb text_font_size_phone=\u00a0\u00bb33px\u00a0\u00bb text_font_size_last_edited=\u00a0\u00bbon|phone\u00a0\u00bb header_font_size_tablet=\u00a0\u00bb\u00a0\u00bb header_font_size_phone=\u00a0\u00bb29px\u00a0\u00bb header_font_size_last_edited=\u00a0\u00bbon|phone\u00a0\u00bb global_colors_info=\u00a0\u00bb{}\u00a0\u00bb sticky_enabled=\u00a0\u00bb0&Prime;]<h1>D\u00e9pistage du cancer du sein par tomosynth\u00e8se<\/h1>\n<p style=\"text-align: left;\">[\/et_pb_text][et_pb_blurb title=\u00a0\u00bbRDV en ligne sur Doctolib\u00a0\u00bb use_icon=\u00a0\u00bbon\u00a0\u00bb font_icon=\u00a0\u00bb\ue023||divi||400&Prime; icon_color=\u00a0\u00bb#282828&Prime; icon_placement=\u00a0\u00bbleft\u00a0\u00bb image_icon_width=\u00a0\u00bb70px\u00a0\u00bb content_max_width=\u00a0\u00bb105%\u00a0\u00bb icon_placement_tablet=\u00a0\u00bbleft\u00a0\u00bb icon_placement_phone=\u00a0\u00bbleft\u00a0\u00bb icon_placement_last_edited=\u00a0\u00bbon|phone\u00a0\u00bb image_icon_width_tablet=\u00a0\u00bb70px\u00a0\u00bb image_icon_width_phone=\u00a0\u00bb35px\u00a0\u00bb image_icon_width_last_edited=\u00a0\u00bbon|phone\u00a0\u00bb _builder_version=\u00a0\u00bb4.27.4&Prime; _module_preset=\u00a0\u00bbdefault\u00a0\u00bb header_level=\u00a0\u00bbh2&Prime; header_font=\u00a0\u00bb&#8211;et_global_heading_font|700||on|||||\u00a0\u00bb header_text_align=\u00a0\u00bbleft\u00a0\u00bb header_text_color=\u00a0\u00bb#282828&Prime; header_font_size=\u00a0\u00bb24px\u00a0\u00bb body_font=\u00a0\u00bb&#8211;et_global_body_font||||||||\u00a0\u00bb body_text_color=\u00a0\u00bb#424242&Prime; body_font_size=\u00a0\u00bb17px\u00a0\u00bb body_line_height=\u00a0\u00bb1.6em\u00a0\u00bb background_color=\u00a0\u00bbRGBA(255,255,255,0)\u00a0\u00bb image_icon_custom_margin=\u00a0\u00bb-10px||||false|false\u00a0\u00bb image_icon_custom_margin_tablet=\u00a0\u00bb-10px||||false|false\u00a0\u00bb image_icon_custom_margin_phone=\u00a0\u00bb-10px||||false|false\u00a0\u00bb image_icon_custom_margin_last_edited=\u00a0\u00bbon|desktop\u00a0\u00bb width=\u00a0\u00bb100%\u00a0\u00bb width_tablet=\u00a0\u00bb89%\u00a0\u00bb width_phone=\u00a0\u00bb100%\u00a0\u00bb width_last_edited=\u00a0\u00bbon|tablet\u00a0\u00bb module_alignment=\u00a0\u00bbcenter\u00a0\u00bb custom_margin=\u00a0\u00bb0px||35px|0px|false|false\u00a0\u00bb custom_margin_tablet=\u00a0\u00bb-16px||0px||false|false\u00a0\u00bb custom_margin_phone=\u00a0\u00bb0px||0px|0px|false|false\u00a0\u00bb custom_margin_last_edited=\u00a0\u00bbon|desktop\u00a0\u00bb custom_padding=\u00a0\u00bb0px||0px|3px|true|false\u00a0\u00bb custom_padding_tablet=\u00a0\u00bb40px||40px|39px|true|false\u00a0\u00bb custom_padding_phone=\u00a0\u00bb17px||17px|0px|true|false\u00a0\u00bb custom_padding_last_edited=\u00a0\u00bbon|phone\u00a0\u00bb header_text_align_tablet=\u00a0\u00bbleft\u00a0\u00bb header_text_align_phone=\u00a0\u00bbleft\u00a0\u00bb header_text_align_last_edited=\u00a0\u00bbon|phone\u00a0\u00bb header_font_size_tablet=\u00a0\u00bb24px\u00a0\u00bb header_font_size_phone=\u00a0\u00bb18px\u00a0\u00bb header_font_size_last_edited=\u00a0\u00bbon|phone\u00a0\u00bb body_font_size_tablet=\u00a0\u00bb17px\u00a0\u00bb body_font_size_phone=\u00a0\u00bb12px\u00a0\u00bb body_font_size_last_edited=\u00a0\u00bbon|phone\u00a0\u00bb border_width_all_image=\u00a0\u00bb0px\u00a0\u00bb locked=\u00a0\u00bboff\u00a0\u00bb global_colors_info=\u00a0\u00bb{}\u00a0\u00bb]<\/p><p>Prenez rendez-vous dans nos centres<\/p>[\/et_pb_blurb][et_pb_text _builder_version=\u00a0\u00bb4.27.4&Prime; _module_preset=\u00a0\u00bbdefault\u00a0\u00bb text_font=\u00a0\u00bb|700|||||||\u00a0\u00bb text_text_color=\u00a0\u00bb#FFFFFF\u00a0\u00bb text_font_size=\u00a0\u00bb18px\u00a0\u00bb header_text_color=\u00a0\u00bb#FFFFFF\u00a0\u00bb background_color=\u00a0\u00bb#007bff\u00a0\u00bb text_orientation=\u00a0\u00bbcenter\u00a0\u00bb width_tablet=\u00a0\u00bb79%\u00a0\u00bb width_phone=\u00a0\u00bb100%\u00a0\u00bb width_last_edited=\u00a0\u00bbon|tablet\u00a0\u00bb max_width_tablet=\u00a0\u00bb\u00a0\u00bb max_width_phone=\u00a0\u00bb\u00a0\u00bb max_width_last_edited=\u00a0\u00bbon|tablet\u00a0\u00bb custom_margin=\u00a0\u00bb8px||10px||false|false\u00a0\u00bb custom_margin_tablet=\u00a0\u00bb8px||8px||true|false\u00a0\u00bb custom_margin_phone=\u00a0\u00bb8px|0px|6px|0px|false|true\u00a0\u00bb custom_margin_last_edited=\u00a0\u00bbon|phone\u00a0\u00bb custom_padding=\u00a0\u00bb10px|20px|10px|20px|true|true\u00a0\u00bb custom_padding_tablet=\u00a0\u00bb9px|20px|9px|20px|true|true\u00a0\u00bb custom_padding_phone=\u00a0\u00bb8px|20px|8px|20px|true|true\u00a0\u00bb custom_padding_last_edited=\u00a0\u00bbon|phone\u00a0\u00bb link_option_url=\u00a0\u00bbhttps:\/\/www.doctolib.fr\/centre-d-imagerie-medicale\/paris\/irm-bachaumont\u00a0\u00bb text_font_size_tablet=\u00a0\u00bb18px\u00a0\u00bb text_font_size_phone=\u00a0\u00bb15px\u00a0\u00bb text_font_size_last_edited=\u00a0\u00bbon|phone\u00a0\u00bb border_radii=\u00a0\u00bbon|12px|12px|12px|12px\u00a0\u00bb locked=\u00a0\u00bboff\u00a0\u00bb global_colors_info=\u00a0\u00bb{}\u00a0\u00bb text_text_color__hover_enabled=\u00a0\u00bbon|hover\u00a0\u00bb text_text_color__hover=\u00a0\u00bb#FFFFFF\u00a0\u00bb background_color__hover=\u00a0\u00bb#004D77&Prime; background_enable_color__hover=\u00a0\u00bbon\u00a0\u00bb background__hover_enabled=\u00a0\u00bbon|hover\u00a0\u00bb]<p>Prise de rendez-vous &#8211; Paris 75002<\/p>[\/et_pb_text][et_pb_text _builder_version=\u00a0\u00bb4.27.4&Prime; _module_preset=\u00a0\u00bbdefault\u00a0\u00bb text_font=\u00a0\u00bb|700|||||||\u00a0\u00bb text_text_color=\u00a0\u00bb#FFFFFF\u00a0\u00bb text_font_size=\u00a0\u00bb18px\u00a0\u00bb header_text_color=\u00a0\u00bb#FFFFFF\u00a0\u00bb background_color=\u00a0\u00bb#007bff\u00a0\u00bb text_orientation=\u00a0\u00bbcenter\u00a0\u00bb width_tablet=\u00a0\u00bb79%\u00a0\u00bb width_phone=\u00a0\u00bb100%\u00a0\u00bb width_last_edited=\u00a0\u00bbon|tablet\u00a0\u00bb max_width_tablet=\u00a0\u00bb\u00a0\u00bb max_width_phone=\u00a0\u00bb\u00a0\u00bb max_width_last_edited=\u00a0\u00bbon|tablet\u00a0\u00bb custom_margin=\u00a0\u00bb8px||10px||false|false\u00a0\u00bb custom_margin_tablet=\u00a0\u00bb8px||8px||true|false\u00a0\u00bb custom_margin_phone=\u00a0\u00bb8px|0px|6px|0px|false|true\u00a0\u00bb custom_margin_last_edited=\u00a0\u00bbon|phone\u00a0\u00bb custom_padding=\u00a0\u00bb10px|20px|10px|20px|true|true\u00a0\u00bb custom_padding_tablet=\u00a0\u00bb9px|20px|9px|20px|true|true\u00a0\u00bb custom_padding_phone=\u00a0\u00bb8px|20px|8px|20px|true|true\u00a0\u00bb custom_padding_last_edited=\u00a0\u00bbon|phone\u00a0\u00bb link_option_url=\u00a0\u00bbhttps:\/\/www.doctolib.fr\/centre-d-imagerie-medicale\/paris\/pole-sante-bergere-imagerie-medicale\/booking\/motive-categories?specialityId=11&amp;telehealth=false&amp;placeId=establishment-1785&amp;pid=establishment-1785&amp;speciality_ids%5B%5D=11&amp;bookingFunnelSource=profile\u00a0\u00bb text_font_size_tablet=\u00a0\u00bb18px\u00a0\u00bb text_font_size_phone=\u00a0\u00bb15px\u00a0\u00bb text_font_size_last_edited=\u00a0\u00bbon|phone\u00a0\u00bb border_radii=\u00a0\u00bbon|12px|12px|12px|12px\u00a0\u00bb locked=\u00a0\u00bboff\u00a0\u00bb global_colors_info=\u00a0\u00bb{}\u00a0\u00bb text_text_color__hover_enabled=\u00a0\u00bbon|hover\u00a0\u00bb text_text_color__hover=\u00a0\u00bb#FFFFFF\u00a0\u00bb background_color__hover=\u00a0\u00bb#004D77&Prime; background_enable_color__hover=\u00a0\u00bbon\u00a0\u00bb background__hover_enabled=\u00a0\u00bbon|hover\u00a0\u00bb]<p>Prise de rendez-vous &#8211; Paris 75009<\/p>[\/et_pb_text][et_pb_text _builder_version=\u00a0\u00bb4.27.4&Prime; _module_preset=\u00a0\u00bbdefault\u00a0\u00bb text_font=\u00a0\u00bb|700|||||||\u00a0\u00bb text_text_color=\u00a0\u00bb#FFFFFF\u00a0\u00bb text_font_size=\u00a0\u00bb18px\u00a0\u00bb header_text_color=\u00a0\u00bb#FFFFFF\u00a0\u00bb background_color=\u00a0\u00bb#007bff\u00a0\u00bb text_orientation=\u00a0\u00bbcenter\u00a0\u00bb width_tablet=\u00a0\u00bb79%\u00a0\u00bb width_phone=\u00a0\u00bb100%\u00a0\u00bb width_last_edited=\u00a0\u00bbon|tablet\u00a0\u00bb max_width_tablet=\u00a0\u00bb\u00a0\u00bb max_width_phone=\u00a0\u00bb\u00a0\u00bb max_width_last_edited=\u00a0\u00bbon|tablet\u00a0\u00bb custom_margin=\u00a0\u00bb8px||10px||false|false\u00a0\u00bb custom_margin_tablet=\u00a0\u00bb8px||8px||true|false\u00a0\u00bb custom_margin_phone=\u00a0\u00bb8px|0px|6px|0px|false|true\u00a0\u00bb custom_margin_last_edited=\u00a0\u00bbon|phone\u00a0\u00bb custom_padding=\u00a0\u00bb10px|20px|10px|20px|true|true\u00a0\u00bb custom_padding_tablet=\u00a0\u00bb9px|20px|9px|20px|true|true\u00a0\u00bb custom_padding_phone=\u00a0\u00bb8px|20px|8px|20px|true|true\u00a0\u00bb custom_padding_last_edited=\u00a0\u00bbon|phone\u00a0\u00bb link_option_url=\u00a0\u00bbhttps:\/\/www.doctolib.fr\/centre-d-imagerie-medicale\/paris\/centre-de-radiologie-blomet\u00a0\u00bb text_font_size_tablet=\u00a0\u00bb18px\u00a0\u00bb text_font_size_phone=\u00a0\u00bb15px\u00a0\u00bb text_font_size_last_edited=\u00a0\u00bbon|phone\u00a0\u00bb border_radii=\u00a0\u00bbon|12px|12px|12px|12px\u00a0\u00bb locked=\u00a0\u00bboff\u00a0\u00bb global_colors_info=\u00a0\u00bb{}\u00a0\u00bb text_text_color__hover_enabled=\u00a0\u00bbon|hover\u00a0\u00bb text_text_color__hover=\u00a0\u00bb#FFFFFF\u00a0\u00bb background_color__hover=\u00a0\u00bb#004D77&Prime; background_enable_color__hover=\u00a0\u00bbon\u00a0\u00bb background__hover_enabled=\u00a0\u00bbon|hover\u00a0\u00bb]<p>Prise de rendez-vous &#8211; Paris 75015<\/p>[\/et_pb_text][\/et_pb_column][et_pb_column type=\u00a0\u00bb1_2&Prime; _builder_version=\u00a0\u00bb4.16&Prime; _module_preset=\u00a0\u00bbdefault\u00a0\u00bb custom_padding=\u00a0\u00bb80px|||\u00a0\u00bb global_colors_info=\u00a0\u00bb{}\u00a0\u00bb custom_padding__hover=\u00a0\u00bb|||\u00a0\u00bb][et_pb_image src=\u00a0\u00bbhttps:\/\/www.impc.fr\/wp-content\/uploads\/2026\/09\/depistage-cancer-du-sein.png\u00a0\u00bb alt=\u00a0\u00bbd\u00e9pistage cancer poumon Impulsion et scanner thoracique faible dose \u00a0\u00bb title_text=\u00a0\u00bbdepistage cancer du sein\u00a0\u00bb src_tablet=\u00a0\u00bbhttps:\/\/www.impc.fr\/wp-content\/uploads\/2026\/09\/depistage-cancer-poumon-scaled.jpg\u00a0\u00bb src_phone=\u00a0\u00bbhttps:\/\/www.impc.fr\/wp-content\/uploads\/2026\/09\/depistage-cancer-poumon-scaled.jpg\u00a0\u00bb src_last_edited=\u00a0\u00bbon|desktop\u00a0\u00bb _builder_version=\u00a0\u00bb4.27.8&Prime; _module_preset=\u00a0\u00bbdefault\u00a0\u00bb hover_enabled=\u00a0\u00bb0&Prime; global_colors_info=\u00a0\u00bb{}\u00a0\u00bb sticky_enabled=\u00a0\u00bb0&Prime;][\/et_pb_image][\/et_pb_column][\/et_pb_row][\/et_pb_section][et_pb_section fb_built=\u00a0\u00bb1&Prime; custom_padding_last_edited=\u00a0\u00bbon|phone\u00a0\u00bb _builder_version=\u00a0\u00bb4.27.4&Prime; _module_preset=\u00a0\u00bbdefault\u00a0\u00bb custom_padding=\u00a0\u00bb5px||8px||false|false\u00a0\u00bb custom_padding_tablet=\u00a0\u00bb49px||||false|false\u00a0\u00bb custom_padding_phone=\u00a0\u00bb0px||||false|false\u00a0\u00bb global_colors_info=\u00a0\u00bb{}\u00a0\u00bb][et_pb_row column_structure=\u00a0\u00bb1_2,1_2&Prime; use_custom_gutter=\u00a0\u00bbon\u00a0\u00bb gutter_width=\u00a0\u00bb2&Prime; custom_padding_last_edited=\u00a0\u00bbon|phone\u00a0\u00bb _builder_version=\u00a0\u00bb4.27.4&Prime; _module_preset=\u00a0\u00bbdefault\u00a0\u00bb width=\u00a0\u00bb70%\u00a0\u00bb width_tablet=\u00a0\u00bb92%\u00a0\u00bb width_phone=\u00a0\u00bb94%\u00a0\u00bb width_last_edited=\u00a0\u00bbon|phone\u00a0\u00bb max_width=\u00a0\u00bb100%\u00a0\u00bb custom_margin_tablet=\u00a0\u00bb\u00a0\u00bb custom_margin_phone=\u00a0\u00bb-40px||0px||false|false\u00a0\u00bb custom_margin_last_edited=\u00a0\u00bbon|phone\u00a0\u00bb custom_padding=\u00a0\u00bb|||15px|false|false\u00a0\u00bb custom_padding_tablet=\u00a0\u00bb|||15px|false|false\u00a0\u00bb custom_padding_phone=\u00a0\u00bb|||0px|false|false\u00a0\u00bb make_fullwidth=\u00a0\u00bbon\u00a0\u00bb global_colors_info=\u00a0\u00bb{}\u00a0\u00bb][et_pb_column type=\u00a0\u00bb1_2&Prime; _builder_version=\u00a0\u00bb4.27.4&Prime; _module_preset=\u00a0\u00bbdefault\u00a0\u00bb custom_padding=\u00a0\u00bb|0px||0px|false|false\u00a0\u00bb global_colors_info=\u00a0\u00bb{}\u00a0\u00bb custom_padding__hover=\u00a0\u00bb|||\u00a0\u00bb][et_pb_text _builder_version=\u00a0\u00bb4.27.8&Prime; _module_preset=\u00a0\u00bbdefault\u00a0\u00bb text_font=\u00a0\u00bb&#8211;et_global_body_font||||||||\u00a0\u00bb text_text_color=\u00a0\u00bb#000000&Prime; text_font_size=\u00a0\u00bb15px\u00a0\u00bb header_2_font=\u00a0\u00bb&#8211;et_global_heading_font|600|||||||\u00a0\u00bb header_2_font_size=\u00a0\u00bb21px\u00a0\u00bb header_2_line_height=\u00a0\u00bb1.4em\u00a0\u00bb header_3_font=\u00a0\u00bb&#8211;et_global_heading_font|600|||on|||#007BFF|\u00a0\u00bb header_3_text_color=\u00a0\u00bb#007BFF\u00a0\u00bb header_3_font_size=\u00a0\u00bb17px\u00a0\u00bb background_color=\u00a0\u00bb#fcfcfc\u00a0\u00bb min_height=\u00a0\u00bb104px\u00a0\u00bb custom_margin=\u00a0\u00bb||3px|||\u00a0\u00bb custom_padding=\u00a0\u00bb14px|18px|14px|18px|true|true\u00a0\u00bb hover_enabled=\u00a0\u00bb0&Prime; header_2_font_size_tablet=\u00a0\u00bb21px\u00a0\u00bb header_2_font_size_phone=\u00a0\u00bb19px\u00a0\u00bb header_2_font_size_last_edited=\u00a0\u00bbon|phone\u00a0\u00bb border_radii=\u00a0\u00bbon|12px|12px|12px|12px\u00a0\u00bb border_color_right=\u00a0\u00bb#a3a3a3&Prime; box_shadow_style=\u00a0\u00bbpreset1&Prime; box_shadow_vertical=\u00a0\u00bb1px\u00a0\u00bb box_shadow_blur=\u00a0\u00bb10px\u00a0\u00bb global_colors_info=\u00a0\u00bb{}\u00a0\u00bb sticky_enabled=\u00a0\u00bb0&Prime;]<h2 data-section-id=\"b7m0p2\" data-start=\"669\" data-end=\"721\" class=\"PDq2pG_selectionAnchorContainer\">Pourquoi d\u00e9pister le cancer du sein pr\u00e9cocement ?<span aria-hidden=\"true\" class=\"PDq2pG_selectionAnchor\"><\/span><\/h2>\n<p data-start=\"723\" data-end=\"1009\">Le cancer du sein est le cancer le plus fr\u00e9quent chez la femme. Pourtant, lorsqu\u2019il est d\u00e9tect\u00e9 t\u00f4t, les chances de gu\u00e9rison sont tr\u00e8s \u00e9lev\u00e9es : l\u2019Assurance Maladie indique qu\u2019un cancer du sein diagnostiqu\u00e9 pr\u00e9cocement <strong data-start=\"942\" data-end=\"970\">gu\u00e9rit dans 9 cas sur 10<\/strong>. <span class=\"contents\" data-content-reference-start=\"957\" data-content-reference-end=\"981\"><span class=\"\" data-state=\"closed\"><\/span><\/span><\/p>\n<p data-start=\"1011\" data-end=\"1186\">Le d\u00e9pistage permet justement de rechercher une anomalie avant l\u2019apparition de sympt\u00f4mes. Une petite l\u00e9sion peut ainsi \u00eatre identifi\u00e9e alors qu\u2019elle n\u2019est pas encore palpable.<\/p>\n<p data-start=\"1188\" data-end=\"1495\">En France, le programme national de d\u00e9pistage organis\u00e9 concerne les femmes \u00e2g\u00e9es de <strong data-start=\"1272\" data-end=\"1287\">50 \u00e0 74 ans<\/strong>, sans sympt\u00f4me et sans facteur de risque particulier autre que l\u2019\u00e2ge. Une mammographie est propos\u00e9e tous les deux ans et prise en charge \u00e0 100 % par l\u2019Assurance Maladie. <span class=\"contents\" data-content-reference-start=\"1430\" data-content-reference-end=\"1472\"><span class=\"\" data-state=\"closed\"><\/span><\/span><\/p>\n<h3 data-section-id=\"1o5ngfg\" data-start=\"1497\" data-end=\"1536\">Quelle place pour la tomosynth\u00e8se ?<\/h3>\n<p data-start=\"1538\" data-end=\"1652\">La <strong data-start=\"1541\" data-end=\"1566\">tomosynth\u00e8se mammaire<\/strong>, parfois appel\u00e9e <strong data-start=\"1584\" data-end=\"1603\">mammographie 3D<\/strong>, est une \u00e9volution de la mammographie num\u00e9rique.<\/p>\n<p data-start=\"1654\" data-end=\"1904\">Au lieu d\u2019obtenir uniquement une image plane du sein, l\u2019appareil r\u00e9alise plusieurs acquisitions sous diff\u00e9rents angles. Un traitement informatique permet ensuite de reconstruire une s\u00e9rie d\u2019images correspondant \u00e0 diff\u00e9rentes profondeurs dans le sein.<\/p>\n<p data-start=\"1906\" data-end=\"2074\">Ainsi, le radiologue peut analyser plus pr\u00e9cis\u00e9ment les tissus et limiter l\u2019effet de superposition qui peut parfois masquer une anomalie sur une mammographie classique.<\/p>\n<p data-start=\"2076\" data-end=\"2521\">En 2023, la Haute Autorit\u00e9 de Sant\u00e9 a recommand\u00e9 l\u2019introduction de la tomosynth\u00e8se dans le d\u00e9pistage organis\u00e9 du cancer du sein lorsqu\u2019elle est associ\u00e9e \u00e0 la reconstruction d\u2019une image 2D synth\u00e9tique, selon la proc\u00e9dure dite <strong data-start=\"2301\" data-end=\"2313\">3D + 2Ds<\/strong>. Cette strat\u00e9gie am\u00e9liore notamment le taux de d\u00e9tection des cancers sans augmenter le nombre d\u2019actes d\u2019imagerie ni la dose d\u2019exposition par rapport au protocole \u00e9valu\u00e9. <span class=\"contents\" data-content-reference-start=\"2461\" data-content-reference-end=\"2485\"><span class=\"\" data-state=\"closed\"><\/span><\/span><\/p>\n<h2 data-section-id=\"b5wr13\" data-start=\"2523\" data-end=\"2579\">Qui est concern\u00e9 par le d\u00e9pistage du cancer du sein ?<\/h2>\n<p data-start=\"2581\" data-end=\"2679\">Le d\u00e9pistage organis\u00e9 s\u2019adresse en priorit\u00e9 aux femmes pr\u00e9sentant un risque consid\u00e9r\u00e9 comme moyen.<\/p>\n<h3 data-section-id=\"17652ox\" data-start=\"2681\" data-end=\"2715\">Crit\u00e8res du d\u00e9pistage organis\u00e9<\/h3>\n<p data-start=\"2717\" data-end=\"2764\">Sont principalement concern\u00e9es les femmes qui :<\/p>\n<ul data-start=\"2766\" data-end=\"3045\">\n<li data-section-id=\"xvqrp\" data-start=\"2766\" data-end=\"2796\">ont entre <strong data-start=\"2778\" data-end=\"2794\">50 et 74 ans<\/strong> ;<\/li>\n<li data-section-id=\"8jhfpx\" data-start=\"2797\" data-end=\"2851\">ne pr\u00e9sentent pas de sympt\u00f4me mammaire particulier ;<\/li>\n<li data-section-id=\"o5tpti\" data-start=\"2852\" data-end=\"2912\">n\u2019ont pas de facteur de risque \u00e9lev\u00e9 ou tr\u00e8s \u00e9lev\u00e9 connu ;<\/li>\n<li data-section-id=\"tc55tf\" data-start=\"2913\" data-end=\"2982\">n\u2019ont pas d\u2019ant\u00e9c\u00e9dent n\u00e9cessitant une surveillance personnalis\u00e9e ;<\/li>\n<li data-section-id=\"ps95j6\" data-start=\"2983\" data-end=\"3045\">sont invit\u00e9es \u00e0 r\u00e9aliser une mammographie tous les deux ans.<\/li>\n<\/ul>\n<p data-start=\"3047\" data-end=\"3129\">Le d\u00e9pistage organis\u00e9 est diff\u00e9rent d\u2019un examen r\u00e9alis\u00e9 pour explorer un sympt\u00f4me.<\/p>\n<p data-start=\"3131\" data-end=\"3420\">Ainsi, en pr\u00e9sence d\u2019une grosseur, d\u2019un \u00e9coulement du mamelon, d\u2019une modification r\u00e9cente du sein, d\u2019une r\u00e9traction de la peau ou d\u2019une douleur persistante, il ne faut pas attendre l\u2019invitation au d\u00e9pistage : une consultation m\u00e9dicale est n\u00e9cessaire afin de d\u00e9terminer les examens adapt\u00e9s.<\/p>\n<h3 data-section-id=\"uj8tex\" data-start=\"3422\" data-end=\"3461\">Et pour les femmes \u00e0 risque \u00e9lev\u00e9 ?<\/h3>\n<p data-start=\"3463\" data-end=\"3520\">Certaines femmes n\u00e9cessitent une surveillance sp\u00e9cifique.<\/p>\n<p data-start=\"3522\" data-end=\"3573\">Cela peut notamment concerner les patientes ayant :<\/p>\n<ul data-start=\"3575\" data-end=\"3823\">\n<li data-section-id=\"223u5c\" data-start=\"3575\" data-end=\"3620\">un ant\u00e9c\u00e9dent personnel de cancer du sein ;<\/li>\n<li data-section-id=\"18usg9z\" data-start=\"3621\" data-end=\"3661\">certaines l\u00e9sions mammaires \u00e0 risque ;<\/li>\n<li data-section-id=\"1hx2h9j\" data-start=\"3662\" data-end=\"3712\">une forte histoire familiale de cancer du sein ;<\/li>\n<li data-section-id=\"1343qjs\" data-start=\"3713\" data-end=\"3752\">une pr\u00e9disposition g\u00e9n\u00e9tique connue ;<\/li>\n<li data-section-id=\"1uf22d4\" data-start=\"3753\" data-end=\"3823\">\u00e9t\u00e9 expos\u00e9es \u00e0 une irradiation thoracique importante \u00e0 un jeune \u00e2ge.<\/li>\n<\/ul>\n<p data-start=\"3825\" data-end=\"4030\">Dans ces situations, le suivi peut d\u00e9buter plus t\u00f4t et associer plusieurs techniques d\u2019imagerie, par exemple la mammographie, l\u2019\u00e9chographie mammaire ou l\u2019IRM mammaire.<\/p>\n<h2 data-section-id=\"4xfzbs\" data-start=\"6534\" data-end=\"6596\">Pourquoi la tomosynth\u00e8se peut-elle am\u00e9liorer le d\u00e9pistage ?<\/h2>\n<p data-start=\"6598\" data-end=\"6682\">La mammographie classique repr\u00e9sente le sein sous forme d\u2019images en deux dimensions.<\/p>\n<p data-start=\"6684\" data-end=\"6765\">Or, le sein est compos\u00e9 de plusieurs couches de tissus qui peuvent se superposer.<\/p>\n<p data-start=\"6767\" data-end=\"6801\">Cette superposition peut parfois :<\/p>\n<ul data-start=\"6803\" data-end=\"7000\">\n<li data-section-id=\"athqyu\" data-start=\"6803\" data-end=\"6832\">masquer une petite l\u00e9sion ;<\/li>\n<li data-section-id=\"hcmaqe\" data-start=\"6833\" data-end=\"6867\">rendre une masse moins visible ;<\/li>\n<li data-section-id=\"6v2sl2\" data-start=\"6868\" data-end=\"6921\">cr\u00e9er une image pouvant ressembler \u00e0 une anomalie ;<\/li>\n<li data-section-id=\"1j9x0ci\" data-start=\"6922\" data-end=\"7000\">rendre l\u2019interpr\u00e9tation plus complexe, notamment dans certains seins denses.<\/li>\n<\/ul>\n<p data-start=\"7002\" data-end=\"7100\">Gr\u00e2ce \u00e0 la reconstruction en diff\u00e9rentes profondeurs, la tomosynth\u00e8se permet de r\u00e9duire cet effet.<\/p>\n<p data-start=\"7102\" data-end=\"7199\">Elle facilite notamment l\u2019analyse de certaines masses, asym\u00e9tries et distorsions architecturales.<\/p>\n<p data-start=\"7201\" data-end=\"7342\">Cependant, la tomosynth\u00e8se ne d\u00e9tecte pas toutes les anomalies et ne remplace pas syst\u00e9matiquement les autres techniques d\u2019imagerie mammaire.<\/p>[\/et_pb_text][\/et_pb_column][et_pb_column type=\u00a0\u00bb1_2&Prime; _builder_version=\u00a0\u00bb4.16&Prime; _module_preset=\u00a0\u00bbdefault\u00a0\u00bb custom_padding=\u00a0\u00bb80px|||\u00a0\u00bb global_colors_info=\u00a0\u00bb{}\u00a0\u00bb custom_padding__hover=\u00a0\u00bb|||\u00a0\u00bb][et_pb_text _builder_version=\u00a0\u00bb4.27.8&Prime; _module_preset=\u00a0\u00bbdefault\u00a0\u00bb text_font=\u00a0\u00bb&#8211;et_global_body_font||||||||\u00a0\u00bb text_text_color=\u00a0\u00bb#000000&Prime; text_font_size=\u00a0\u00bb15px\u00a0\u00bb header_2_font=\u00a0\u00bb&#8211;et_global_heading_font|600|||||||\u00a0\u00bb header_2_font_size=\u00a0\u00bb21px\u00a0\u00bb header_2_line_height=\u00a0\u00bb1.4em\u00a0\u00bb header_3_font=\u00a0\u00bb&#8211;et_global_heading_font|600|||on|||#007BFF|\u00a0\u00bb header_3_text_color=\u00a0\u00bb#007BFF\u00a0\u00bb header_3_font_size=\u00a0\u00bb17px\u00a0\u00bb background_color=\u00a0\u00bb#fcfcfc\u00a0\u00bb min_height=\u00a0\u00bb104px\u00a0\u00bb custom_margin=\u00a0\u00bb22px||0px||false|false\u00a0\u00bb custom_padding=\u00a0\u00bb14px|18px|14px|18px|true|true\u00a0\u00bb hover_enabled=\u00a0\u00bb0&Prime; header_2_font_size_tablet=\u00a0\u00bb21px\u00a0\u00bb header_2_font_size_phone=\u00a0\u00bb19px\u00a0\u00bb header_2_font_size_last_edited=\u00a0\u00bbon|phone\u00a0\u00bb border_radii=\u00a0\u00bbon|12px|12px|12px|12px\u00a0\u00bb border_color_right=\u00a0\u00bb#a3a3a3&Prime; box_shadow_style=\u00a0\u00bbpreset1&Prime; box_shadow_vertical=\u00a0\u00bb1px\u00a0\u00bb box_shadow_blur=\u00a0\u00bb10px\u00a0\u00bb global_colors_info=\u00a0\u00bb{}\u00a0\u00bb sticky_enabled=\u00a0\u00bb0&Prime;]<h2 data-section-id=\"z1rpic\" data-start=\"4032\" data-end=\"4101\" class=\"PDq2pG_selectionAnchorContainer\">Comment se d\u00e9roule le d\u00e9pistage par mammographie et tomosynth\u00e8se ?<span aria-hidden=\"true\" class=\"PDq2pG_selectionAnchor\"><\/span><\/h2>\n<p data-start=\"4103\" data-end=\"4216\">Le parcours est organis\u00e9 en plusieurs \u00e9tapes, depuis la prise de rendez-vous jusqu\u2019\u00e0 l\u2019interpr\u00e9tation des images.<\/p>\n<h3 data-section-id=\"ftxp88\" data-start=\"4218\" data-end=\"4248\">1. La prise de rendez-vous<\/h3>\n<p data-start=\"4250\" data-end=\"4367\">Dans le cadre du d\u00e9pistage organis\u00e9, les femmes \u00e2g\u00e9es de 50 \u00e0 74 ans re\u00e7oivent une invitation de l\u2019Assurance Maladie.<\/p>\n<p data-start=\"4369\" data-end=\"4534\">Elles peuvent ensuite choisir un radiologue agr\u00e9\u00e9 participant au programme et prendre rendez-vous directement aupr\u00e8s du centre. <span class=\"contents\" data-content-reference-start=\"4448\" data-content-reference-end=\"4472\"><span class=\"\" data-state=\"closed\"><\/span><\/span><\/p>\n<p data-start=\"4536\" data-end=\"4576\">Lors de votre venue, pensez \u00e0 apporter :<\/p>\n<ul data-start=\"4578\" data-end=\"4830\">\n<li data-section-id=\"1swx0hj\" data-start=\"4578\" data-end=\"4643\">votre invitation au d\u00e9pistage lorsqu\u2019elle vous a \u00e9t\u00e9 adress\u00e9e ;<\/li>\n<li data-section-id=\"171ihkb\" data-start=\"4644\" data-end=\"4666\">votre carte Vitale ;<\/li>\n<li data-section-id=\"gg1jj3\" data-start=\"4667\" data-end=\"4698\">vos anciennes mammographies ;<\/li>\n<li data-section-id=\"1am94p6\" data-start=\"4699\" data-end=\"4757\">les comptes rendus de vos pr\u00e9c\u00e9dents examens mammaires ;<\/li>\n<li data-section-id=\"az9lx4\" data-start=\"4758\" data-end=\"4830\">votre ordonnance lorsque l\u2019examen est r\u00e9alis\u00e9 hors d\u00e9pistage organis\u00e9.<\/li>\n<\/ul>\n<h3 data-section-id=\"3l7ob8\" data-start=\"4832\" data-end=\"4854\">2. La mammographie<\/h3>\n<p data-start=\"4856\" data-end=\"4923\">La mammographie repose sur l\u2019utilisation de rayons X \u00e0 faible dose.<\/p>\n<p data-start=\"4925\" data-end=\"5046\">Chaque sein est positionn\u00e9 puis comprim\u00e9 pendant quelques secondes entre deux plaques afin d\u2019obtenir des images pr\u00e9cises.<\/p>\n<p data-start=\"5048\" data-end=\"5216\">Cette compression peut \u00eatre inconfortable, mais elle est br\u00e8ve. Elle permet \u00e9galement de r\u00e9duire la dose de rayonnement n\u00e9cessaire et d\u2019am\u00e9liorer la qualit\u00e9 des images.<\/p>\n<h3 data-section-id=\"3efgjx\" data-start=\"5218\" data-end=\"5252\">3. La tomosynth\u00e8se mammaire 3D<\/h3>\n<p data-start=\"5254\" data-end=\"5390\">Lorsque le protocole pr\u00e9voit une tomosynth\u00e8se, le principe de positionnement du sein reste proche de celui d\u2019une mammographie classique.<\/p>\n<p data-start=\"5392\" data-end=\"5512\">En revanche, le tube \u00e0 rayons X se d\u00e9place selon un arc limit\u00e9 et r\u00e9alise plusieurs acquisitions sous diff\u00e9rents angles.<\/p>\n<p data-start=\"5514\" data-end=\"5615\">Les donn\u00e9es sont ensuite trait\u00e9es par ordinateur pour reconstruire une s\u00e9rie de fines images du sein.<\/p>\n<p data-start=\"5617\" data-end=\"5969\">Cette lecture \u00ab par plans \u00bb permet au radiologue de mieux diff\u00e9rencier certaines structures qui peuvent se superposer sur une mammographie classique. La HAS rapporte que la tomosynth\u00e8se associ\u00e9e \u00e0 une reconstruction 2D synth\u00e9tique permet d\u2019augmenter la d\u00e9tection des cancers par rapport \u00e0 la mammographie 2D seule. <span class=\"contents\" data-content-reference-start=\"5870\" data-content-reference-end=\"5912\"><span class=\"\" data-state=\"closed\"><\/span><\/span><\/p>\n<h3 data-section-id=\"1oyquoy\" data-start=\"5971\" data-end=\"5998\">4. L\u2019analyse des images<\/h3>\n<p data-start=\"6000\" data-end=\"6101\">Le radiologue analyse les mammographies et les images de tomosynth\u00e8se lorsqu\u2019elles ont \u00e9t\u00e9 r\u00e9alis\u00e9es.<\/p>\n<p data-start=\"6103\" data-end=\"6195\">Si une anomalie est observ\u00e9e, des examens compl\u00e9mentaires peuvent \u00eatre propos\u00e9s, notamment :<\/p>\n<ul data-start=\"6197\" data-end=\"6380\">\n<li data-section-id=\"cn8i4z\" data-start=\"6197\" data-end=\"6225\">une \u00e9chographie mammaire ;<\/li>\n<li data-section-id=\"30a6rs\" data-start=\"6226\" data-end=\"6273\">des clich\u00e9s mammographiques compl\u00e9mentaires ;<\/li>\n<li data-section-id=\"dv69dh\" data-start=\"6274\" data-end=\"6320\">une IRM mammaire dans certaines situations ;<\/li>\n<li data-section-id=\"1ouqqwo\" data-start=\"6321\" data-end=\"6380\">une biopsie lorsqu\u2019une analyse tissulaire est n\u00e9cessaire.<\/li>\n<\/ul>\n<p data-start=\"6382\" data-end=\"6532\">Ces examens ne signifient pas n\u00e9cessairement qu\u2019un cancer est pr\u00e9sent. Ils permettent avant tout de caract\u00e9riser plus pr\u00e9cis\u00e9ment l\u2019anomalie observ\u00e9e.<\/p>\n<h2 data-section-id=\"104tkt6\" data-start=\"7344\" data-end=\"7407\">Quelle prise en charge pour le d\u00e9pistage du cancer du sein ?<\/h2>\n<p data-start=\"7409\" data-end=\"7668\">Dans le cadre du <strong data-start=\"7426\" data-end=\"7448\">d\u00e9pistage organis\u00e9<\/strong>, la mammographie propos\u00e9e tous les deux ans aux femmes \u00e2g\u00e9es de 50 \u00e0 74 ans est <strong data-start=\"7529\" data-end=\"7629\">prise en charge \u00e0 100 % par l\u2019Assurance Maladie, sans avance de frais pour l\u2019examen de d\u00e9pistage<\/strong>. <span class=\"contents\" data-content-reference-start=\"7574\" data-content-reference-end=\"7616\"><span class=\"\" data-state=\"closed\"><\/span><\/span><\/p>\n<p data-start=\"7670\" data-end=\"7925\">Lorsqu\u2019une anomalie est d\u00e9tect\u00e9e, des examens compl\u00e9mentaires peuvent \u00eatre n\u00e9cessaires. Leur remboursement d\u00e9pend alors des conditions habituelles de prise en charge par l\u2019Assurance Maladie et la compl\u00e9mentaire sant\u00e9. <span class=\"contents\" data-content-reference-start=\"7836\" data-content-reference-end=\"7860\"><span class=\"\" data-state=\"closed\"><\/span><\/span><\/p>\n<p data-start=\"7927\" data-end=\"8063\">La place pr\u00e9cise de la tomosynth\u00e8se au sein du d\u00e9pistage organis\u00e9 d\u00e9pend du protocole appliqu\u00e9 et du mat\u00e9riel disponible dans le centre.<\/p>[\/et_pb_text][\/et_pb_column][\/et_pb_row][\/et_pb_section][et_pb_section fb_built=\u00a0\u00bb1&Prime; custom_padding_last_edited=\u00a0\u00bbon|phone\u00a0\u00bb _builder_version=\u00a0\u00bb4.27.4&Prime; _module_preset=\u00a0\u00bbdefault\u00a0\u00bb custom_padding=\u00a0\u00bb5px||8px||false|false\u00a0\u00bb custom_padding_tablet=\u00a0\u00bb49px||||false|false\u00a0\u00bb custom_padding_phone=\u00a0\u00bb0px||||false|false\u00a0\u00bb global_colors_info=\u00a0\u00bb{}\u00a0\u00bb][et_pb_row column_structure=\u00a0\u00bb1_2,1_2&Prime; use_custom_gutter=\u00a0\u00bbon\u00a0\u00bb gutter_width=\u00a0\u00bb2&Prime; custom_padding_last_edited=\u00a0\u00bbon|phone\u00a0\u00bb _builder_version=\u00a0\u00bb4.27.4&Prime; _module_preset=\u00a0\u00bbdefault\u00a0\u00bb width=\u00a0\u00bb70%\u00a0\u00bb width_tablet=\u00a0\u00bb92%\u00a0\u00bb width_phone=\u00a0\u00bb94%\u00a0\u00bb width_last_edited=\u00a0\u00bbon|phone\u00a0\u00bb max_width=\u00a0\u00bb100%\u00a0\u00bb custom_margin_tablet=\u00a0\u00bb\u00a0\u00bb custom_margin_phone=\u00a0\u00bb-40px||0px||false|false\u00a0\u00bb custom_margin_last_edited=\u00a0\u00bbon|phone\u00a0\u00bb custom_padding=\u00a0\u00bb|||15px|false|false\u00a0\u00bb custom_padding_tablet=\u00a0\u00bb|||15px|false|false\u00a0\u00bb custom_padding_phone=\u00a0\u00bb|||0px|false|false\u00a0\u00bb make_fullwidth=\u00a0\u00bbon\u00a0\u00bb global_colors_info=\u00a0\u00bb{}\u00a0\u00bb][et_pb_column type=\u00a0\u00bb1_2&Prime; _builder_version=\u00a0\u00bb4.27.4&Prime; _module_preset=\u00a0\u00bbdefault\u00a0\u00bb custom_padding=\u00a0\u00bb|0px||0px|false|false\u00a0\u00bb global_colors_info=\u00a0\u00bb{}\u00a0\u00bb custom_padding__hover=\u00a0\u00bb|||\u00a0\u00bb][et_pb_text _builder_version=\u00a0\u00bb4.27.8&Prime; _module_preset=\u00a0\u00bbdefault\u00a0\u00bb text_font=\u00a0\u00bb&#8211;et_global_body_font||||||||\u00a0\u00bb text_text_color=\u00a0\u00bb#000000&Prime; text_font_size=\u00a0\u00bb15px\u00a0\u00bb header_2_font=\u00a0\u00bb&#8211;et_global_heading_font|600|||||||\u00a0\u00bb header_2_text_color=\u00a0\u00bb#007BFF\u00a0\u00bb header_2_font_size=\u00a0\u00bb23px\u00a0\u00bb header_2_line_height=\u00a0\u00bb1.4em\u00a0\u00bb header_3_font=\u00a0\u00bb&#8211;et_global_heading_font|600|||||||\u00a0\u00bb header_3_text_color=\u00a0\u00bb#007BFF\u00a0\u00bb header_3_font_size=\u00a0\u00bb30px\u00a0\u00bb header_3_line_height=\u00a0\u00bb1.3em\u00a0\u00bb header_4_font=\u00a0\u00bb&#8211;et_global_heading_font|600|||||||\u00a0\u00bb header_4_text_color=\u00a0\u00bbrgba(0,0,0,0.76)\u00a0\u00bb width=\u00a0\u00bb89%\u00a0\u00bb width_tablet=\u00a0\u00bb89%\u00a0\u00bb width_phone=\u00a0\u00bb89%\u00a0\u00bb width_last_edited=\u00a0\u00bbon|desktop\u00a0\u00bb min_height=\u00a0\u00bb65px\u00a0\u00bb custom_margin=\u00a0\u00bb34px||30px|5px|false|false\u00a0\u00bb custom_padding=\u00a0\u00bb||0px|||\u00a0\u00bb hover_enabled=\u00a0\u00bb0&Prime; header_3_font_size_tablet=\u00a0\u00bb30px\u00a0\u00bb header_3_font_size_phone=\u00a0\u00bb23px\u00a0\u00bb header_3_font_size_last_edited=\u00a0\u00bbon|desktop\u00a0\u00bb border_color_right=\u00a0\u00bb#a3a3a3&Prime; global_colors_info=\u00a0\u00bb{}\u00a0\u00bb sticky_enabled=\u00a0\u00bb0&Prime;]<h2 data-section-id=\"x6xfk9\" data-start=\"8065\" data-end=\"8130\" class=\"PDq2pG_selectionAnchorContainer\">Pourquoi choisir IMPC pour votre d\u00e9pistage du cancer du sein ?<span aria-hidden=\"true\" class=\"PDq2pG_selectionAnchor\"><\/span><\/h2>\n<p data-start=\"8132\" data-end=\"8225\">En choisissant IMPC pour votre mammographie et votre tomosynth\u00e8se mammaire, vous b\u00e9n\u00e9ficiez :<\/p>\n<ul data-start=\"8227\" data-end=\"8702\">\n<li data-section-id=\"1090gok\" data-start=\"8227\" data-end=\"8276\">de centres d\u2019imagerie m\u00e9dicale situ\u00e9s \u00e0 <strong>Paris<\/strong> ;<\/li>\n<li data-section-id=\"1w3v7d2\" data-start=\"8277\" data-end=\"8336\">d\u2019un p\u00f4le d\u00e9di\u00e9 \u00e0 <strong data-start=\"8297\" data-end=\"8334\">l\u2019imagerie de la femme et du sein<\/strong> ;<\/li>\n<li data-section-id=\"ew6kp7\" data-start=\"8337\" data-end=\"8381\">de radiologues<strong> exp\u00e9riment\u00e9s en s\u00e9nologie<\/strong> ;<\/li>\n<li data-section-id=\"1xgwyd2\" data-start=\"8382\" data-end=\"8444\">d\u2019\u00e9quipements de mammographie num\u00e9rique et de tomosynth\u00e8se ;<\/li>\n<li data-section-id=\"rw21s3\" data-start=\"8445\" data-end=\"8538\">d\u2019un acc\u00e8s \u00e0 l<strong>\u2019\u00e9chographie mammaire<\/strong> ou \u00e0 l\u2019I<strong>RM mammaire<\/strong> lorsque ces examens sont indiqu\u00e9s ;<\/li>\n<li data-section-id=\"sgq9pa\" data-start=\"8539\" data-end=\"8578\">d\u2019une <strong>prise de<\/strong> <a href=\"https:\/\/www.impc.fr\/contactez-nous\/\">rendez-vous<\/a> <strong>en ligne<\/strong> ;<\/li>\n<li data-section-id=\"1jh3xm3\" data-start=\"8579\" data-end=\"8702\">d\u2019un parcours permettant d\u2019orienter rapidement les patientes lorsque des investigations compl\u00e9mentaires sont n\u00e9cessaires.<\/li>\n<\/ul>\n<p data-start=\"8704\" data-end=\"8816\">L\u2019objectif est de proposer une prise en charge \u00e0 la fois pr\u00e9cise, rapide et compr\u00e9hensible pour chaque patiente.<\/p>\n<ul dir=\"ltr\"><\/ul>[\/et_pb_text][\/et_pb_column][et_pb_column type=\u00a0\u00bb1_2&Prime; _builder_version=\u00a0\u00bb4.16&Prime; _module_preset=\u00a0\u00bbdefault\u00a0\u00bb custom_padding=\u00a0\u00bb80px|||\u00a0\u00bb global_colors_info=\u00a0\u00bb{}\u00a0\u00bb custom_padding__hover=\u00a0\u00bb|||\u00a0\u00bb][\/et_pb_column][\/et_pb_row][\/et_pb_section][et_pb_section fb_built=\u00a0\u00bb1&Prime; _builder_version=\u00a0\u00bb4.27.4&Prime; _module_preset=\u00a0\u00bbdefault\u00a0\u00bb custom_padding=\u00a0\u00bb4px|||||\u00a0\u00bb locked=\u00a0\u00bboff\u00a0\u00bb global_colors_info=\u00a0\u00bb{}\u00a0\u00bb][et_pb_row column_structure=\u00a0\u00bb1_2,1_2&Prime; use_custom_gutter=\u00a0\u00bbon\u00a0\u00bb gutter_width=\u00a0\u00bb2&Prime; custom_padding_last_edited=\u00a0\u00bbon|phone\u00a0\u00bb _builder_version=\u00a0\u00bb4.27.4&Prime; _module_preset=\u00a0\u00bbdefault\u00a0\u00bb width=\u00a0\u00bb70%\u00a0\u00bb width_tablet=\u00a0\u00bb92%\u00a0\u00bb width_phone=\u00a0\u00bb94%\u00a0\u00bb width_last_edited=\u00a0\u00bbon|phone\u00a0\u00bb max_width=\u00a0\u00bb100%\u00a0\u00bb custom_padding=\u00a0\u00bb4px|||15px|false|false\u00a0\u00bb custom_padding_tablet=\u00a0\u00bb|||15px|false|false\u00a0\u00bb custom_padding_phone=\u00a0\u00bb|||0px|false|false\u00a0\u00bb make_fullwidth=\u00a0\u00bbon\u00a0\u00bb locked=\u00a0\u00bboff\u00a0\u00bb global_colors_info=\u00a0\u00bb{}\u00a0\u00bb][et_pb_column type=\u00a0\u00bb1_2&Prime; _builder_version=\u00a0\u00bb4.16&Prime; _module_preset=\u00a0\u00bbdefault\u00a0\u00bb custom_padding=\u00a0\u00bb|||\u00a0\u00bb global_colors_info=\u00a0\u00bb{}\u00a0\u00bb custom_padding__hover=\u00a0\u00bb|||\u00a0\u00bb][et_pb_text _builder_version=\u00a0\u00bb4.27.8&Prime; _module_preset=\u00a0\u00bbdefault\u00a0\u00bb text_font=\u00a0\u00bb&#8211;et_global_body_font||||||||\u00a0\u00bb text_text_color=\u00a0\u00bb#000000&Prime; text_font_size=\u00a0\u00bb15px\u00a0\u00bb header_2_font=\u00a0\u00bb&#8211;et_global_heading_font|600|||||||\u00a0\u00bb header_2_font_size=\u00a0\u00bb23px\u00a0\u00bb header_2_line_height=\u00a0\u00bb1.4em\u00a0\u00bb header_3_font=\u00a0\u00bb&#8211;et_global_heading_font|600|||||||\u00a0\u00bb header_3_text_color=\u00a0\u00bb#007BFF\u00a0\u00bb header_3_font_size=\u00a0\u00bb30px\u00a0\u00bb header_3_line_height=\u00a0\u00bb1.3em\u00a0\u00bb header_4_font=\u00a0\u00bb&#8211;et_global_heading_font|600|||||||\u00a0\u00bb header_4_text_color=\u00a0\u00bbrgba(0,0,0,0.76)\u00a0\u00bb min_height=\u00a0\u00bb65px\u00a0\u00bb custom_margin=\u00a0\u00bb||30px|16px|false|false\u00a0\u00bb custom_padding=\u00a0\u00bb||0px|||\u00a0\u00bb hover_enabled=\u00a0\u00bb0&Prime; header_3_font_size_tablet=\u00a0\u00bb30px\u00a0\u00bb header_3_font_size_phone=\u00a0\u00bb23px\u00a0\u00bb header_3_font_size_last_edited=\u00a0\u00bbon|desktop\u00a0\u00bb border_color_right=\u00a0\u00bb#a3a3a3&Prime; global_colors_info=\u00a0\u00bb{}\u00a0\u00bb sticky_enabled=\u00a0\u00bb0&Prime;]<h3>FAQ : les questions les plus courantes sur la tomosynth\u00e8se<\/h3>[\/et_pb_text][et_pb_toggle title=\u00a0\u00bbQu\u2019est-ce que la tomosynth\u00e8se mammaire ?\u00a0\u00bb closed_toggle_background_color=\u00a0\u00bb#FFFFFF\u00a0\u00bb icon_color=\u00a0\u00bb#007BFF\u00a0\u00bb open_icon_color=\u00a0\u00bbrgba(0,77,119,0.51)\u00a0\u00bb _builder_version=\u00a0\u00bb4.27.8&Prime; _module_preset=\u00a0\u00bb4453cc7f-010b-4734-85de-5e2291659b9a\u00a0\u00bb title_font_size=\u00a0\u00bb14px\u00a0\u00bb title_line_height=\u00a0\u00bb1.2em\u00a0\u00bb custom_margin=\u00a0\u00bb||11px|12px|false|false\u00a0\u00bb custom_padding=\u00a0\u00bb14px||14px||true|false\u00a0\u00bb hover_enabled=\u00a0\u00bb0&Prime; border_width_bottom=\u00a0\u00bb2px\u00a0\u00bb global_colors_info=\u00a0\u00bb{}\u00a0\u00bb sticky_enabled=\u00a0\u00bb0&Prime;]<p dir=\"ltr\">La tomosynth\u00e8se est une technique de mammographie permettant de reconstruire plusieurs images du sein \u00e0 diff\u00e9rentes profondeurs. Elle est souvent appel\u00e9e mammographie 3D.<\/p>\n<h4 dir=\"ltr\"><\/h4>[\/et_pb_toggle][et_pb_toggle title=\u00a0\u00bbLa tomosynth\u00e8se remplace-t-elle la mammographie classique ?\u00a0\u00bb closed_toggle_background_color=\u00a0\u00bb#FFFFFF\u00a0\u00bb icon_color=\u00a0\u00bb#007BFF\u00a0\u00bb open_icon_color=\u00a0\u00bbrgba(0,77,119,0.51)\u00a0\u00bb _builder_version=\u00a0\u00bb4.27.8&Prime; _module_preset=\u00a0\u00bb4453cc7f-010b-4734-85de-5e2291659b9a\u00a0\u00bb title_font_size=\u00a0\u00bb14px\u00a0\u00bb title_line_height=\u00a0\u00bb1.2em\u00a0\u00bb custom_margin=\u00a0\u00bb||11px|12px|false|false\u00a0\u00bb custom_padding=\u00a0\u00bb14px||14px||true|false\u00a0\u00bb hover_enabled=\u00a0\u00bb0&Prime; border_width_bottom=\u00a0\u00bb2px\u00a0\u00bb global_colors_info=\u00a0\u00bb{}\u00a0\u00bb sticky_enabled=\u00a0\u00bb0&Prime;]<p data-start=\"389\" data-end=\"553\">Pas syst\u00e9matiquement. La HAS recommande, pour le d\u00e9pistage organis\u00e9, une proc\u00e9dure associant tomosynth\u00e8se 3D et reconstruction d\u2019une image 2D synth\u00e9tique. La mammographie num\u00e9rique 2D reste \u00e9galement utilis\u00e9e pendant le d\u00e9ploiement de cette strat\u00e9gie.<\/p>[\/et_pb_toggle][et_pb_toggle title=\u00a0\u00bb\u00c0 quel \u00e2ge commence le d\u00e9pistage organis\u00e9 du cancer du sein ?\u00a0\u00bb closed_toggle_background_color=\u00a0\u00bb#FFFFFF\u00a0\u00bb icon_color=\u00a0\u00bb#007BFF\u00a0\u00bb open_icon_color=\u00a0\u00bbrgba(0,77,119,0.51)\u00a0\u00bb _builder_version=\u00a0\u00bb4.27.8&Prime; _module_preset=\u00a0\u00bb4453cc7f-010b-4734-85de-5e2291659b9a\u00a0\u00bb title_font_size=\u00a0\u00bb14px\u00a0\u00bb title_line_height=\u00a0\u00bb1.2em\u00a0\u00bb custom_margin=\u00a0\u00bb||11px|12px|false|false\u00a0\u00bb custom_padding=\u00a0\u00bb14px||14px||true|false\u00a0\u00bb hover_enabled=\u00a0\u00bb0&Prime; border_width_bottom=\u00a0\u00bb2px\u00a0\u00bb global_colors_info=\u00a0\u00bb{}\u00a0\u00bb sticky_enabled=\u00a0\u00bb0&Prime;]<p data-start=\"555\" data-end=\"812\">En France, les femmes \u00e2g\u00e9es de 50 \u00e0 74 ans sans risque particulier sont invit\u00e9es \u00e0 r\u00e9aliser une mammographie tous les deux ans.<\/p>[\/et_pb_toggle][et_pb_toggle title=\u00a0\u00bbLa tomosynth\u00e8se est-elle plus douloureuse qu\u2019une mammographie ?\u00a0\u00bb closed_toggle_background_color=\u00a0\u00bb#FFFFFF\u00a0\u00bb icon_color=\u00a0\u00bb#007BFF\u00a0\u00bb open_icon_color=\u00a0\u00bbrgba(0,77,119,0.51)\u00a0\u00bb _builder_version=\u00a0\u00bb4.27.8&Prime; _module_preset=\u00a0\u00bb4453cc7f-010b-4734-85de-5e2291659b9a\u00a0\u00bb title_font_size=\u00a0\u00bb14px\u00a0\u00bb title_line_height=\u00a0\u00bb1.2em\u00a0\u00bb custom_margin=\u00a0\u00bb||11px|12px|false|false\u00a0\u00bb custom_padding=\u00a0\u00bb14px||14px||true|false\u00a0\u00bb hover_enabled=\u00a0\u00bb0&Prime; border_width_bottom=\u00a0\u00bb2px\u00a0\u00bb global_colors_info=\u00a0\u00bb{}\u00a0\u00bb sticky_enabled=\u00a0\u00bb0&Prime;]<p data-start=\"814\" data-end=\"1020\">La sensation est globalement comparable, car le sein doit \u00e9galement \u00eatre comprim\u00e9 pendant l\u2019acquisition. Cette compression ne dure cependant que quelques secondes.<\/p>[\/et_pb_toggle][et_pb_toggle title=\u00a0\u00bbLa mammographie de d\u00e9pistage est-elle rembours\u00e9e ?\u00a0\u00bb closed_toggle_background_color=\u00a0\u00bb#FFFFFF\u00a0\u00bb icon_color=\u00a0\u00bb#007BFF\u00a0\u00bb open_icon_color=\u00a0\u00bbrgba(0,77,119,0.51)\u00a0\u00bb _builder_version=\u00a0\u00bb4.27.8&Prime; _module_preset=\u00a0\u00bb4453cc7f-010b-4734-85de-5e2291659b9a\u00a0\u00bb title_font_size=\u00a0\u00bb14px\u00a0\u00bb title_line_height=\u00a0\u00bb1.2em\u00a0\u00bb custom_margin=\u00a0\u00bb||11px|12px|false|false\u00a0\u00bb custom_padding=\u00a0\u00bb14px||14px||true|false\u00a0\u00bb hover_enabled=\u00a0\u00bb0&Prime; border_width_bottom=\u00a0\u00bb2px\u00a0\u00bb global_colors_info=\u00a0\u00bb{}\u00a0\u00bb sticky_enabled=\u00a0\u00bb0&Prime;]<p data-start=\"9987\" data-end=\"10185\" class=\"PDq2pG_selectionAnchorContainer\">Oui. Dans le cadre du programme national de d\u00e9pistage organis\u00e9, la mammographie est prise en charge \u00e0 100 % par l\u2019Assurance Maladie pour les femmes \u00e9ligibles. <span class=\"contents\" data-content-reference-start=\"10053\" data-content-reference-end=\"10077\"><span class=\"\" data-state=\"closed\"><\/span><\/span><span aria-hidden=\"true\" class=\"PDq2pG_selectionAnchor\"><\/span><\/p>\n<h3 data-section-id=\"1ri5moq\" data-start=\"10187\" data-end=\"10212\"><\/h3>[\/et_pb_toggle][\/et_pb_column][et_pb_column type=\u00a0\u00bb1_2&Prime; _builder_version=\u00a0\u00bb4.16&Prime; _module_preset=\u00a0\u00bbdefault\u00a0\u00bb custom_padding=\u00a0\u00bb|||\u00a0\u00bb global_colors_info=\u00a0\u00bb{}\u00a0\u00bb custom_padding__hover=\u00a0\u00bb|||\u00a0\u00bb][et_pb_text _builder_version=\u00a0\u00bb4.27.8&Prime; _module_preset=\u00a0\u00bbdefault\u00a0\u00bb text_font=\u00a0\u00bb&#8211;et_global_body_font||||||||\u00a0\u00bb text_text_color=\u00a0\u00bb#000000&Prime; text_font_size=\u00a0\u00bb13px\u00a0\u00bb header_2_font=\u00a0\u00bb&#8211;et_global_heading_font|600|||||||\u00a0\u00bb header_2_font_size=\u00a0\u00bb23px\u00a0\u00bb header_2_line_height=\u00a0\u00bb1.4em\u00a0\u00bb header_3_font=\u00a0\u00bb&#8211;et_global_heading_font||||||||\u00a0\u00bb header_3_text_color=\u00a0\u00bb#004D77&Prime; header_4_font=\u00a0\u00bb&#8211;et_global_heading_font|600|||||||\u00a0\u00bb header_4_text_color=\u00a0\u00bbrgba(0,0,0,0.76)\u00a0\u00bb min_height=\u00a0\u00bb104px\u00a0\u00bb custom_margin=\u00a0\u00bb8px||-36px|16px|false|false\u00a0\u00bb custom_margin_tablet=\u00a0\u00bb54px||1px|16px|false|false\u00a0\u00bb custom_margin_phone=\u00a0\u00bb|21px||33px|false|false\u00a0\u00bb custom_margin_last_edited=\u00a0\u00bbon|phone\u00a0\u00bb custom_padding=\u00a0\u00bb||0px|||\u00a0\u00bb hover_enabled=\u00a0\u00bb0&Prime; border_color_right=\u00a0\u00bb#a3a3a3&Prime; locked=\u00a0\u00bboff\u00a0\u00bb global_colors_info=\u00a0\u00bb{}\u00a0\u00bb sticky_enabled=\u00a0\u00bb0&Prime;]<h4 data-start=\"6035\" data-end=\"6094\"><strong>Nos sp\u00e9cialistes :&nbsp;<\/strong><\/h4>\n<ul data-start=\"6096\" data-end=\"6391\">\n<li data-start=\"6096\" data-end=\"6143\">\n<p data-start=\"6098\" data-end=\"6143\"><strong><span style=\"color: #000000;\"><i>Corinne Bordonne&nbsp;<\/i><\/span><\/strong><strong><span style=\"color: #000000;\"><i><\/i><\/span><\/strong><\/p>\n<\/li>\n<li data-start=\"6096\" data-end=\"6143\"><strong><span style=\"color: #000000;\"><i>Jonathan Zerbib<\/i><\/span><\/strong><\/li>\n<\/ul>[\/et_pb_text][et_pb_text _builder_version=\u00a0\u00bb4.27.8&Prime; _module_preset=\u00a0\u00bbdefault\u00a0\u00bb text_font=\u00a0\u00bb&#8211;et_global_body_font||||||||\u00a0\u00bb text_text_color=\u00a0\u00bb#000000&Prime; text_font_size=\u00a0\u00bb13px\u00a0\u00bb header_2_font=\u00a0\u00bb&#8211;et_global_heading_font|600|||||||\u00a0\u00bb header_2_font_size=\u00a0\u00bb23px\u00a0\u00bb header_2_line_height=\u00a0\u00bb1.4em\u00a0\u00bb header_3_font=\u00a0\u00bb&#8211;et_global_heading_font||||||||\u00a0\u00bb header_3_text_color=\u00a0\u00bb#004D77&Prime; header_4_font=\u00a0\u00bb&#8211;et_global_heading_font|600|||||||\u00a0\u00bb header_4_text_color=\u00a0\u00bbrgba(0,0,0,0.76)\u00a0\u00bb min_height=\u00a0\u00bb104px\u00a0\u00bb custom_margin=\u00a0\u00bb54px||1px|16px|false|false\u00a0\u00bb custom_margin_tablet=\u00a0\u00bb54px||1px|16px|false|false\u00a0\u00bb custom_margin_phone=\u00a0\u00bb|21px||33px|false|false\u00a0\u00bb custom_margin_last_edited=\u00a0\u00bbon|phone\u00a0\u00bb custom_padding=\u00a0\u00bb||0px|||\u00a0\u00bb hover_enabled=\u00a0\u00bb0&Prime; border_color_right=\u00a0\u00bb#a3a3a3&Prime; global_colors_info=\u00a0\u00bb{}\u00a0\u00bb sticky_enabled=\u00a0\u00bb0&Prime;]<p><strong>Sources scientifiques<\/strong><\/p>\n<ul data-start=\"10214\" data-end=\"10745\">\n<li data-section-id=\"1ivfonl\" data-start=\"10214\" data-end=\"10381\">Haute Autorit\u00e9 de Sant\u00e9 (HAS) \u2014 Recommandations sur la place de la tomosynth\u00e8se dans le d\u00e9pistage organis\u00e9 du cancer du sein. <span class=\"contents\" data-content-reference-start=\"10234\" data-content-reference-end=\"10276\"><span class=\"\" data-state=\"closed\"><\/span><\/span><\/li>\n<li data-section-id=\"1cbxd7a\" data-start=\"10382\" data-end=\"10512\">Assurance Maladie \u2014 D\u00e9pistage organis\u00e9 du cancer du sein chez les femmes de 50 \u00e0 74 ans. <span class=\"contents\" data-content-reference-start=\"10368\" data-content-reference-end=\"10392\"><span class=\"\" data-state=\"closed\"><\/span><\/span><\/li>\n<li data-section-id=\"13df329\" data-start=\"10513\" data-end=\"10629\">Assurance Maladie \u2014 Modalit\u00e9s du programme national de d\u00e9pistage organis\u00e9. <span class=\"contents\" data-content-reference-start=\"10470\" data-content-reference-end=\"10494\"><span class=\"\" data-state=\"closed\"><\/span><\/span><\/li>\n<li data-section-id=\"1pvnmpu\" data-start=\"10630\" data-end=\"10745\">Haute Autorit\u00e9 de Sant\u00e9 \u2014 \u00c9valuation de la mammographie par tomosynth\u00e8se. <span class=\"contents\" data-content-reference-start=\"10571\" data-content-reference-end=\"10596\"><span class=\"\" data-state=\"closed\"><\/span><\/span><\/li>\n<\/ul>\n<p><i><em>Derni\u00e8re mise \u00e0 jour : Septembre 2026<br>Dr <span style=\"color: #000000;\">Corinne Bordonne<\/span><\/em><\/i><\/p>[\/et_pb_text][\/et_pb_column][\/et_pb_row][\/et_pb_section]\n","protected":false},"excerpt":{"rendered":"<p>D\u00e9pistage du cancer du sein par tomosynth\u00e8se Prenez rendez-vous dans nos centresPrise de rendez-vous &#8211; Paris 75002Prise de rendez-vous &#8211; Paris 75009Prise de rendez-vous &#8211; Paris 75015Pourquoi d\u00e9pister le cancer du sein pr\u00e9cocement ? Le cancer du sein est le cancer le plus fr\u00e9quent chez la femme. Pourtant, lorsqu\u2019il est d\u00e9tect\u00e9 t\u00f4t, les chances de [&hellip;]<\/p>\n","protected":false},"author":5,"featured_media":0,"parent":0,"menu_order":0,"comment_status":"closed","ping_status":"closed","template":"","meta":{"_et_pb_use_builder":"on","_et_pb_old_content":"","_et_gb_content_width":"","footnotes":""},"class_list":["post-6067","page","type-page","status-publish","hentry"],"yoast_head":"<!-- This site is optimized with the Yoast SEO plugin v28.4 - https:\/\/yoast.com\/product\/yoast-seo-wordpress\/ -->\n<title>D\u00e9pistage du cancer du sein par tomosynth\u00e8se - Groupe IMPC - Imagerie M\u00e9dicale<\/title>\n<meta name=\"description\" content=\"D\u00e9couvrez le d\u00e9pistage du cancer du sein par tomosynth\u00e8se 3D : indications, d\u00e9roulement, b\u00e9n\u00e9fices et prise de RDV IMPC\" \/>\n<meta name=\"robots\" content=\"index, follow, max-snippet:-1, max-image-preview:large, max-video-preview:-1\" \/>\n<link rel=\"canonical\" href=\"https:\/\/www.impc.fr\/en\/depistage-du-cancer-du-sein-par-tomosynthese\/\" \/>\n<meta property=\"og:locale\" content=\"en_US\" \/>\n<meta property=\"og:type\" content=\"article\" \/>\n<meta property=\"og:title\" content=\"D\u00e9pistage du cancer du sein par tomosynth\u00e8se - Groupe IMPC - Imagerie M\u00e9dicale\" \/>\n<meta property=\"og:description\" content=\"D\u00e9couvrez le d\u00e9pistage du cancer du sein par tomosynth\u00e8se 3D : indications, d\u00e9roulement, b\u00e9n\u00e9fices et prise de RDV IMPC\" \/>\n<meta property=\"og:url\" content=\"https:\/\/www.impc.fr\/en\/depistage-du-cancer-du-sein-par-tomosynthese\/\" \/>\n<meta property=\"og:site_name\" content=\"Groupe IMPC - Imagerie M\u00e9dicale\" \/>\n<meta property=\"article:modified_time\" content=\"2026-09-03T14:53:48+00:00\" \/>\n<meta name=\"twitter:card\" content=\"summary_large_image\" \/>\n<meta name=\"twitter:label1\" content=\"Est. reading time\" \/>\n\t<meta name=\"twitter:data1\" content=\"8 minutes\" \/>\n<script type=\"application\/ld+json\" class=\"yoast-schema-graph\">{\"@context\":\"https:\\\/\\\/schema.org\",\"@graph\":[{\"@type\":[\"WebPage\",\"MedicalWebPage\"],\"@id\":\"https:\\\/\\\/www.impc.fr\\\/depistage-du-cancer-du-sein-par-tomosynthese\\\/\",\"url\":\"https:\\\/\\\/www.impc.fr\\\/depistage-du-cancer-du-sein-par-tomosynthese\\\/\",\"name\":\"D\u00e9pistage du cancer du sein par tomosynth\u00e8se - Groupe IMPC - Imagerie M\u00e9dicale\",\"isPartOf\":{\"@id\":\"https:\\\/\\\/www.impc.fr\\\/#website\"},\"datePublished\":\"2026-09-03T14:50:55+00:00\",\"dateModified\":\"2026-09-03T14:53:48+00:00\",\"description\":\"D\u00e9couvrez le d\u00e9pistage du cancer du sein par tomosynth\u00e8se 3D : indications, d\u00e9roulement, b\u00e9n\u00e9fices et prise de RDV IMPC\",\"breadcrumb\":{\"@id\":\"https:\\\/\\\/www.impc.fr\\\/depistage-du-cancer-du-sein-par-tomosynthese\\\/#breadcrumb\"},\"inLanguage\":\"en-US\",\"potentialAction\":[{\"@type\":\"ReadAction\",\"target\":[\"https:\\\/\\\/www.impc.fr\\\/depistage-du-cancer-du-sein-par-tomosynthese\\\/\"]}]},{\"@type\":\"BreadcrumbList\",\"@id\":\"https:\\\/\\\/www.impc.fr\\\/depistage-du-cancer-du-sein-par-tomosynthese\\\/#breadcrumb\",\"itemListElement\":[{\"@type\":\"ListItem\",\"position\":1,\"name\":\"Home\",\"item\":\"https:\\\/\\\/www.impc.fr\\\/\"},{\"@type\":\"ListItem\",\"position\":2,\"name\":\"D\u00e9pistage du cancer du sein par tomosynth\u00e8se\"}]},{\"@type\":\"WebSite\",\"@id\":\"https:\\\/\\\/www.impc.fr\\\/#website\",\"url\":\"https:\\\/\\\/www.impc.fr\\\/\",\"name\":\"Groupe IMPC - Imagerie M\u00e9dicale\",\"description\":\"Centre de radiologie sur Paris\",\"publisher\":{\"@id\":\"https:\\\/\\\/www.impc.fr\\\/#organization\"},\"potentialAction\":[{\"@type\":\"SearchAction\",\"target\":{\"@type\":\"EntryPoint\",\"urlTemplate\":\"https:\\\/\\\/www.impc.fr\\\/?s={search_term_string}\"},\"query-input\":{\"@type\":\"PropertyValueSpecification\",\"valueRequired\":true,\"valueName\":\"search_term_string\"}}],\"inLanguage\":\"en-US\"},{\"@type\":\"Organization\",\"@id\":\"https:\\\/\\\/www.impc.fr\\\/#organization\",\"name\":\"Imagerie M\u00e9dicale Paris\",\"url\":\"https:\\\/\\\/www.impc.fr\\\/\",\"logo\":{\"@type\":\"ImageObject\",\"inLanguage\":\"en-US\",\"@id\":\"https:\\\/\\\/www.impc.fr\\\/#\\\/schema\\\/logo\\\/image\\\/\",\"url\":\"https:\\\/\\\/www.impc.fr\\\/wp-content\\\/uploads\\\/2018\\\/05\\\/IMPClogo.png\",\"contentUrl\":\"https:\\\/\\\/www.impc.fr\\\/wp-content\\\/uploads\\\/2018\\\/05\\\/IMPClogo.png\",\"width\":203,\"height\":186,\"caption\":\"Imagerie M\u00e9dicale Paris\"},\"image\":{\"@id\":\"https:\\\/\\\/www.impc.fr\\\/#\\\/schema\\\/logo\\\/image\\\/\"}}]}<\/script>\n<!-- \/ Yoast SEO plugin. -->","yoast_head_json":{"title":"D\u00e9pistage du cancer du sein par tomosynth\u00e8se - Groupe IMPC - Imagerie M\u00e9dicale","description":"D\u00e9couvrez le d\u00e9pistage du cancer du sein par tomosynth\u00e8se 3D : indications, d\u00e9roulement, b\u00e9n\u00e9fices et prise de RDV IMPC","robots":{"index":"index","follow":"follow","max-snippet":"max-snippet:-1","max-image-preview":"max-image-preview:large","max-video-preview":"max-video-preview:-1"},"canonical":"https:\/\/www.impc.fr\/en\/depistage-du-cancer-du-sein-par-tomosynthese\/","og_locale":"en_US","og_type":"article","og_title":"D\u00e9pistage du cancer du sein par tomosynth\u00e8se - Groupe IMPC - Imagerie M\u00e9dicale","og_description":"D\u00e9couvrez le d\u00e9pistage du cancer du sein par tomosynth\u00e8se 3D : indications, d\u00e9roulement, b\u00e9n\u00e9fices et prise de RDV IMPC","og_url":"https:\/\/www.impc.fr\/en\/depistage-du-cancer-du-sein-par-tomosynthese\/","og_site_name":"Groupe IMPC - Imagerie M\u00e9dicale","article_modified_time":"2026-09-03T14:53:48+00:00","twitter_card":"summary_large_image","twitter_misc":{"Est. reading time":"8 minutes"},"schema":{"@context":"https:\/\/schema.org","@graph":[{"@type":["WebPage","MedicalWebPage"],"@id":"https:\/\/www.impc.fr\/depistage-du-cancer-du-sein-par-tomosynthese\/","url":"https:\/\/www.impc.fr\/depistage-du-cancer-du-sein-par-tomosynthese\/","name":"D\u00e9pistage du cancer du sein par tomosynth\u00e8se - Groupe IMPC - Imagerie M\u00e9dicale","isPartOf":{"@id":"https:\/\/www.impc.fr\/#website"},"datePublished":"2026-09-03T14:50:55+00:00","dateModified":"2026-09-03T14:53:48+00:00","description":"D\u00e9couvrez le d\u00e9pistage du cancer du sein par tomosynth\u00e8se 3D : indications, d\u00e9roulement, b\u00e9n\u00e9fices et prise de RDV IMPC","breadcrumb":{"@id":"https:\/\/www.impc.fr\/depistage-du-cancer-du-sein-par-tomosynthese\/#breadcrumb"},"inLanguage":"en-US","potentialAction":[{"@type":"ReadAction","target":["https:\/\/www.impc.fr\/depistage-du-cancer-du-sein-par-tomosynthese\/"]}]},{"@type":"BreadcrumbList","@id":"https:\/\/www.impc.fr\/depistage-du-cancer-du-sein-par-tomosynthese\/#breadcrumb","itemListElement":[{"@type":"ListItem","position":1,"name":"Home","item":"https:\/\/www.impc.fr\/"},{"@type":"ListItem","position":2,"name":"D\u00e9pistage du cancer du sein par tomosynth\u00e8se"}]},{"@type":"WebSite","@id":"https:\/\/www.impc.fr\/#website","url":"https:\/\/www.impc.fr\/","name":"Groupe IMPC - Imagerie M\u00e9dicale","description":"Centre de radiologie sur Paris","publisher":{"@id":"https:\/\/www.impc.fr\/#organization"},"potentialAction":[{"@type":"SearchAction","target":{"@type":"EntryPoint","urlTemplate":"https:\/\/www.impc.fr\/?s={search_term_string}"},"query-input":{"@type":"PropertyValueSpecification","valueRequired":true,"valueName":"search_term_string"}}],"inLanguage":"en-US"},{"@type":"Organization","@id":"https:\/\/www.impc.fr\/#organization","name":"Medical Imaging Paris","url":"https:\/\/www.impc.fr\/","logo":{"@type":"ImageObject","inLanguage":"en-US","@id":"https:\/\/www.impc.fr\/#\/schema\/logo\/image\/","url":"https:\/\/www.impc.fr\/wp-content\/uploads\/2018\/05\/IMPClogo.png","contentUrl":"https:\/\/www.impc.fr\/wp-content\/uploads\/2018\/05\/IMPClogo.png","width":203,"height":186,"caption":"Imagerie M\u00e9dicale Paris"},"image":{"@id":"https:\/\/www.impc.fr\/#\/schema\/logo\/image\/"}}]}},"_links":{"self":[{"href":"https:\/\/www.impc.fr\/en\/wp-json\/wp\/v2\/pages\/6067","targetHints":{"allow":["GET"]}}],"collection":[{"href":"https:\/\/www.impc.fr\/en\/wp-json\/wp\/v2\/pages"}],"about":[{"href":"https:\/\/www.impc.fr\/en\/wp-json\/wp\/v2\/types\/page"}],"author":[{"embeddable":true,"href":"https:\/\/www.impc.fr\/en\/wp-json\/wp\/v2\/users\/5"}],"replies":[{"embeddable":true,"href":"https:\/\/www.impc.fr\/en\/wp-json\/wp\/v2\/comments?post=6067"}],"version-history":[{"count":5,"href":"https:\/\/www.impc.fr\/en\/wp-json\/wp\/v2\/pages\/6067\/revisions"}],"predecessor-version":[{"id":6078,"href":"https:\/\/www.impc.fr\/en\/wp-json\/wp\/v2\/pages\/6067\/revisions\/6078"}],"wp:attachment":[{"href":"https:\/\/www.impc.fr\/en\/wp-json\/wp\/v2\/media?parent=6067"}],"curies":[{"name":"wp","href":"https:\/\/api.w.org\/{rel}","templated":true}]}}