{"id":6009,"date":"2026-09-01T14:03:39","date_gmt":"2026-09-01T14:03:39","guid":{"rendered":"https:\/\/www.impc.fr\/?page_id=6009"},"modified":"2026-09-01T14:03:41","modified_gmt":"2026-09-01T14:03:41","slug":"impulsion-depistage-precoce-du-cancer-du-poumon","status":"publish","type":"page","link":"https:\/\/www.impc.fr\/en\/impulsion-depistage-precoce-du-cancer-du-poumon\/","title":{"rendered":"IMPULSION : d\u00e9pistage pr\u00e9coce du cancer du poumon"},"content":{"rendered":"\n[et_pb_section fb_built=\u00a0\u00bb1&Prime; custom_padding_last_edited=\u00a0\u00bbon|phone\u00a0\u00bb _builder_version=\u00a0\u00bb4.27.4&Prime; _module_preset=\u00a0\u00bbdefault\u00a0\u00bb custom_padding=\u00a0\u00bb5px||8px||false|false\u00a0\u00bb custom_padding_tablet=\u00a0\u00bb49px||||false|false\u00a0\u00bb custom_padding_phone=\u00a0\u00bb0px||||false|false\u00a0\u00bb locked=\u00a0\u00bboff\u00a0\u00bb global_colors_info=\u00a0\u00bb{}\u00a0\u00bb][et_pb_row column_structure=\u00a0\u00bb1_2,1_2&Prime; use_custom_gutter=\u00a0\u00bbon\u00a0\u00bb gutter_width=\u00a0\u00bb4&Prime; custom_padding_last_edited=\u00a0\u00bbon|phone\u00a0\u00bb _builder_version=\u00a0\u00bb4.27.4&Prime; _module_preset=\u00a0\u00bbdefault\u00a0\u00bb width=\u00a0\u00bb70%\u00a0\u00bb width_tablet=\u00a0\u00bb92%\u00a0\u00bb width_phone=\u00a0\u00bb95%\u00a0\u00bb width_last_edited=\u00a0\u00bbon|phone\u00a0\u00bb max_width=\u00a0\u00bb100%\u00a0\u00bb custom_margin_tablet=\u00a0\u00bb\u00a0\u00bb custom_margin_phone=\u00a0\u00bb0px||0px||false|false\u00a0\u00bb custom_margin_last_edited=\u00a0\u00bbon|phone\u00a0\u00bb custom_padding=\u00a0\u00bb|||15px|false|false\u00a0\u00bb custom_padding_tablet=\u00a0\u00bb|||15px|false|false\u00a0\u00bb custom_padding_phone=\u00a0\u00bb|||0px|false|false\u00a0\u00bb make_fullwidth=\u00a0\u00bbon\u00a0\u00bb global_colors_info=\u00a0\u00bb{}\u00a0\u00bb][et_pb_column type=\u00a0\u00bb1_2&Prime; _builder_version=\u00a0\u00bb4.27.4&Prime; _module_preset=\u00a0\u00bbdefault\u00a0\u00bb custom_padding=\u00a0\u00bb|0px||0px|false|false\u00a0\u00bb global_colors_info=\u00a0\u00bb{}\u00a0\u00bb custom_padding__hover=\u00a0\u00bb|||\u00a0\u00bb][et_pb_text admin_label=\u00a0\u00bbTitle\u00a0\u00bb _builder_version=\u00a0\u00bb4.27.8&Prime; _module_preset=\u00a0\u00bbdefault\u00a0\u00bb text_font=\u00a0\u00bb&#8211;et_global_body_font||||||||\u00a0\u00bb text_text_color=\u00a0\u00bb#000000&Prime; text_font_size=\u00a0\u00bb20px\u00a0\u00bb header_font=\u00a0\u00bbMontserrat|600|||||||\u00a0\u00bb header_text_color=\u00a0\u00bb#007bff\u00a0\u00bb header_font_size=\u00a0\u00bb36px\u00a0\u00bb header_line_height=\u00a0\u00bb1.1em\u00a0\u00bb header_2_font=\u00a0\u00bbMontserrat||||||||\u00a0\u00bb header_2_text_color=\u00a0\u00bb#ffffff\u00a0\u00bb header_2_font_size=\u00a0\u00bb42px\u00a0\u00bb header_2_letter_spacing=\u00a0\u00bb11px\u00a0\u00bb header_3_font=\u00a0\u00bb||||||||\u00a0\u00bb header_3_text_color=\u00a0\u00bb#ffcc00&Prime; header_3_font_size=\u00a0\u00bb28px\u00a0\u00bb background_layout=\u00a0\u00bbdark\u00a0\u00bb custom_margin=\u00a0\u00bb9px||79px||false|true\u00a0\u00bb custom_margin_tablet=\u00a0\u00bb9px||20px||false|true\u00a0\u00bb custom_margin_phone=\u00a0\u00bb0px|0px|8px|0px|false|true\u00a0\u00bb custom_margin_last_edited=\u00a0\u00bbon|phone\u00a0\u00bb custom_padding=\u00a0\u00bb|0px||0px|false|false\u00a0\u00bb animation_style=\u00a0\u00bbzoom\u00a0\u00bb animation_direction=\u00a0\u00bbleft\u00a0\u00bb animation_intensity_zoom=\u00a0\u00bb10%\u00a0\u00bb text_font_size_tablet=\u00a0\u00bb20px\u00a0\u00bb text_font_size_phone=\u00a0\u00bb33px\u00a0\u00bb text_font_size_last_edited=\u00a0\u00bbon|phone\u00a0\u00bb header_font_size_tablet=\u00a0\u00bb\u00a0\u00bb header_font_size_phone=\u00a0\u00bb29px\u00a0\u00bb header_font_size_last_edited=\u00a0\u00bbon|phone\u00a0\u00bb global_colors_info=\u00a0\u00bb{}\u00a0\u00bb]<h1>Impulsion : d\u00e9pister le cancer du poumon \u00e0 un stade pr\u00e9coce<\/h1>\n<p style=\"text-align: left;\"><\/p>[\/et_pb_text][et_pb_blurb title=\u00a0\u00bbRDV en ligne sur Doctolib\u00a0\u00bb use_icon=\u00a0\u00bbon\u00a0\u00bb font_icon=\u00a0\u00bb\ue023||divi||400&Prime; icon_color=\u00a0\u00bb#282828&Prime; icon_placement=\u00a0\u00bbleft\u00a0\u00bb image_icon_width=\u00a0\u00bb70px\u00a0\u00bb content_max_width=\u00a0\u00bb105%\u00a0\u00bb icon_placement_tablet=\u00a0\u00bbleft\u00a0\u00bb icon_placement_phone=\u00a0\u00bbleft\u00a0\u00bb icon_placement_last_edited=\u00a0\u00bbon|phone\u00a0\u00bb image_icon_width_tablet=\u00a0\u00bb70px\u00a0\u00bb image_icon_width_phone=\u00a0\u00bb35px\u00a0\u00bb image_icon_width_last_edited=\u00a0\u00bbon|phone\u00a0\u00bb _builder_version=\u00a0\u00bb4.27.4&Prime; _module_preset=\u00a0\u00bbdefault\u00a0\u00bb header_level=\u00a0\u00bbh2&Prime; header_font=\u00a0\u00bb&#8211;et_global_heading_font|700||on|||||\u00a0\u00bb header_text_align=\u00a0\u00bbleft\u00a0\u00bb header_text_color=\u00a0\u00bb#282828&Prime; header_font_size=\u00a0\u00bb24px\u00a0\u00bb body_font=\u00a0\u00bb&#8211;et_global_body_font||||||||\u00a0\u00bb body_text_color=\u00a0\u00bb#424242&Prime; body_font_size=\u00a0\u00bb17px\u00a0\u00bb body_line_height=\u00a0\u00bb1.6em\u00a0\u00bb background_color=\u00a0\u00bbRGBA(255,255,255,0)\u00a0\u00bb image_icon_custom_margin=\u00a0\u00bb-10px||||false|false\u00a0\u00bb image_icon_custom_margin_tablet=\u00a0\u00bb-10px||||false|false\u00a0\u00bb image_icon_custom_margin_phone=\u00a0\u00bb-10px||||false|false\u00a0\u00bb image_icon_custom_margin_last_edited=\u00a0\u00bbon|desktop\u00a0\u00bb width=\u00a0\u00bb100%\u00a0\u00bb width_tablet=\u00a0\u00bb89%\u00a0\u00bb width_phone=\u00a0\u00bb100%\u00a0\u00bb width_last_edited=\u00a0\u00bbon|tablet\u00a0\u00bb module_alignment=\u00a0\u00bbcenter\u00a0\u00bb custom_margin=\u00a0\u00bb0px||35px|0px|false|false\u00a0\u00bb custom_margin_tablet=\u00a0\u00bb-16px||0px||false|false\u00a0\u00bb custom_margin_phone=\u00a0\u00bb0px||0px|0px|false|false\u00a0\u00bb custom_margin_last_edited=\u00a0\u00bbon|desktop\u00a0\u00bb custom_padding=\u00a0\u00bb0px||0px|3px|true|false\u00a0\u00bb custom_padding_tablet=\u00a0\u00bb40px||40px|39px|true|false\u00a0\u00bb custom_padding_phone=\u00a0\u00bb17px||17px|0px|true|false\u00a0\u00bb custom_padding_last_edited=\u00a0\u00bbon|phone\u00a0\u00bb header_text_align_tablet=\u00a0\u00bbleft\u00a0\u00bb header_text_align_phone=\u00a0\u00bbleft\u00a0\u00bb header_text_align_last_edited=\u00a0\u00bbon|phone\u00a0\u00bb header_font_size_tablet=\u00a0\u00bb24px\u00a0\u00bb header_font_size_phone=\u00a0\u00bb18px\u00a0\u00bb header_font_size_last_edited=\u00a0\u00bbon|phone\u00a0\u00bb body_font_size_tablet=\u00a0\u00bb17px\u00a0\u00bb body_font_size_phone=\u00a0\u00bb12px\u00a0\u00bb body_font_size_last_edited=\u00a0\u00bbon|phone\u00a0\u00bb border_width_all_image=\u00a0\u00bb0px\u00a0\u00bb locked=\u00a0\u00bboff\u00a0\u00bb global_colors_info=\u00a0\u00bb{}\u00a0\u00bb]<p>Prenez rendez-vous dans nos centres<\/p>[\/et_pb_blurb][et_pb_text _builder_version=\u00a0\u00bb4.27.4&Prime; _module_preset=\u00a0\u00bbdefault\u00a0\u00bb text_font=\u00a0\u00bb|700|||||||\u00a0\u00bb text_text_color=\u00a0\u00bb#FFFFFF\u00a0\u00bb text_font_size=\u00a0\u00bb18px\u00a0\u00bb header_text_color=\u00a0\u00bb#FFFFFF\u00a0\u00bb background_color=\u00a0\u00bb#007bff\u00a0\u00bb text_orientation=\u00a0\u00bbcenter\u00a0\u00bb width_tablet=\u00a0\u00bb79%\u00a0\u00bb width_phone=\u00a0\u00bb100%\u00a0\u00bb width_last_edited=\u00a0\u00bbon|tablet\u00a0\u00bb max_width_tablet=\u00a0\u00bb\u00a0\u00bb max_width_phone=\u00a0\u00bb\u00a0\u00bb max_width_last_edited=\u00a0\u00bbon|tablet\u00a0\u00bb custom_margin=\u00a0\u00bb8px||10px||false|false\u00a0\u00bb custom_margin_tablet=\u00a0\u00bb8px||8px||true|false\u00a0\u00bb custom_margin_phone=\u00a0\u00bb8px|0px|6px|0px|false|true\u00a0\u00bb custom_margin_last_edited=\u00a0\u00bbon|phone\u00a0\u00bb custom_padding=\u00a0\u00bb10px|20px|10px|20px|true|true\u00a0\u00bb custom_padding_tablet=\u00a0\u00bb9px|20px|9px|20px|true|true\u00a0\u00bb custom_padding_phone=\u00a0\u00bb8px|20px|8px|20px|true|true\u00a0\u00bb custom_padding_last_edited=\u00a0\u00bbon|phone\u00a0\u00bb link_option_url=\u00a0\u00bbhttps:\/\/www.doctolib.fr\/centre-d-imagerie-medicale\/paris\/irm-bachaumont\u00a0\u00bb text_font_size_tablet=\u00a0\u00bb18px\u00a0\u00bb text_font_size_phone=\u00a0\u00bb15px\u00a0\u00bb text_font_size_last_edited=\u00a0\u00bbon|phone\u00a0\u00bb border_radii=\u00a0\u00bbon|12px|12px|12px|12px\u00a0\u00bb locked=\u00a0\u00bboff\u00a0\u00bb global_colors_info=\u00a0\u00bb{}\u00a0\u00bb text_text_color__hover_enabled=\u00a0\u00bbon|hover\u00a0\u00bb text_text_color__hover=\u00a0\u00bb#FFFFFF\u00a0\u00bb background_color__hover=\u00a0\u00bb#004D77&Prime; background_enable_color__hover=\u00a0\u00bbon\u00a0\u00bb background__hover_enabled=\u00a0\u00bbon|hover\u00a0\u00bb]<p>Prise de rendez-vous &#8211; Paris 75002<\/p>[\/et_pb_text][et_pb_text _builder_version=\u00a0\u00bb4.27.4&Prime; _module_preset=\u00a0\u00bbdefault\u00a0\u00bb text_font=\u00a0\u00bb|700|||||||\u00a0\u00bb text_text_color=\u00a0\u00bb#FFFFFF\u00a0\u00bb text_font_size=\u00a0\u00bb18px\u00a0\u00bb header_text_color=\u00a0\u00bb#FFFFFF\u00a0\u00bb background_color=\u00a0\u00bb#007bff\u00a0\u00bb text_orientation=\u00a0\u00bbcenter\u00a0\u00bb width_tablet=\u00a0\u00bb79%\u00a0\u00bb width_phone=\u00a0\u00bb100%\u00a0\u00bb width_last_edited=\u00a0\u00bbon|tablet\u00a0\u00bb max_width_tablet=\u00a0\u00bb\u00a0\u00bb max_width_phone=\u00a0\u00bb\u00a0\u00bb max_width_last_edited=\u00a0\u00bbon|tablet\u00a0\u00bb custom_margin=\u00a0\u00bb8px||10px||false|false\u00a0\u00bb custom_margin_tablet=\u00a0\u00bb8px||8px||true|false\u00a0\u00bb custom_margin_phone=\u00a0\u00bb8px|0px|6px|0px|false|true\u00a0\u00bb custom_margin_last_edited=\u00a0\u00bbon|phone\u00a0\u00bb custom_padding=\u00a0\u00bb10px|20px|10px|20px|true|true\u00a0\u00bb custom_padding_tablet=\u00a0\u00bb9px|20px|9px|20px|true|true\u00a0\u00bb custom_padding_phone=\u00a0\u00bb8px|20px|8px|20px|true|true\u00a0\u00bb custom_padding_last_edited=\u00a0\u00bbon|phone\u00a0\u00bb link_option_url=\u00a0\u00bbhttps:\/\/www.doctolib.fr\/centre-d-imagerie-medicale\/paris\/pole-sante-bergere-imagerie-medicale\/booking\/motive-categories?specialityId=11&amp;telehealth=false&amp;placeId=establishment-1785&amp;pid=establishment-1785&amp;speciality_ids%5B%5D=11&amp;bookingFunnelSource=profile\u00a0\u00bb text_font_size_tablet=\u00a0\u00bb18px\u00a0\u00bb text_font_size_phone=\u00a0\u00bb15px\u00a0\u00bb text_font_size_last_edited=\u00a0\u00bbon|phone\u00a0\u00bb border_radii=\u00a0\u00bbon|12px|12px|12px|12px\u00a0\u00bb locked=\u00a0\u00bboff\u00a0\u00bb global_colors_info=\u00a0\u00bb{}\u00a0\u00bb text_text_color__hover_enabled=\u00a0\u00bbon|hover\u00a0\u00bb text_text_color__hover=\u00a0\u00bb#FFFFFF\u00a0\u00bb background_color__hover=\u00a0\u00bb#004D77&Prime; background_enable_color__hover=\u00a0\u00bbon\u00a0\u00bb background__hover_enabled=\u00a0\u00bbon|hover\u00a0\u00bb]<p>Prise de rendez-vous &#8211; Paris 75009<\/p>[\/et_pb_text][et_pb_text _builder_version=\u00a0\u00bb4.27.4&Prime; _module_preset=\u00a0\u00bbdefault\u00a0\u00bb text_font=\u00a0\u00bb|700|||||||\u00a0\u00bb text_text_color=\u00a0\u00bb#FFFFFF\u00a0\u00bb text_font_size=\u00a0\u00bb18px\u00a0\u00bb header_text_color=\u00a0\u00bb#FFFFFF\u00a0\u00bb background_color=\u00a0\u00bb#007bff\u00a0\u00bb text_orientation=\u00a0\u00bbcenter\u00a0\u00bb width_tablet=\u00a0\u00bb79%\u00a0\u00bb width_phone=\u00a0\u00bb100%\u00a0\u00bb width_last_edited=\u00a0\u00bbon|tablet\u00a0\u00bb max_width_tablet=\u00a0\u00bb\u00a0\u00bb max_width_phone=\u00a0\u00bb\u00a0\u00bb max_width_last_edited=\u00a0\u00bbon|tablet\u00a0\u00bb custom_margin=\u00a0\u00bb8px||10px||false|false\u00a0\u00bb custom_margin_tablet=\u00a0\u00bb8px||8px||true|false\u00a0\u00bb custom_margin_phone=\u00a0\u00bb8px|0px|6px|0px|false|true\u00a0\u00bb custom_margin_last_edited=\u00a0\u00bbon|phone\u00a0\u00bb custom_padding=\u00a0\u00bb10px|20px|10px|20px|true|true\u00a0\u00bb custom_padding_tablet=\u00a0\u00bb9px|20px|9px|20px|true|true\u00a0\u00bb custom_padding_phone=\u00a0\u00bb8px|20px|8px|20px|true|true\u00a0\u00bb custom_padding_last_edited=\u00a0\u00bbon|phone\u00a0\u00bb link_option_url=\u00a0\u00bbhttps:\/\/www.doctolib.fr\/centre-d-imagerie-medicale\/paris\/centre-de-radiologie-blomet\u00a0\u00bb text_font_size_tablet=\u00a0\u00bb18px\u00a0\u00bb text_font_size_phone=\u00a0\u00bb15px\u00a0\u00bb text_font_size_last_edited=\u00a0\u00bbon|phone\u00a0\u00bb border_radii=\u00a0\u00bbon|12px|12px|12px|12px\u00a0\u00bb locked=\u00a0\u00bboff\u00a0\u00bb global_colors_info=\u00a0\u00bb{}\u00a0\u00bb text_text_color__hover_enabled=\u00a0\u00bbon|hover\u00a0\u00bb text_text_color__hover=\u00a0\u00bb#FFFFFF\u00a0\u00bb background_color__hover=\u00a0\u00bb#004D77&Prime; background_enable_color__hover=\u00a0\u00bbon\u00a0\u00bb background__hover_enabled=\u00a0\u00bbon|hover\u00a0\u00bb]<p>Prise de rendez-vous &#8211; Paris 75015<\/p>[\/et_pb_text][\/et_pb_column][et_pb_column type=\u00a0\u00bb1_2&Prime; _builder_version=\u00a0\u00bb4.16&Prime; _module_preset=\u00a0\u00bbdefault\u00a0\u00bb custom_padding=\u00a0\u00bb80px|||\u00a0\u00bb global_colors_info=\u00a0\u00bb{}\u00a0\u00bb custom_padding__hover=\u00a0\u00bb|||\u00a0\u00bb][et_pb_image src=\u00a0\u00bbhttps:\/\/www.impc.fr\/wp-content\/uploads\/2026\/09\/depistage-cancer-poumon-scaled.jpg\u00a0\u00bb alt=\u00a0\u00bbd\u00e9pistage cancer poumon Impulsion et scanner thoracique faible dose \u00a0\u00bb title_text=\u00a0\u00bbdepistage cancer poumon\u00a0\u00bb src_tablet=\u00a0\u00bbhttps:\/\/www.impc.fr\/wp-content\/uploads\/2026\/09\/depistage-cancer-poumon-scaled.jpg\u00a0\u00bb src_phone=\u00a0\u00bbhttps:\/\/www.impc.fr\/wp-content\/uploads\/2026\/09\/depistage-cancer-poumon-scaled.jpg\u00a0\u00bb src_last_edited=\u00a0\u00bbon|desktop\u00a0\u00bb _builder_version=\u00a0\u00bb4.27.8&Prime; _module_preset=\u00a0\u00bbdefault\u00a0\u00bb global_colors_info=\u00a0\u00bb{}\u00a0\u00bb][\/et_pb_image][\/et_pb_column][\/et_pb_row][\/et_pb_section][et_pb_section fb_built=\u00a0\u00bb1&Prime; custom_padding_last_edited=\u00a0\u00bbon|phone\u00a0\u00bb _builder_version=\u00a0\u00bb4.27.4&Prime; _module_preset=\u00a0\u00bbdefault\u00a0\u00bb custom_padding=\u00a0\u00bb5px||8px||false|false\u00a0\u00bb custom_padding_tablet=\u00a0\u00bb49px||||false|false\u00a0\u00bb custom_padding_phone=\u00a0\u00bb0px||||false|false\u00a0\u00bb global_colors_info=\u00a0\u00bb{}\u00a0\u00bb][et_pb_row column_structure=\u00a0\u00bb1_2,1_2&Prime; use_custom_gutter=\u00a0\u00bbon\u00a0\u00bb gutter_width=\u00a0\u00bb2&Prime; custom_padding_last_edited=\u00a0\u00bbon|phone\u00a0\u00bb _builder_version=\u00a0\u00bb4.27.4&Prime; _module_preset=\u00a0\u00bbdefault\u00a0\u00bb width=\u00a0\u00bb70%\u00a0\u00bb width_tablet=\u00a0\u00bb92%\u00a0\u00bb width_phone=\u00a0\u00bb94%\u00a0\u00bb width_last_edited=\u00a0\u00bbon|phone\u00a0\u00bb max_width=\u00a0\u00bb100%\u00a0\u00bb custom_margin_tablet=\u00a0\u00bb\u00a0\u00bb custom_margin_phone=\u00a0\u00bb-40px||0px||false|false\u00a0\u00bb custom_margin_last_edited=\u00a0\u00bbon|phone\u00a0\u00bb custom_padding=\u00a0\u00bb|||15px|false|false\u00a0\u00bb custom_padding_tablet=\u00a0\u00bb|||15px|false|false\u00a0\u00bb custom_padding_phone=\u00a0\u00bb|||0px|false|false\u00a0\u00bb make_fullwidth=\u00a0\u00bbon\u00a0\u00bb global_colors_info=\u00a0\u00bb{}\u00a0\u00bb][et_pb_column type=\u00a0\u00bb1_2&Prime; _builder_version=\u00a0\u00bb4.27.4&Prime; _module_preset=\u00a0\u00bbdefault\u00a0\u00bb custom_padding=\u00a0\u00bb|0px||0px|false|false\u00a0\u00bb global_colors_info=\u00a0\u00bb{}\u00a0\u00bb custom_padding__hover=\u00a0\u00bb|||\u00a0\u00bb][et_pb_text _builder_version=\u00a0\u00bb4.27.8&Prime; _module_preset=\u00a0\u00bbdefault\u00a0\u00bb text_font=\u00a0\u00bb&#8211;et_global_body_font||||||||\u00a0\u00bb text_text_color=\u00a0\u00bb#000000&Prime; text_font_size=\u00a0\u00bb15px\u00a0\u00bb header_2_font=\u00a0\u00bb&#8211;et_global_heading_font|600|||||||\u00a0\u00bb header_2_font_size=\u00a0\u00bb21px\u00a0\u00bb header_2_line_height=\u00a0\u00bb1.4em\u00a0\u00bb header_3_font=\u00a0\u00bb&#8211;et_global_heading_font|600|||on|||#007BFF|\u00a0\u00bb header_3_text_color=\u00a0\u00bb#007BFF\u00a0\u00bb header_3_font_size=\u00a0\u00bb17px\u00a0\u00bb background_color=\u00a0\u00bb#fcfcfc\u00a0\u00bb min_height=\u00a0\u00bb104px\u00a0\u00bb custom_margin=\u00a0\u00bb||3px|||\u00a0\u00bb custom_padding=\u00a0\u00bb14px|18px|14px|18px|true|true\u00a0\u00bb header_2_font_size_tablet=\u00a0\u00bb21px\u00a0\u00bb header_2_font_size_phone=\u00a0\u00bb19px\u00a0\u00bb header_2_font_size_last_edited=\u00a0\u00bbon|phone\u00a0\u00bb border_radii=\u00a0\u00bbon|12px|12px|12px|12px\u00a0\u00bb border_color_right=\u00a0\u00bb#a3a3a3&Prime; box_shadow_style=\u00a0\u00bbpreset1&Prime; box_shadow_vertical=\u00a0\u00bb1px\u00a0\u00bb box_shadow_blur=\u00a0\u00bb10px\u00a0\u00bb global_colors_info=\u00a0\u00bb{}\u00a0\u00bb]<h2 dir=\"ltr\">Pourquoi un d\u00e9pistage organis\u00e9 du cancer du poumon ?<\/h2>\n<p dir=\"ltr\">Le cancer du poumon est fr\u00e9quemment diagnostiqu\u00e9 \u00e0 un stade avanc\u00e9, ce qui r\u00e9duit consid\u00e9rablement les chances de gu\u00e9rison. Un d\u00e9pistage pr\u00e9coce, r\u00e9alis\u00e9 avant l&rsquo;apparition des sympt\u00f4mes, permet au contraire de rep\u00e9rer des nodules pulmonaires de petite taille, \u00e0 un moment o\u00f9 une prise en charge curative reste possible.<\/p>\n<h3 dir=\"ltr\">Les r\u00e9sultats des grandes \u00e9tudes internationales<\/h3>\n<p dir=\"ltr\">Deux essais cliniques de r\u00e9f\u00e9rence ont d\u00e9montr\u00e9 l&rsquo;int\u00e9r\u00eat du d\u00e9pistage par scanner faible dose chez les populations \u00e0 risque \u00e9lev\u00e9 :<\/p>\n<ul dir=\"ltr\">\n<li>L&rsquo;\u00e9tude am\u00e9ricaine <strong>NLST<\/strong> (National Lung Screening Trial) a mis en \u00e9vidence une r\u00e9duction significative de la mortalit\u00e9 par cancer du poumon chez les personnes d\u00e9pist\u00e9es par scanner faible dose, par rapport \u00e0 celles d\u00e9pist\u00e9es par simple radiographie.<\/li>\n<li>L&rsquo;\u00e9tude europ\u00e9enne <strong>NELSON<\/strong>, men\u00e9e notamment aux Pays-Bas et en Belgique, a confirm\u00e9 des r\u00e9sultats comparables sur une population \u00e0 risque, avec une baisse de la mortalit\u00e9 sp\u00e9cifique de l&rsquo;ordre de 20 \u00e0 25 %.<\/li>\n<\/ul>\n<p dir=\"ltr\">Ces travaux ont confort\u00e9 les soci\u00e9t\u00e9s savantes de radiologie et de pneumologie dans l&rsquo;id\u00e9e qu&rsquo;un d\u00e9pistage organis\u00e9, associ\u00e9 \u00e0 un accompagnement au sevrage tabagique, pouvait avoir un impact fort sur le pronostic des patients.<\/p>\n<h2 dir=\"ltr\">Qui est concern\u00e9 par le d\u00e9pistage Impulsion ?<\/h2>\n<p dir=\"ltr\">Le programme cible une population pr\u00e9cis\u00e9ment d\u00e9finie, en coh\u00e9rence avec les recommandations internationales en mati\u00e8re de d\u00e9pistage du cancer du poumon.<\/p>\n<h3 dir=\"ltr\">Crit\u00e8res d&rsquo;\u00e9ligibilit\u00e9<\/h3>\n<p dir=\"ltr\">Sont concern\u00e9es les personnes r\u00e9unissant l&rsquo;ensemble des conditions suivantes :<\/p>\n<ul dir=\"ltr\">\n<li>\u00catre \u00e2g\u00e9 de 50 \u00e0 74 ans.<\/li>\n<li>\u00catre fumeur actif, ou ancien fumeur sevr\u00e9 depuis moins de 15 ans.<\/li>\n<li>Pr\u00e9senter une consommation tabagique importante, g\u00e9n\u00e9ralement estim\u00e9e \u00e0 plus de 20 paquets-ann\u00e9es.<\/li>\n<li>Ne pr\u00e9senter aucun sympt\u00f4me \u00e9vocateur d&rsquo;un cancer du poumon.<\/li>\n<li>Ne pas avoir d&rsquo;ant\u00e9c\u00e9dent personnel de cancer du poumon.<\/li>\n<li>Ne pas avoir b\u00e9n\u00e9fici\u00e9 d&rsquo;un scanner thoracique au cours des 12 derniers mois.<\/li>\n<li>Ne pas pr\u00e9senter de comorbidit\u00e9 majeure qui emp\u00eacherait une prise en charge diagnostique ou th\u00e9rapeutique ult\u00e9rieure.<\/li>\n<\/ul>\n<p dir=\"ltr\">En France, cette population \u00e0 haut risque est estim\u00e9e \u00e0 environ 4 millions de personnes.<\/p>\n<div data-background-image=\"\" data-position=\"absolute\" class=\"bgColor\"><\/div>[\/et_pb_text][\/et_pb_column][et_pb_column type=\u00a0\u00bb1_2&Prime; _builder_version=\u00a0\u00bb4.16&Prime; _module_preset=\u00a0\u00bbdefault\u00a0\u00bb custom_padding=\u00a0\u00bb80px|||\u00a0\u00bb global_colors_info=\u00a0\u00bb{}\u00a0\u00bb custom_padding__hover=\u00a0\u00bb|||\u00a0\u00bb][et_pb_text _builder_version=\u00a0\u00bb4.27.8&Prime; _module_preset=\u00a0\u00bbdefault\u00a0\u00bb text_font=\u00a0\u00bb&#8211;et_global_body_font||||||||\u00a0\u00bb text_text_color=\u00a0\u00bb#000000&Prime; text_font_size=\u00a0\u00bb15px\u00a0\u00bb header_2_font=\u00a0\u00bb&#8211;et_global_heading_font|600|||||||\u00a0\u00bb header_2_font_size=\u00a0\u00bb21px\u00a0\u00bb header_2_line_height=\u00a0\u00bb1.4em\u00a0\u00bb header_3_font=\u00a0\u00bb&#8211;et_global_heading_font|600|||on|||#007BFF|\u00a0\u00bb header_3_text_color=\u00a0\u00bb#007BFF\u00a0\u00bb header_3_font_size=\u00a0\u00bb17px\u00a0\u00bb background_color=\u00a0\u00bb#fcfcfc\u00a0\u00bb min_height=\u00a0\u00bb104px\u00a0\u00bb custom_margin=\u00a0\u00bb22px||0px||false|false\u00a0\u00bb custom_padding=\u00a0\u00bb14px|18px|14px|18px|true|true\u00a0\u00bb header_2_font_size_tablet=\u00a0\u00bb21px\u00a0\u00bb header_2_font_size_phone=\u00a0\u00bb19px\u00a0\u00bb header_2_font_size_last_edited=\u00a0\u00bbon|phone\u00a0\u00bb border_radii=\u00a0\u00bbon|12px|12px|12px|12px\u00a0\u00bb border_color_right=\u00a0\u00bb#a3a3a3&Prime; box_shadow_style=\u00a0\u00bbpreset1&Prime; box_shadow_vertical=\u00a0\u00bb1px\u00a0\u00bb box_shadow_blur=\u00a0\u00bb10px\u00a0\u00bb global_colors_info=\u00a0\u00bb{}\u00a0\u00bb]<h2 dir=\"ltr\">Comment se d\u00e9roule le d\u00e9pistage dans le cadre d&rsquo;Impulsion ?<\/h2>\n<p dir=\"ltr\">Le parcours de d\u00e9pistage Impulsion s&rsquo;organise en plusieurs \u00e9tapes, de l&rsquo;identification des personnes \u00e9ligibles jusqu&rsquo;au suivi \u00e0 long terme.<\/p>\n<h3 dir=\"ltr\">1. Le rep\u00e9rage et la consultation d&rsquo;inclusion<\/h3>\n<p dir=\"ltr\">Les personnes \u00e9ligibles peuvent \u00eatre orient\u00e9es par leur m\u00e9decin traitant ou un professionnel de sant\u00e9, ou se signaler elles-m\u00eames. Une consultation d&rsquo;inclusion permet de v\u00e9rifier les crit\u00e8res d&rsquo;\u00e9ligibilit\u00e9 avant la r\u00e9alisation du scanner.<\/p>\n<h3 dir=\"ltr\">2. Le scanner thoracique \u00e0 faible dose (LDCT)<\/h3>\n<p dir=\"ltr\">Le <a href=\"https:\/\/www.impc.fr\/scanner-thoracique\/\">scanner thoracique<\/a> \u00e0 faible dose (Low Dose CT, ou LDCT) constitue le c\u0153ur du dispositif. R\u00e9alis\u00e9 sans injection de produit de contraste, il permet de rep\u00e9rer avec une grande pr\u00e9cision d&rsquo;\u00e9ventuels <a href=\"https:\/\/www.impc.fr\/depistage-pour-le-cancer-du-poumon\/\">nodules pulmonaires<\/a> suspects, tout en limitant l&rsquo;exposition aux radiations. Cet examen doit \u00eatre interpr\u00e9t\u00e9 par un radiologue sp\u00e9cifiquement form\u00e9 au d\u00e9pistage, selon le programme de certification d\u00e9fini par les soci\u00e9t\u00e9s savantes de radiologie.<\/p>\n<p dir=\"ltr\">En cas de d\u00e9pistage n\u00e9gatif, un contr\u00f4le est pr\u00e9vu un an plus tard, puis une imagerie tous les deux ans dans le cadre du suivi.<\/p>\n<h3 dir=\"ltr\">3. Le r\u00f4le de l&rsquo;intelligence artificielle dans la lecture des scanners<\/h3>\n<p dir=\"ltr\">Le programme Impulsion pr\u00e9voit d&rsquo;\u00e9valuer l&rsquo;apport de l&rsquo;intelligence artificielle comme second lecteur, en compl\u00e9ment du radiologue, pour la d\u00e9tection des nodules pulmonaires sur une partie des examens r\u00e9alis\u00e9s. L&rsquo;objectif est de d\u00e9terminer si cette double lecture, humaine et assist\u00e9e par IA, am\u00e9liore la fiabilit\u00e9 du d\u00e9pistage sans multiplier les faux positifs ni le surdiagnostic.<\/p>\n<h3 dir=\"ltr\">4. L&rsquo;accompagnement au sevrage tabagique<\/h3>\n<p dir=\"ltr\">Une consultation de tabacologie est propos\u00e9e aux fumeurs non sevr\u00e9s, id\u00e9alement avant la r\u00e9alisation du scanner. Cette articulation entre d\u00e9pistage et sevrage s&rsquo;appuie sur les donn\u00e9es de l&rsquo;essai NLST, qui sugg\u00e8rent qu&rsquo;associer les deux d\u00e9marches peut renforcer significativement la baisse du risque de d\u00e9c\u00e8s par cancer du poumon, au-del\u00e0 du seul effet du scanner.<\/p>\n<h2 dir=\"ltr\">Quelle prise en charge pour le d\u00e9pistage Impulsion ?<\/h2>\n<p dir=\"ltr\">Dans le cadre du programme pilote, l&rsquo;Assurance Maladie prend en charge \u00e0 100 % le scanner thoracique \u00e0 faible dose. La consultation d&rsquo;inclusion, l&rsquo;accompagnement au sevrage tabagique, ainsi que les soins li\u00e9s \u00e0 un cancer \u00e9ventuellement d\u00e9tect\u00e9 ou \u00e0 d&rsquo;autres pathologies identifi\u00e9es lors de l&rsquo;examen, sont rembours\u00e9s selon les conditions habituelles de prise en charge.<\/p>[\/et_pb_text][\/et_pb_column][\/et_pb_row][\/et_pb_section][et_pb_section fb_built=\u00a0\u00bb1&Prime; custom_padding_last_edited=\u00a0\u00bbon|phone\u00a0\u00bb _builder_version=\u00a0\u00bb4.27.4&Prime; _module_preset=\u00a0\u00bbdefault\u00a0\u00bb custom_padding=\u00a0\u00bb5px||8px||false|false\u00a0\u00bb custom_padding_tablet=\u00a0\u00bb49px||||false|false\u00a0\u00bb custom_padding_phone=\u00a0\u00bb0px||||false|false\u00a0\u00bb global_colors_info=\u00a0\u00bb{}\u00a0\u00bb][et_pb_row column_structure=\u00a0\u00bb1_2,1_2&Prime; use_custom_gutter=\u00a0\u00bbon\u00a0\u00bb gutter_width=\u00a0\u00bb2&Prime; custom_padding_last_edited=\u00a0\u00bbon|phone\u00a0\u00bb _builder_version=\u00a0\u00bb4.27.4&Prime; _module_preset=\u00a0\u00bbdefault\u00a0\u00bb width=\u00a0\u00bb70%\u00a0\u00bb width_tablet=\u00a0\u00bb92%\u00a0\u00bb width_phone=\u00a0\u00bb94%\u00a0\u00bb width_last_edited=\u00a0\u00bbon|phone\u00a0\u00bb max_width=\u00a0\u00bb100%\u00a0\u00bb custom_margin_tablet=\u00a0\u00bb\u00a0\u00bb custom_margin_phone=\u00a0\u00bb-40px||0px||false|false\u00a0\u00bb custom_margin_last_edited=\u00a0\u00bbon|phone\u00a0\u00bb custom_padding=\u00a0\u00bb|||15px|false|false\u00a0\u00bb custom_padding_tablet=\u00a0\u00bb|||15px|false|false\u00a0\u00bb custom_padding_phone=\u00a0\u00bb|||0px|false|false\u00a0\u00bb make_fullwidth=\u00a0\u00bbon\u00a0\u00bb global_colors_info=\u00a0\u00bb{}\u00a0\u00bb][et_pb_column type=\u00a0\u00bb1_2&Prime; _builder_version=\u00a0\u00bb4.27.4&Prime; _module_preset=\u00a0\u00bbdefault\u00a0\u00bb custom_padding=\u00a0\u00bb|0px||0px|false|false\u00a0\u00bb global_colors_info=\u00a0\u00bb{}\u00a0\u00bb custom_padding__hover=\u00a0\u00bb|||\u00a0\u00bb][et_pb_text _builder_version=\u00a0\u00bb4.27.8&Prime; _module_preset=\u00a0\u00bbdefault\u00a0\u00bb text_font=\u00a0\u00bb&#8211;et_global_body_font||||||||\u00a0\u00bb text_text_color=\u00a0\u00bb#000000&Prime; text_font_size=\u00a0\u00bb15px\u00a0\u00bb header_2_font=\u00a0\u00bb&#8211;et_global_heading_font|600|||||||\u00a0\u00bb header_2_text_color=\u00a0\u00bb#007BFF\u00a0\u00bb header_2_font_size=\u00a0\u00bb23px\u00a0\u00bb header_2_line_height=\u00a0\u00bb1.4em\u00a0\u00bb header_3_font=\u00a0\u00bb&#8211;et_global_heading_font|600|||||||\u00a0\u00bb header_3_text_color=\u00a0\u00bb#007BFF\u00a0\u00bb header_3_font_size=\u00a0\u00bb30px\u00a0\u00bb header_3_line_height=\u00a0\u00bb1.3em\u00a0\u00bb header_4_font=\u00a0\u00bb&#8211;et_global_heading_font|600|||||||\u00a0\u00bb header_4_text_color=\u00a0\u00bbrgba(0,0,0,0.76)\u00a0\u00bb width=\u00a0\u00bb89%\u00a0\u00bb width_tablet=\u00a0\u00bb89%\u00a0\u00bb width_phone=\u00a0\u00bb89%\u00a0\u00bb width_last_edited=\u00a0\u00bbon|desktop\u00a0\u00bb min_height=\u00a0\u00bb65px\u00a0\u00bb custom_margin=\u00a0\u00bb34px||30px|5px|false|false\u00a0\u00bb custom_padding=\u00a0\u00bb||0px|||\u00a0\u00bb header_3_font_size_tablet=\u00a0\u00bb30px\u00a0\u00bb header_3_font_size_phone=\u00a0\u00bb23px\u00a0\u00bb header_3_font_size_last_edited=\u00a0\u00bbon|desktop\u00a0\u00bb border_color_right=\u00a0\u00bb#a3a3a3&Prime; global_colors_info=\u00a0\u00bb{}\u00a0\u00bb]<h2 dir=\"ltr\">Pourquoi choisir IMPC pour votre d\u00e9pistage du cancer du poumon ?<\/h2>\n<p dir=\"ltr\">En choisissant IMPC pour la r\u00e9alisation de votre scanner thoracique, vous b\u00e9n\u00e9ficiez :<\/p>\n<p dir=\"ltr\"><\/p>\n<ul dir=\"ltr\">\n<li>d&rsquo;un r\u00e9seau de plus de <strong>10 centres d&rsquo;imagerie m\u00e9dicale \u00e0 Paris<\/strong>, facilement accessibles ;<\/li>\n<li>d&rsquo;<strong>\u00e9quipements de derni\u00e8re g\u00e9n\u00e9ration<\/strong>, permettant un scanner thoracique \u00e0 faible dose avec une exposition aux radiations optimis\u00e9e ;<\/li>\n<li>de <strong>radiologues form\u00e9s au d\u00e9pistage<\/strong> du cancer du poumon, en lien avec les recommandations des soci\u00e9t\u00e9s savantes ;<\/li>\n<li>d&rsquo;une <strong>prise de <a href=\"https:\/\/www.impc.fr\/contactez-nous\/\">rendez-vous<\/a> rapide<\/strong>,&nbsp;<\/li>\n<li>d&rsquo;un <strong>compte rendu clair et rapide<\/strong>, remis en mains propres ou consultable en ligne pour assurer un suivi efficace avec votre m\u00e9decin.<\/li>\n<\/ul>[\/et_pb_text][\/et_pb_column][et_pb_column type=\u00a0\u00bb1_2&Prime; _builder_version=\u00a0\u00bb4.16&Prime; _module_preset=\u00a0\u00bbdefault\u00a0\u00bb custom_padding=\u00a0\u00bb80px|||\u00a0\u00bb global_colors_info=\u00a0\u00bb{}\u00a0\u00bb custom_padding__hover=\u00a0\u00bb|||\u00a0\u00bb][\/et_pb_column][\/et_pb_row][\/et_pb_section][et_pb_section fb_built=\u00a0\u00bb1&Prime; _builder_version=\u00a0\u00bb4.27.4&Prime; _module_preset=\u00a0\u00bbdefault\u00a0\u00bb custom_padding=\u00a0\u00bb4px|||||\u00a0\u00bb locked=\u00a0\u00bboff\u00a0\u00bb global_colors_info=\u00a0\u00bb{}\u00a0\u00bb][et_pb_row column_structure=\u00a0\u00bb1_2,1_2&Prime; use_custom_gutter=\u00a0\u00bbon\u00a0\u00bb gutter_width=\u00a0\u00bb2&Prime; custom_padding_last_edited=\u00a0\u00bbon|phone\u00a0\u00bb _builder_version=\u00a0\u00bb4.27.4&Prime; _module_preset=\u00a0\u00bbdefault\u00a0\u00bb width=\u00a0\u00bb70%\u00a0\u00bb width_tablet=\u00a0\u00bb92%\u00a0\u00bb width_phone=\u00a0\u00bb94%\u00a0\u00bb width_last_edited=\u00a0\u00bbon|phone\u00a0\u00bb max_width=\u00a0\u00bb100%\u00a0\u00bb custom_padding=\u00a0\u00bb4px|||15px|false|false\u00a0\u00bb custom_padding_tablet=\u00a0\u00bb|||15px|false|false\u00a0\u00bb custom_padding_phone=\u00a0\u00bb|||0px|false|false\u00a0\u00bb make_fullwidth=\u00a0\u00bbon\u00a0\u00bb locked=\u00a0\u00bboff\u00a0\u00bb global_colors_info=\u00a0\u00bb{}\u00a0\u00bb][et_pb_column type=\u00a0\u00bb1_2&Prime; _builder_version=\u00a0\u00bb4.16&Prime; _module_preset=\u00a0\u00bbdefault\u00a0\u00bb custom_padding=\u00a0\u00bb|||\u00a0\u00bb global_colors_info=\u00a0\u00bb{}\u00a0\u00bb custom_padding__hover=\u00a0\u00bb|||\u00a0\u00bb][et_pb_text _builder_version=\u00a0\u00bb4.27.4&Prime; _module_preset=\u00a0\u00bbdefault\u00a0\u00bb text_font=\u00a0\u00bb&#8211;et_global_body_font||||||||\u00a0\u00bb text_text_color=\u00a0\u00bb#000000&Prime; text_font_size=\u00a0\u00bb15px\u00a0\u00bb header_2_font=\u00a0\u00bb&#8211;et_global_heading_font|600|||||||\u00a0\u00bb header_2_font_size=\u00a0\u00bb23px\u00a0\u00bb header_2_line_height=\u00a0\u00bb1.4em\u00a0\u00bb header_3_font=\u00a0\u00bb&#8211;et_global_heading_font|600|||||||\u00a0\u00bb header_3_text_color=\u00a0\u00bb#007BFF\u00a0\u00bb header_3_font_size=\u00a0\u00bb30px\u00a0\u00bb header_3_line_height=\u00a0\u00bb1.3em\u00a0\u00bb header_4_font=\u00a0\u00bb&#8211;et_global_heading_font|600|||||||\u00a0\u00bb header_4_text_color=\u00a0\u00bbrgba(0,0,0,0.76)\u00a0\u00bb min_height=\u00a0\u00bb65px\u00a0\u00bb custom_margin=\u00a0\u00bb||30px|16px|false|false\u00a0\u00bb custom_padding=\u00a0\u00bb||0px|||\u00a0\u00bb header_3_font_size_tablet=\u00a0\u00bb30px\u00a0\u00bb header_3_font_size_phone=\u00a0\u00bb23px\u00a0\u00bb header_3_font_size_last_edited=\u00a0\u00bbon|desktop\u00a0\u00bb border_color_right=\u00a0\u00bb#a3a3a3&Prime; global_colors_info=\u00a0\u00bb{}\u00a0\u00bb]<h3>FAQ : Les questions les plus courantes sur le programme Impulsion<\/h3>[\/et_pb_text][et_pb_toggle title=\u00a0\u00bbQu&rsquo;est-ce que le programme Impulsion ?\u00a0\u00bb closed_toggle_background_color=\u00a0\u00bb#FFFFFF\u00a0\u00bb icon_color=\u00a0\u00bb#007BFF\u00a0\u00bb open_icon_color=\u00a0\u00bbrgba(0,77,119,0.51)\u00a0\u00bb _builder_version=\u00a0\u00bb4.27.8&Prime; _module_preset=\u00a0\u00bbdefault\u00a0\u00bb title_font_size=\u00a0\u00bb14px\u00a0\u00bb title_line_height=\u00a0\u00bb1.2em\u00a0\u00bb custom_margin=\u00a0\u00bb||11px|12px|false|false\u00a0\u00bb custom_padding=\u00a0\u00bb14px||14px||true|false\u00a0\u00bb border_width_bottom=\u00a0\u00bb2px\u00a0\u00bb global_colors_info=\u00a0\u00bb{}\u00a0\u00bb]<p dir=\"ltr\">Impulsion est le programme pilote national de d\u00e9pistage organis\u00e9 du cancer du poumon, fond\u00e9 sur un scanner thoracique \u00e0 faible dose associ\u00e9 \u00e0 un accompagnement au sevrage tabagique.<\/p>\n<h4 dir=\"ltr\"><\/h4>[\/et_pb_toggle][et_pb_toggle title=\u00a0\u00bbQui peut b\u00e9n\u00e9ficier du d\u00e9pistage Impulsion ?\u00a0\u00bb closed_toggle_background_color=\u00a0\u00bb#FFFFFF\u00a0\u00bb icon_color=\u00a0\u00bb#007BFF\u00a0\u00bb open_icon_color=\u00a0\u00bbrgba(0,77,119,0.51)\u00a0\u00bb _builder_version=\u00a0\u00bb4.27.8&Prime; _module_preset=\u00a0\u00bbdefault\u00a0\u00bb title_font_size=\u00a0\u00bb14px\u00a0\u00bb title_line_height=\u00a0\u00bb1.2em\u00a0\u00bb custom_margin=\u00a0\u00bb||11px|12px|false|false\u00a0\u00bb custom_padding=\u00a0\u00bb14px||14px||true|false\u00a0\u00bb border_width_bottom=\u00a0\u00bb2px\u00a0\u00bb global_colors_info=\u00a0\u00bb{}\u00a0\u00bb]<p data-start=\"389\" data-end=\"553\">Les personnes de 50 \u00e0 74 ans, fumeuses ou ex-fumeuses sevr\u00e9es depuis moins de 15 ans, avec une consommation tabagique importante et sans sympt\u00f4me ni ant\u00e9c\u00e9dent de cancer du poumon.<\/p>[\/et_pb_toggle][et_pb_toggle title=\u00a0\u00bbLe scanner de d\u00e9pistage est-il rembours\u00e9 ?\u00a0\u00bb closed_toggle_background_color=\u00a0\u00bb#FFFFFF\u00a0\u00bb icon_color=\u00a0\u00bb#007BFF\u00a0\u00bb open_icon_color=\u00a0\u00bbrgba(0,77,119,0.51)\u00a0\u00bb _builder_version=\u00a0\u00bb4.27.8&Prime; _module_preset=\u00a0\u00bbdefault\u00a0\u00bb title_font_size=\u00a0\u00bb14px\u00a0\u00bb title_line_height=\u00a0\u00bb1.2em\u00a0\u00bb custom_margin=\u00a0\u00bb||11px|12px|false|false\u00a0\u00bb custom_padding=\u00a0\u00bb14px||14px||true|false\u00a0\u00bb border_width_bottom=\u00a0\u00bb2px\u00a0\u00bb global_colors_info=\u00a0\u00bb{}\u00a0\u00bb]<p data-start=\"555\" data-end=\"812\">Oui. Dans le cadre du programme pilote, le scanner thoracique \u00e0 faible dose est pris en charge \u00e0 100 % par l&rsquo;Assurance Maladie, tout comme la consultation d&rsquo;inclusion et l&rsquo;accompagnement au sevrage tabagique.<\/p>[\/et_pb_toggle][et_pb_toggle title=\u00a0\u00bbLe d\u00e9pistage est-il douloureux ou dangereux ?\u00a0\u00bb closed_toggle_background_color=\u00a0\u00bb#FFFFFF\u00a0\u00bb icon_color=\u00a0\u00bb#007BFF\u00a0\u00bb open_icon_color=\u00a0\u00bbrgba(0,77,119,0.51)\u00a0\u00bb _builder_version=\u00a0\u00bb4.27.8&Prime; _module_preset=\u00a0\u00bbdefault\u00a0\u00bb title_font_size=\u00a0\u00bb14px\u00a0\u00bb title_line_height=\u00a0\u00bb1.2em\u00a0\u00bb custom_margin=\u00a0\u00bb||11px|12px|false|false\u00a0\u00bb custom_padding=\u00a0\u00bb14px||14px||true|false\u00a0\u00bb border_width_bottom=\u00a0\u00bb2px\u00a0\u00bb global_colors_info=\u00a0\u00bb{}\u00a0\u00bb]<p data-start=\"814\" data-end=\"1020\">Non, le scanner thoracique \u00e0 faible dose est un examen rapide et non invasif, r\u00e9alis\u00e9 sans injection de produit de contraste, avec une dose de rayonnement optimis\u00e9e.<\/p>[\/et_pb_toggle][et_pb_toggle title=\u00a0\u00bbQuand le d\u00e9pistage sera-t-il g\u00e9n\u00e9ralis\u00e9 \u00e0 toute la France ?\u00a0\u00bb closed_toggle_background_color=\u00a0\u00bb#FFFFFF\u00a0\u00bb icon_color=\u00a0\u00bb#007BFF\u00a0\u00bb open_icon_color=\u00a0\u00bbrgba(0,77,119,0.51)\u00a0\u00bb _builder_version=\u00a0\u00bb4.27.8&Prime; _module_preset=\u00a0\u00bbdefault\u00a0\u00bb title_font_size=\u00a0\u00bb14px\u00a0\u00bb title_line_height=\u00a0\u00bb1.2em\u00a0\u00bb custom_margin=\u00a0\u00bb||11px|12px|false|false\u00a0\u00bb custom_padding=\u00a0\u00bb14px||14px||true|false\u00a0\u00bb border_width_bottom=\u00a0\u00bb2px\u00a0\u00bb global_colors_info=\u00a0\u00bb{}\u00a0\u00bb]<p data-start=\"1022\" data-end=\"1215\">Le programme pilote a d\u00e9but\u00e9 en mars 2026 dans plusieurs r\u00e9gions. Une extension progressive \u00e0 l&rsquo;ensemble du territoire est pr\u00e9vue, avec un objectif de d\u00e9pistage g\u00e9n\u00e9ralis\u00e9 \u00e0 l&rsquo;horizon 2030.<\/p>[\/et_pb_toggle][\/et_pb_column][et_pb_column type=\u00a0\u00bb1_2&Prime; _builder_version=\u00a0\u00bb4.16&Prime; _module_preset=\u00a0\u00bbdefault\u00a0\u00bb custom_padding=\u00a0\u00bb|||\u00a0\u00bb global_colors_info=\u00a0\u00bb{}\u00a0\u00bb custom_padding__hover=\u00a0\u00bb|||\u00a0\u00bb][et_pb_text _builder_version=\u00a0\u00bb4.27.5&Prime; _module_preset=\u00a0\u00bbdefault\u00a0\u00bb text_font=\u00a0\u00bb&#8211;et_global_body_font||||||||\u00a0\u00bb text_text_color=\u00a0\u00bb#000000&Prime; text_font_size=\u00a0\u00bb13px\u00a0\u00bb header_2_font=\u00a0\u00bb&#8211;et_global_heading_font|600|||||||\u00a0\u00bb header_2_font_size=\u00a0\u00bb23px\u00a0\u00bb header_2_line_height=\u00a0\u00bb1.4em\u00a0\u00bb header_3_font=\u00a0\u00bb&#8211;et_global_heading_font||||||||\u00a0\u00bb header_3_text_color=\u00a0\u00bb#004D77&Prime; header_4_font=\u00a0\u00bb&#8211;et_global_heading_font|600|||||||\u00a0\u00bb header_4_text_color=\u00a0\u00bbrgba(0,0,0,0.76)\u00a0\u00bb min_height=\u00a0\u00bb104px\u00a0\u00bb custom_margin=\u00a0\u00bb8px||-36px|16px|false|false\u00a0\u00bb custom_margin_tablet=\u00a0\u00bb54px||1px|16px|false|false\u00a0\u00bb custom_margin_phone=\u00a0\u00bb|21px||33px|false|false\u00a0\u00bb custom_margin_last_edited=\u00a0\u00bbon|phone\u00a0\u00bb custom_padding=\u00a0\u00bb||0px|||\u00a0\u00bb border_color_right=\u00a0\u00bb#a3a3a3&Prime; locked=\u00a0\u00bboff\u00a0\u00bb global_colors_info=\u00a0\u00bb{}\u00a0\u00bb]<h4 data-start=\"6035\" data-end=\"6094\"><strong>Nos sp\u00e9cialistes :&nbsp;<\/strong><\/h4>\n<ul data-start=\"6096\" data-end=\"6391\">\n<li data-start=\"6096\" data-end=\"6143\">\n<p data-start=\"6098\" data-end=\"6143\"><strong><span style=\"color: #000000;\"><i>Charles Yana<\/i><\/span><\/strong><strong><span style=\"color: #000000;\"><i><\/i><\/span><\/strong><\/p>\n<\/li>\n<\/ul>[\/et_pb_text][et_pb_text _builder_version=\u00a0\u00bb4.27.8&Prime; _module_preset=\u00a0\u00bbdefault\u00a0\u00bb text_font=\u00a0\u00bb&#8211;et_global_body_font||||||||\u00a0\u00bb text_text_color=\u00a0\u00bb#000000&Prime; text_font_size=\u00a0\u00bb13px\u00a0\u00bb header_2_font=\u00a0\u00bb&#8211;et_global_heading_font|600|||||||\u00a0\u00bb header_2_font_size=\u00a0\u00bb23px\u00a0\u00bb header_2_line_height=\u00a0\u00bb1.4em\u00a0\u00bb header_3_font=\u00a0\u00bb&#8211;et_global_heading_font||||||||\u00a0\u00bb header_3_text_color=\u00a0\u00bb#004D77&Prime; header_4_font=\u00a0\u00bb&#8211;et_global_heading_font|600|||||||\u00a0\u00bb header_4_text_color=\u00a0\u00bbrgba(0,0,0,0.76)\u00a0\u00bb min_height=\u00a0\u00bb104px\u00a0\u00bb custom_margin=\u00a0\u00bb54px||1px|16px|false|false\u00a0\u00bb custom_margin_tablet=\u00a0\u00bb54px||1px|16px|false|false\u00a0\u00bb custom_margin_phone=\u00a0\u00bb|21px||33px|false|false\u00a0\u00bb custom_margin_last_edited=\u00a0\u00bbon|phone\u00a0\u00bb custom_padding=\u00a0\u00bb||0px|||\u00a0\u00bb border_color_right=\u00a0\u00bb#a3a3a3&Prime; global_colors_info=\u00a0\u00bb{}\u00a0\u00bb]<p><strong>Sources scientifiques<\/strong><\/p>\n<ul data-start=\"2075\" data-end=\"2433\">\n<li data-start=\"2075\" data-end=\"2178\">Institut National du Cancer (INCa) \u2014 Pr\u00e9sentation du programme pilote IMPULSION<\/li>\n<li data-start=\"2179\" data-end=\"2265\">\n<p data-start=\"2181\" data-end=\"2265\">Soci\u00e9t\u00e9 Fran\u00e7aise de Radiologie (SFR) et Soci\u00e9t\u00e9 d&rsquo;Imagerie Thoracique (SIT) \u2014 Lancement du pilote national de d\u00e9pistage du cancer du poumon<\/p>\n<\/li>\n<li data-start=\"2266\" data-end=\"2348\">\n<p data-start=\"2268\" data-end=\"2348\">Soci\u00e9t\u00e9 de Pneumologie de Langue Fran\u00e7aise (SPLF) \u2014 Le programme pilote national de d\u00e9pistage du cancer du poumon<\/p>\n<\/li>\n<li data-start=\"2349\" data-end=\"2433\">\n<p data-start=\"2351\" data-end=\"2433\">National Lung Screening Trial (NLST) et essai europ\u00e9en NELSON \u2014 Donn\u00e9es sur la r\u00e9duction de la mortalit\u00e9 par cancer du poumon<\/p>\n<\/li>\n<\/ul>\n<ul><\/ul>\n<p><i><em>Derni\u00e8re mise \u00e0 jour : Septembre 2026<br>Dr Charles Yana<\/em><\/i><\/p>[\/et_pb_text][\/et_pb_column][\/et_pb_row][\/et_pb_section]\n","protected":false},"excerpt":{"rendered":"<p>lung cancer screening<\/p>","protected":false},"author":4,"featured_media":6025,"parent":0,"menu_order":0,"comment_status":"closed","ping_status":"closed","template":"","meta":{"_et_pb_use_builder":"on","_et_pb_old_content":"","_et_gb_content_width":"","footnotes":""},"class_list":["post-6009","page","type-page","status-publish","has-post-thumbnail","hentry"],"yoast_head":"<!-- This site is optimized with the Yoast SEO plugin v28.4 - https:\/\/yoast.com\/product\/yoast-seo-wordpress\/ -->\n<title>IMPULSION : d\u00e9pistage pr\u00e9coce du cancer du poumon<\/title>\n<meta name=\"description\" content=\"D\u00e9pistage du cancer du poumon \u00e0 Paris avec le programme Impulsion : scanner faible dose pris en charge \u00e0 100 % et suivi expert. Prenez rendez-vous en ligne.\" \/>\n<meta name=\"robots\" content=\"index, follow, max-snippet:-1, max-image-preview:large, max-video-preview:-1\" \/>\n<link rel=\"canonical\" href=\"https:\/\/www.impc.fr\/en\/impulsion-depistage-precoce-du-cancer-du-poumon\/\" \/>\n<meta property=\"og:locale\" content=\"en_US\" \/>\n<meta property=\"og:type\" content=\"article\" \/>\n<meta property=\"og:title\" content=\"IMPULSION : d\u00e9pistage pr\u00e9coce du cancer du poumon\" \/>\n<meta property=\"og:description\" content=\"D\u00e9pistage du cancer du poumon \u00e0 Paris avec le programme Impulsion : scanner faible dose pris en charge \u00e0 100 % et suivi expert. Prenez rendez-vous en ligne.\" \/>\n<meta property=\"og:url\" content=\"https:\/\/www.impc.fr\/en\/impulsion-depistage-precoce-du-cancer-du-poumon\/\" \/>\n<meta property=\"og:site_name\" content=\"Groupe IMPC - Imagerie M\u00e9dicale\" \/>\n<meta property=\"article:modified_time\" content=\"2026-09-01T14:03:41+00:00\" \/>\n<meta property=\"og:image\" content=\"https:\/\/www.impc.fr\/wp-content\/uploads\/2026\/09\/depistage-cancer-poumon-scaled.jpg\" \/>\n\t<meta property=\"og:image:width\" content=\"2560\" \/>\n\t<meta property=\"og:image:height\" content=\"1707\" \/>\n\t<meta property=\"og:image:type\" content=\"image\/jpeg\" \/>\n<meta name=\"twitter:card\" content=\"summary_large_image\" \/>\n<meta name=\"twitter:label1\" content=\"Est. reading time\" \/>\n\t<meta name=\"twitter:data1\" content=\"6 minutes\" \/>\n<script type=\"application\/ld+json\" class=\"yoast-schema-graph\">{\"@context\":\"https:\\\/\\\/schema.org\",\"@graph\":[{\"@type\":\"WebPage\",\"@id\":\"https:\\\/\\\/www.impc.fr\\\/impulsion-depistage-precoce-du-cancer-du-poumon\\\/\",\"url\":\"https:\\\/\\\/www.impc.fr\\\/impulsion-depistage-precoce-du-cancer-du-poumon\\\/\",\"name\":\"IMPULSION : d\u00e9pistage pr\u00e9coce du cancer du poumon\",\"isPartOf\":{\"@id\":\"https:\\\/\\\/www.impc.fr\\\/#website\"},\"primaryImageOfPage\":{\"@id\":\"https:\\\/\\\/www.impc.fr\\\/impulsion-depistage-precoce-du-cancer-du-poumon\\\/#primaryimage\"},\"image\":{\"@id\":\"https:\\\/\\\/www.impc.fr\\\/impulsion-depistage-precoce-du-cancer-du-poumon\\\/#primaryimage\"},\"thumbnailUrl\":\"https:\\\/\\\/www.impc.fr\\\/wp-content\\\/uploads\\\/2026\\\/09\\\/depistage-cancer-poumon-scaled.jpg\",\"datePublished\":\"2026-09-01T14:03:39+00:00\",\"dateModified\":\"2026-09-01T14:03:41+00:00\",\"description\":\"D\u00e9pistage du cancer du poumon \u00e0 Paris avec le programme Impulsion : scanner faible dose pris en charge \u00e0 100 % et suivi expert. Prenez rendez-vous en ligne.\",\"breadcrumb\":{\"@id\":\"https:\\\/\\\/www.impc.fr\\\/impulsion-depistage-precoce-du-cancer-du-poumon\\\/#breadcrumb\"},\"inLanguage\":\"en-US\",\"potentialAction\":[{\"@type\":\"ReadAction\",\"target\":[\"https:\\\/\\\/www.impc.fr\\\/impulsion-depistage-precoce-du-cancer-du-poumon\\\/\"]}]},{\"@type\":\"ImageObject\",\"inLanguage\":\"en-US\",\"@id\":\"https:\\\/\\\/www.impc.fr\\\/impulsion-depistage-precoce-du-cancer-du-poumon\\\/#primaryimage\",\"url\":\"https:\\\/\\\/www.impc.fr\\\/wp-content\\\/uploads\\\/2026\\\/09\\\/depistage-cancer-poumon-scaled.jpg\",\"contentUrl\":\"https:\\\/\\\/www.impc.fr\\\/wp-content\\\/uploads\\\/2026\\\/09\\\/depistage-cancer-poumon-scaled.jpg\",\"width\":2560,\"height\":1707,\"caption\":\"Making diagnosis a team task. Doctors looking at patient's x-ray.\"},{\"@type\":\"BreadcrumbList\",\"@id\":\"https:\\\/\\\/www.impc.fr\\\/impulsion-depistage-precoce-du-cancer-du-poumon\\\/#breadcrumb\",\"itemListElement\":[{\"@type\":\"ListItem\",\"position\":1,\"name\":\"Home\",\"item\":\"https:\\\/\\\/www.impc.fr\\\/\"},{\"@type\":\"ListItem\",\"position\":2,\"name\":\"IMPULSION : d\u00e9pistage pr\u00e9coce du cancer du poumon\"}]},{\"@type\":\"WebSite\",\"@id\":\"https:\\\/\\\/www.impc.fr\\\/#website\",\"url\":\"https:\\\/\\\/www.impc.fr\\\/\",\"name\":\"Groupe IMPC - Imagerie M\u00e9dicale\",\"description\":\"Centre de radiologie sur Paris\",\"publisher\":{\"@id\":\"https:\\\/\\\/www.impc.fr\\\/#organization\"},\"potentialAction\":[{\"@type\":\"SearchAction\",\"target\":{\"@type\":\"EntryPoint\",\"urlTemplate\":\"https:\\\/\\\/www.impc.fr\\\/?s={search_term_string}\"},\"query-input\":{\"@type\":\"PropertyValueSpecification\",\"valueRequired\":true,\"valueName\":\"search_term_string\"}}],\"inLanguage\":\"en-US\"},{\"@type\":\"Organization\",\"@id\":\"https:\\\/\\\/www.impc.fr\\\/#organization\",\"name\":\"Imagerie M\u00e9dicale Paris\",\"url\":\"https:\\\/\\\/www.impc.fr\\\/\",\"logo\":{\"@type\":\"ImageObject\",\"inLanguage\":\"en-US\",\"@id\":\"https:\\\/\\\/www.impc.fr\\\/#\\\/schema\\\/logo\\\/image\\\/\",\"url\":\"https:\\\/\\\/www.impc.fr\\\/wp-content\\\/uploads\\\/2018\\\/05\\\/IMPClogo.png\",\"contentUrl\":\"https:\\\/\\\/www.impc.fr\\\/wp-content\\\/uploads\\\/2018\\\/05\\\/IMPClogo.png\",\"width\":203,\"height\":186,\"caption\":\"Imagerie M\u00e9dicale Paris\"},\"image\":{\"@id\":\"https:\\\/\\\/www.impc.fr\\\/#\\\/schema\\\/logo\\\/image\\\/\"}}]}<\/script>\n<!-- \/ Yoast SEO plugin. -->","yoast_head_json":{"title":"IMPULSION : d\u00e9pistage pr\u00e9coce du cancer du poumon","description":"D\u00e9pistage du cancer du poumon \u00e0 Paris avec le programme Impulsion : scanner faible dose pris en charge \u00e0 100 % et suivi expert. Prenez rendez-vous en ligne.","robots":{"index":"index","follow":"follow","max-snippet":"max-snippet:-1","max-image-preview":"max-image-preview:large","max-video-preview":"max-video-preview:-1"},"canonical":"https:\/\/www.impc.fr\/en\/impulsion-depistage-precoce-du-cancer-du-poumon\/","og_locale":"en_US","og_type":"article","og_title":"IMPULSION : d\u00e9pistage pr\u00e9coce du cancer du poumon","og_description":"D\u00e9pistage du cancer du poumon \u00e0 Paris avec le programme Impulsion : scanner faible dose pris en charge \u00e0 100 % et suivi expert. Prenez rendez-vous en ligne.","og_url":"https:\/\/www.impc.fr\/en\/impulsion-depistage-precoce-du-cancer-du-poumon\/","og_site_name":"Groupe IMPC - Imagerie M\u00e9dicale","article_modified_time":"2026-09-01T14:03:41+00:00","og_image":[{"width":2560,"height":1707,"url":"https:\/\/www.impc.fr\/wp-content\/uploads\/2026\/09\/depistage-cancer-poumon-scaled.jpg","type":"image\/jpeg"}],"twitter_card":"summary_large_image","twitter_misc":{"Est. reading time":"6 minutes"},"schema":{"@context":"https:\/\/schema.org","@graph":[{"@type":"WebPage","@id":"https:\/\/www.impc.fr\/impulsion-depistage-precoce-du-cancer-du-poumon\/","url":"https:\/\/www.impc.fr\/impulsion-depistage-precoce-du-cancer-du-poumon\/","name":"IMPULSION : d\u00e9pistage pr\u00e9coce du cancer du poumon","isPartOf":{"@id":"https:\/\/www.impc.fr\/#website"},"primaryImageOfPage":{"@id":"https:\/\/www.impc.fr\/impulsion-depistage-precoce-du-cancer-du-poumon\/#primaryimage"},"image":{"@id":"https:\/\/www.impc.fr\/impulsion-depistage-precoce-du-cancer-du-poumon\/#primaryimage"},"thumbnailUrl":"https:\/\/www.impc.fr\/wp-content\/uploads\/2026\/09\/depistage-cancer-poumon-scaled.jpg","datePublished":"2026-09-01T14:03:39+00:00","dateModified":"2026-09-01T14:03:41+00:00","description":"D\u00e9pistage du cancer du poumon \u00e0 Paris avec le programme Impulsion : scanner faible dose pris en charge \u00e0 100 % et suivi expert. Prenez rendez-vous en ligne.","breadcrumb":{"@id":"https:\/\/www.impc.fr\/impulsion-depistage-precoce-du-cancer-du-poumon\/#breadcrumb"},"inLanguage":"en-US","potentialAction":[{"@type":"ReadAction","target":["https:\/\/www.impc.fr\/impulsion-depistage-precoce-du-cancer-du-poumon\/"]}]},{"@type":"ImageObject","inLanguage":"en-US","@id":"https:\/\/www.impc.fr\/impulsion-depistage-precoce-du-cancer-du-poumon\/#primaryimage","url":"https:\/\/www.impc.fr\/wp-content\/uploads\/2026\/09\/depistage-cancer-poumon-scaled.jpg","contentUrl":"https:\/\/www.impc.fr\/wp-content\/uploads\/2026\/09\/depistage-cancer-poumon-scaled.jpg","width":2560,"height":1707,"caption":"Making diagnosis a team task. Doctors looking at patient's x-ray."},{"@type":"BreadcrumbList","@id":"https:\/\/www.impc.fr\/impulsion-depistage-precoce-du-cancer-du-poumon\/#breadcrumb","itemListElement":[{"@type":"ListItem","position":1,"name":"Home","item":"https:\/\/www.impc.fr\/"},{"@type":"ListItem","position":2,"name":"IMPULSION : d\u00e9pistage pr\u00e9coce du cancer du poumon"}]},{"@type":"WebSite","@id":"https:\/\/www.impc.fr\/#website","url":"https:\/\/www.impc.fr\/","name":"Groupe IMPC - Imagerie M\u00e9dicale","description":"Centre de radiologie sur Paris","publisher":{"@id":"https:\/\/www.impc.fr\/#organization"},"potentialAction":[{"@type":"SearchAction","target":{"@type":"EntryPoint","urlTemplate":"https:\/\/www.impc.fr\/?s={search_term_string}"},"query-input":{"@type":"PropertyValueSpecification","valueRequired":true,"valueName":"search_term_string"}}],"inLanguage":"en-US"},{"@type":"Organization","@id":"https:\/\/www.impc.fr\/#organization","name":"Medical Imaging Paris","url":"https:\/\/www.impc.fr\/","logo":{"@type":"ImageObject","inLanguage":"en-US","@id":"https:\/\/www.impc.fr\/#\/schema\/logo\/image\/","url":"https:\/\/www.impc.fr\/wp-content\/uploads\/2018\/05\/IMPClogo.png","contentUrl":"https:\/\/www.impc.fr\/wp-content\/uploads\/2018\/05\/IMPClogo.png","width":203,"height":186,"caption":"Imagerie M\u00e9dicale Paris"},"image":{"@id":"https:\/\/www.impc.fr\/#\/schema\/logo\/image\/"}}]}},"_links":{"self":[{"href":"https:\/\/www.impc.fr\/en\/wp-json\/wp\/v2\/pages\/6009","targetHints":{"allow":["GET"]}}],"collection":[{"href":"https:\/\/www.impc.fr\/en\/wp-json\/wp\/v2\/pages"}],"about":[{"href":"https:\/\/www.impc.fr\/en\/wp-json\/wp\/v2\/types\/page"}],"author":[{"embeddable":true,"href":"https:\/\/www.impc.fr\/en\/wp-json\/wp\/v2\/users\/4"}],"replies":[{"embeddable":true,"href":"https:\/\/www.impc.fr\/en\/wp-json\/wp\/v2\/comments?post=6009"}],"version-history":[{"count":11,"href":"https:\/\/www.impc.fr\/en\/wp-json\/wp\/v2\/pages\/6009\/revisions"}],"predecessor-version":[{"id":6033,"href":"https:\/\/www.impc.fr\/en\/wp-json\/wp\/v2\/pages\/6009\/revisions\/6033"}],"wp:featuredmedia":[{"embeddable":true,"href":"https:\/\/www.impc.fr\/en\/wp-json\/wp\/v2\/media\/6025"}],"wp:attachment":[{"href":"https:\/\/www.impc.fr\/en\/wp-json\/wp\/v2\/media?parent=6009"}],"curies":[{"name":"wp","href":"https:\/\/api.w.org\/{rel}","templated":true}]}}